{"id":5376,"date":"2021-09-06T14:36:07","date_gmt":"2021-09-06T12:36:07","guid":{"rendered":"https:\/\/wp.beilstein-mosel.de\/?post_type=place&#038;p=5376"},"modified":"2026-04-02T20:28:14","modified_gmt":"2026-04-02T18:28:14","slug":"fuerst-metternich-stuben","status":"publish","type":"place","link":"https:\/\/beilstein-mosel.de\/nl\/platz\/fuerst-metternich-stuben\/","title":{"rendered":"Panoramaterrasse F\u00fcrst Metternich"},"content":{"rendered":"<p>\u00dcber dem reizvollen Mosel\u00f6rtchen Beilstein steht, umgeben von Rebenh\u00e4ngen, die Burg Metternich mit der weitl\u00e4ufigen Panoramaterrasse F\u00fcrst Metternich. Sie erleben einen traumhaft sch\u00f6nen Blick ins Moseltal. Hier servieren wir Ihnen Eis, Kaffee, eine kleine Auswahl an Kuchen, sowie deftige Speisen und erlesene Moselweine.<br \/>Mit allen Sinnen genie\u00dfen \u2013 hier ist es m\u00f6glich<\/p>\n<p>Die Burgk\u00fcche ist Dienstag &#8211; Sonntag von 11:30 &#8211; 17:00 Uhr ge\u00f6ffnet.<\/p>\n<p>Das Burggel\u00e4nde, sowie die Panoramaterrasse sind vom 01.04. &#8211; 31.10.2026 Dienstag &#8211; Sonntag von 10:00 &#8211; 18:00 Uhr ge\u00f6ffnet (letzter Einlass 17:30 Uhr)<\/p>\n<p>Montag Ruhetag (au\u00dfer Ostermontag und Pfingstmontag)<\/p>\n<p><strong>Burgeintrittspreise:<\/strong><\/p>\n<p>Erwachsene\u00a0 \u00a0 \u00a0 \u00a0 \u00a0 \u00a0 \u00a0 \u00a0 \u00a0 \u00a0 \u00a0 \u00a0 \u00a0 \u00a0 \u00a0 \u00a0 3,00\u20ac pro Person<\/p>\n<p>Gruppen ab 10 Personen\u00a0 \u00a0 \u00a0 \u00a0 \u00a02,50\u20ac pro Person<\/p>\n<p>Kinder ab 7 Jahren\u00a0 \u00a0 \u00a0 \u00a0 \u00a0 \u00a0 \u00a0 \u00a0 \u00a0 \u00a0 1,00\u20ac pro Person<\/p>","protected":false},"excerpt":{"rendered":"<p>\u00dcber dem reizvollen Mosel\u00f6rtchen Beilstein steht, umgeben von Rebenh\u00e4ngen, die Burg Metternich mit der weitl\u00e4ufigen Panoramaterrasse F\u00fcrst Metternich. Sie erleben einen traumhaft sch\u00f6nen Blick ins Moseltal. Hier servieren wir Ihnen Eis, Kaffee, eine kleine Auswahl an Kuchen, sowie deftige Speisen und erlesene Moselweine.Mit allen Sinnen genie\u00dfen \u2013 hier ist es m\u00f6glich Die Burgk\u00fcche ist Dienstag [&hellip;]<\/p>\n","protected":false},"author":5,"featured_media":6094,"menu_order":0,"comment_status":"open","ping_status":"closed","template":"","place-type":[233,143,165],"place-categories":[285,257],"place-amenities":[],"place-city":[176],"place-neighborhood":[194],"class_list":["post-5376","place","type-place","status-publish","has-post-thumbnail","hentry","place-type-bistro","place-type-cafe","place-type-restaurants","place-categories-cafe","place-categories-essen-trinken","place-city-beilstein","place-neighborhood-rheinland-pfalz"],"featured_media_url":"https:\/\/beilstein-mosel.de\/wp-content\/uploads\/2021\/09\/Burg-Metternich-1.jpg","golo-place_price_short":"","golo-place_price_unit":"d","golo-place_price_range":"0","golo-place_booking_type":"info","golo-place_booking":"","golo-place_booking_site":"","golo-place_booking_2":"","golo-place_booking_site_2":"","golo-place_booking_banner":{"id":"0","url":""},"golo-place_booking_banner_url":"https:\/\/www.getyourguide.com\/","golo-place_booking_form":"","golo-booking_form_title":"","golo-booking_form_description":"","golo-booking_form_image":{"id":"","url":""},"golo-place_phone":"0267393639","golo-place_phone2":"","golo-place_email":"info@hotel-burgfrieden.de","golo-place_website":"www.burgmetternich.de\/burg-metternich\/","golo-place_identity":"2052","golo-google_review_placeid":"","golo-place_facebook":"https:\/\/www.facebook.com\/burgmetternich\/","golo-place_instagram":"https:\/\/www.instagram.com\/hotel_burgfrieden","golo-place_twitter":"","golo-additional_detail":"1","golo-additional_detail_icon":[""],"golo-additional_detail_name":"","golo-additional_detail_url":[""],"golo-opening_monday":"Montag","golo-opening_monday_time":"Geschlossen","golo-monday_allday":"0","golo-opening_tuesday":"Dienstag","golo-opening_tuesday_time":"10:00 - 18:00 (17:30 letzter Einlass)","golo-tuesday_allday":"0","golo-opening_wednesday":"Mittwoch","golo-opening_wednesday_time":"10:00 - 18:00 (17:30 letzter Einlass)","golo-wednesday_allday":"0","golo-opening_thursday":"Donnerstag","golo-opening_thursday_time":"10:00 - 18:00 (17:30 letzter Einlass)","golo-thursday_allday":"0","golo-opening_friday":"Freitag","golo-opening_friday_time":"10:00 - 18:00 (17:30 letzter Einlass)","golo-friday_allday":"0","golo-opening_saturday":"Samstag","golo-opening_saturday_time":"10:00 - 18:00 (17:30 letzter Einlass)","golo-saturday_allday":"0","golo-opening_sunday":"Sonntag","golo-opening_sunday_time":"10:00 - 18:00 (17:30 letzter Einlass)","golo-sunday_allday":"0","golo-yelp_review":"1","golo-yelp_review_title":[""],"golo-yelp_review_type":[""],"golo-place_views_count":"4995","golo-menu_enable":"1","golo-menu_types":"1","golo-menu_types_name":[""],"golo-menu_tab":[{"golo-menu_title":"Michaela Herzer","golo-menu_price":"","golo-menu_item_type":"","golo-menu_description":"","golo-menu_service":"","golo-menu_image":{"id":"0","url":""}}],"golo-place_address":"Im M\u00fchlental, Beilstein, Deutschland","golo-place_zip":"","golo-place_timezone":"Europe\/Berlin","golo-place_location":{"location":"50.10870701086049,7.239652216907584","address":"Im M\u00fchlental, Beilstein, Deutschland","timezone":"Europe\/Berlin"},"golo-place_featured":"0","golo-place_logged":"0","golo-place_images":["https:\/\/beilstein-mosel.de\/wp-content\/uploads\/2021\/09\/Burg-Metternich.jpg","https:\/\/beilstein-mosel.de\/wp-content\/uploads\/2021\/09\/5V4A1503a.jpg","https:\/\/beilstein-mosel.de\/wp-content\/uploads\/2021\/09\/Terrasse-Grillabend.jpg","https:\/\/beilstein-mosel.de\/wp-content\/uploads\/2021\/09\/Aussicht-Terrasse.jpg","https:\/\/beilstein-mosel.de\/wp-content\/uploads\/2021\/09\/L7A4123a.jpg"],"golo-place_video_url":"https:\/\/www.youtube.com\/watch?v=A_8EPTwgEIM&t=14s","golo-place_video_image":"","golo-faqs_enable":"1","golo-faqs_tab":[{"golo-faqs_title":"Haustiere?","golo-faqs_description":"Haustiere erlaubt"}],"golo-booking_item_name":"","golo-booking_item_id":"","golo-booking_item_author":"","golo-booking_adults":"","golo-booking_childrens":"","golo-booking_date":"","golo-booking_time":"","golo-place_coupon":"","golo-package_free":"","golo-package_price":"","golo-package_unlimited_time":"","golo-package_time_unit":"","golo-package_period":"","golo-package_unlimited_listing":"","golo-package_number_listings":"","golo-package_number_featured":"","golo-package_order_display":"","golo-package_featured":"","golo-package_visible":"","golo-package_extra_featured":"","golo-email_template_framework_type":"","golo-place_rating":"","golo-review_count":0,"_links":{"self":[{"href":"https:\/\/beilstein-mosel.de\/nl\/wp-json\/wp\/v2\/place\/5376","targetHints":{"allow":["GET"]}}],"collection":[{"href":"https:\/\/beilstein-mosel.de\/nl\/wp-json\/wp\/v2\/place"}],"about":[{"href":"https:\/\/beilstein-mosel.de\/nl\/wp-json\/wp\/v2\/types\/place"}],"author":[{"embeddable":true,"href":"https:\/\/beilstein-mosel.de\/nl\/wp-json\/wp\/v2\/users\/5"}],"replies":[{"embeddable":true,"href":"https:\/\/beilstein-mosel.de\/nl\/wp-json\/wp\/v2\/comments?post=5376"}],"version-history":[{"count":5,"href":"https:\/\/beilstein-mosel.de\/nl\/wp-json\/wp\/v2\/place\/5376\/revisions"}],"predecessor-version":[{"id":7048,"href":"https:\/\/beilstein-mosel.de\/nl\/wp-json\/wp\/v2\/place\/5376\/revisions\/7048"}],"wp:featuredmedia":[{"embeddable":true,"href":"https:\/\/beilstein-mosel.de\/nl\/wp-json\/wp\/v2\/media\/6094"}],"wp:attachment":[{"href":"https:\/\/beilstein-mosel.de\/nl\/wp-json\/wp\/v2\/media?parent=5376"}],"wp:term":[{"taxonomy":"place-type","embeddable":true,"href":"https:\/\/beilstein-mosel.de\/nl\/wp-json\/wp\/v2\/place-type?post=5376"},{"taxonomy":"place-categories","embeddable":true,"href":"https:\/\/beilstein-mosel.de\/nl\/wp-json\/wp\/v2\/place-categories?post=5376"},{"taxonomy":"place-amenities","embeddable":true,"href":"https:\/\/beilstein-mosel.de\/nl\/wp-json\/wp\/v2\/place-amenities?post=5376"},{"taxonomy":"place-city","embeddable":true,"href":"https:\/\/beilstein-mosel.de\/nl\/wp-json\/wp\/v2\/place-city?post=5376"},{"taxonomy":"place-neighborhood","embeddable":true,"href":"https:\/\/beilstein-mosel.de\/nl\/wp-json\/wp\/v2\/place-neighborhood?post=5376"}],"curies":[{"name":"wp","href":"https:\/\/api.w.org\/{rel}","templated":true}]}}