{"id":2517,"date":"2019-11-22T04:11:25","date_gmt":"2019-11-22T03:11:25","guid":{"rendered":"https:\/\/wp-test.getgolo.com\/?page_id=2517"},"modified":"2021-09-26T18:28:59","modified_gmt":"2021-09-26T16:28:59","slug":"geschichte","status":"publish","type":"page","link":"https:\/\/beilstein-mosel.de\/nl\/geschichte\/","title":{"rendered":"Geschiedenis"},"content":{"rendered":"\t\t<div data-elementor-type=\"wp-page\" data-elementor-id=\"2517\" class=\"elementor elementor-2517\" data-elementor-post-type=\"page\">\n\t\t\t\t\t\t<section class=\"elementor-section elementor-top-section elementor-element elementor-element-7a633d5f elementor-section-full_width elementor-section-stretched elementor-section-height-min-height elementor-section-height-default elementor-section-items-middle elementor-section-content-align-center elementor-section-column-vertical-align-stretch\" data-id=\"7a633d5f\" data-element_type=\"section\" data-e-type=\"section\" data-settings=\"{&quot;background_background&quot;:&quot;slideshow&quot;,&quot;background_motion_fx_blur_level&quot;:{&quot;unit&quot;:&quot;px&quot;,&quot;size&quot;:8,&quot;sizes&quot;:[]},&quot;background_motion_fx_blur_range&quot;:{&quot;unit&quot;:&quot;%&quot;,&quot;size&quot;:&quot;&quot;,&quot;sizes&quot;:{&quot;start&quot;:54,&quot;end&quot;:87}},&quot;background_motion_fx_blur_effect&quot;:&quot;yes&quot;,&quot;stretch_section&quot;:&quot;section-stretched&quot;,&quot;background_slideshow_gallery&quot;:[{&quot;id&quot;:5532,&quot;url&quot;:&quot;https:\\\/\\\/beilstein-mosel.de\\\/wp-content\\\/uploads\\\/2021\\\/09\\\/beilstein_0014-1600.jpg&quot;},{&quot;id&quot;:5533,&quot;url&quot;:&quot;https:\\\/\\\/beilstein-mosel.de\\\/wp-content\\\/uploads\\\/2021\\\/09\\\/beilstein_0008-1600.jpg&quot;},{&quot;id&quot;:5534,&quot;url&quot;:&quot;https:\\\/\\\/beilstein-mosel.de\\\/wp-content\\\/uploads\\\/2021\\\/09\\\/beilstein_0002-1600.jpg&quot;}],&quot;background_slideshow_loop&quot;:&quot;yes&quot;,&quot;background_slideshow_slide_duration&quot;:5000,&quot;background_slideshow_slide_transition&quot;:&quot;fade&quot;,&quot;background_slideshow_transition_duration&quot;:500,&quot;background_motion_fx_blur_direction&quot;:&quot;out-in&quot;,&quot;background_motion_fx_devices&quot;:[&quot;desktop&quot;,&quot;tablet&quot;,&quot;mobile&quot;]}\">\n\t\t\t\t\t\t\t<div class=\"elementor-background-overlay\"><\/div>\n\t\t\t\t\t\t\t<div class=\"elementor-container elementor-column-gap-no\">\n\t\t\t\t\t<div class=\"elementor-column elementor-col-100 elementor-top-column elementor-element elementor-element-75993f43\" data-id=\"75993f43\" data-element_type=\"column\" data-e-type=\"column\">\n\t\t\t<div class=\"elementor-widget-wrap elementor-element-populated\">\n\t\t\t\t\t\t<div class=\"elementor-element elementor-element-701800dd elementor-widget elementor-widget-heading\" data-id=\"701800dd\" data-element_type=\"widget\" data-e-type=\"widget\" data-widget_type=\"heading.default\">\n\t\t\t\t<div class=\"elementor-widget-container\">\n\t\t\t\t\t<h1 class=\"elementor-heading-title elementor-size-default\">Geschichte<\/h1>\t\t\t\t<\/div>\n\t\t\t\t<\/div>\n\t\t\t\t\t<\/div>\n\t\t<\/div>\n\t\t\t\t\t<\/div>\n\t\t<\/section>\n\t\t\t\t<section class=\"elementor-section elementor-top-section elementor-element elementor-element-3ea53eb3 elementor-section-stretched elementor-section-boxed elementor-section-gap-beside-yes elementor-section-height-default elementor-section-height-default elementor-section-content-align-center elementor-section-column-vertical-align-stretch\" data-id=\"3ea53eb3\" data-element_type=\"section\" data-e-type=\"section\" data-settings=\"{&quot;background_background&quot;:&quot;classic&quot;,&quot;stretch_section&quot;:&quot;section-stretched&quot;}\">\n\t\t\t\t\t\t<div class=\"elementor-container elementor-column-gap-extended\">\n\t\t\t\t\t<div class=\"elementor-column elementor-col-100 elementor-top-column elementor-element elementor-element-6e087fd9\" data-id=\"6e087fd9\" data-element_type=\"column\" data-e-type=\"column\">\n\t\t\t<div class=\"elementor-widget-wrap elementor-element-populated\">\n\t\t\t\t\t\t<div class=\"elementor-element elementor-element-43828818 elementor-widget elementor-widget-heading\" data-id=\"43828818\" data-element_type=\"widget\" data-e-type=\"widget\" data-widget_type=\"heading.default\">\n\t\t\t\t<div class=\"elementor-widget-container\">\n\t\t\t\t\t<h2 class=\"elementor-heading-title elementor-size-default\">Kleiner Ausflug in die Geschichte<\/h2>\t\t\t\t<\/div>\n\t\t\t\t<\/div>\n\t\t\t\t<div class=\"elementor-element elementor-element-eb55310 elementor-widget elementor-widget-text-editor\" data-id=\"eb55310\" data-element_type=\"widget\" data-e-type=\"widget\" data-widget_type=\"text-editor.default\">\n\t\t\t\t<div class=\"elementor-widget-container\">\n\t\t\t\t\t\t\t\t\t<p>Arch\u00e4ologische Bodenfunde weisen auf eine Besiedlung des Burgberges schon zur r\u00f6mischen Zeit hin. 1910 fand der Beilsteiner Winzer Josef Rengel \u00f6stlich der Burg einen Steinsarkophag aus fr\u00e4nkischen Zeit (etwa 5.-8.Jahrhundert).. 1268 wurde Beilstein Lehensbesitz des ersten Herrschergeschlechtes auf Beilstein &#8211; den Herren von Braunshorn, die 1362 durch Tod des letzten m\u00e4nnlichen Braunshorn in der Manneslinie ausstarben.<\/p>\t\t\t\t\t\t\t\t<\/div>\n\t\t\t\t<\/div>\n\t\t\t\t<div class=\"elementor-element elementor-element-521b0b2 elementor-widget elementor-widget-golo-timeline\" data-id=\"521b0b2\" data-element_type=\"widget\" data-e-type=\"widget\" data-widget_type=\"golo-timeline.default\">\n\t\t\t\t<div class=\"elementor-widget-container\">\n\t\t\t\t\t\t\t<div class=\"golo-timeline style-01\">\r\n\t\t\t<div class=\"timeline-line\"><\/div>\r\n\t\t\t\t\t\t\t<div class=\"timeline-list golo-entrance-animation-queue\">\r\n\t\t\t\t\t\t\t\t\t\t\t<div class=\"timeline-item item\">\r\n\t\t\t\t\t\t\t<div class=\"timeline-dot\"><\/div>\r\n\r\n\t\t\t\t\t\t\t<div class=\"content-wrap\">\r\n\t\t\t\t\t\t\t\t<div class=\"content-header\">\r\n\t\t\t\t\t\t\t\t\t<div class=\"content-inner\">\r\n\t\t\t\t\t\t\t\t\t\t\r\n\t\t\t\t\t\t\t\t\t\t<div class=\"golo-image image\">\r\n\t\t\t\t\t\t\t\t\t\t\t\t\t\t\t\t\t\t\t\t\t<\/div>\r\n\t\t\t\t\t\t\t\t\t<\/div>\r\n\t\t\t\t\t\t\t\t<\/div>\r\n\r\n\t\t\t\t\t\t\t\t<div class=\"content-main\">\r\n\t\t\t\t\t\t\t\t\t<div class=\"content-inner\">\r\n\t\t\t\t\t\t\t\t\t\t\t\t\t\t\t\t\t\t\t\t\t\t\t\t\t\t\t\t\t\t\t\t<div class=\"timeline-date\">\r\n\t\t\t\t\t\t\t\t\t\t\t\t<div\r\n\t\t\t\t\t\t\t\t\t\t\t\t\tclass=\"timeline-date--month\">okt<\/div>\r\n\t\t\t\t\t\t\t\t\t\t\t\t<div class=\"timeline-date--year\">1316<\/div>\r\n\t\t\t\t\t\t\t\t\t\t\t<\/div>\r\n\t\t\t\t\t\t\t\t\t\t\r\n\t\t\t\t\t\t\t\t\t\t\t\t\t\t\t\t\t\t\t\t\t<div class=\"description\">\r\n\t\t\t\t\t\t\t\t\t\t\t\t<p>Verleihung des Marktrechtes an die Stadt Beilstein durch den damaligen K\u00f6nig Ludwig IV, den Bayern.<\/p>\t\t\t\t\t\t\t\t\t\t\t<\/div>\r\n\t\t\t\t\t\t\t\t\t\t\t\t\t\t\t\t\t\t\t<\/div>\r\n\t\t\t\t\t\t\t\t<\/div>\r\n\t\t\t\t\t\t\t<\/div>\r\n\t\t\t\t\t\t<\/div>\r\n\t\t\t\t\t\t\t\t\t\t\t<div class=\"timeline-item item\">\r\n\t\t\t\t\t\t\t<div class=\"timeline-dot\"><\/div>\r\n\r\n\t\t\t\t\t\t\t<div class=\"content-wrap\">\r\n\t\t\t\t\t\t\t\t<div class=\"content-header\">\r\n\t\t\t\t\t\t\t\t\t<div class=\"content-inner\">\r\n\t\t\t\t\t\t\t\t\t\t\r\n\t\t\t\t\t\t\t\t\t\t<div class=\"golo-image image\">\r\n\t\t\t\t\t\t\t\t\t\t\t\t\t\t\t\t\t\t\t\t\t<\/div>\r\n\t\t\t\t\t\t\t\t\t<\/div>\r\n\t\t\t\t\t\t\t\t<\/div>\r\n\r\n\t\t\t\t\t\t\t\t<div class=\"content-main\">\r\n\t\t\t\t\t\t\t\t\t<div class=\"content-inner\">\r\n\t\t\t\t\t\t\t\t\t\t\t\t\t\t\t\t\t\t\t\t\t\t\t\t\t\t\t\t\t\t\t\t<div class=\"timeline-date\">\r\n\t\t\t\t\t\t\t\t\t\t\t\t<div\r\n\t\t\t\t\t\t\t\t\t\t\t\t\tclass=\"timeline-date--month\">sep<\/div>\r\n\t\t\t\t\t\t\t\t\t\t\t\t<div class=\"timeline-date--year\">1322<\/div>\r\n\t\t\t\t\t\t\t\t\t\t\t<\/div>\r\n\t\t\t\t\t\t\t\t\t\t\r\n\t\t\t\t\t\t\t\t\t\t\t\t\t\t\t\t\t\t\t\t\t<div class=\"description\">\r\n\t\t\t\t\t\t\t\t\t\t\t\t<p>Der dienst\u00e4gliche Wochenmarkt wird vom Moselufer in das Innere des Ortes verlegt, wo er sich auch heute noch befindet.<\/p>\t\t\t\t\t\t\t\t\t\t\t<\/div>\r\n\t\t\t\t\t\t\t\t\t\t\t\t\t\t\t\t\t\t\t<\/div>\r\n\t\t\t\t\t\t\t\t<\/div>\r\n\t\t\t\t\t\t\t<\/div>\r\n\t\t\t\t\t\t<\/div>\r\n\t\t\t\t\t\t\t\t\t\t\t<div class=\"timeline-item item\">\r\n\t\t\t\t\t\t\t<div class=\"timeline-dot\"><\/div>\r\n\r\n\t\t\t\t\t\t\t<div class=\"content-wrap\">\r\n\t\t\t\t\t\t\t\t<div class=\"content-header\">\r\n\t\t\t\t\t\t\t\t\t<div class=\"content-inner\">\r\n\t\t\t\t\t\t\t\t\t\t\r\n\t\t\t\t\t\t\t\t\t\t<div class=\"golo-image image\">\r\n\t\t\t\t\t\t\t\t\t\t\t\t\t\t\t\t\t\t\t\t\t<\/div>\r\n\t\t\t\t\t\t\t\t\t<\/div>\r\n\t\t\t\t\t\t\t\t<\/div>\r\n\r\n\t\t\t\t\t\t\t\t<div class=\"content-main\">\r\n\t\t\t\t\t\t\t\t\t<div class=\"content-inner\">\r\n\t\t\t\t\t\t\t\t\t\t\t\t\t\t\t\t\t\t\t\t\t\t\t\t\t\t\t\t\t\t\t\t<div class=\"timeline-date\">\r\n\t\t\t\t\t\t\t\t\t\t\t\t<div\r\n\t\t\t\t\t\t\t\t\t\t\t\t\tclass=\"timeline-date--month\">sep<\/div>\r\n\t\t\t\t\t\t\t\t\t\t\t\t<div class=\"timeline-date--year\">1347<\/div>\r\n\t\t\t\t\t\t\t\t\t\t\t<\/div>\r\n\t\t\t\t\t\t\t\t\t\t\r\n\t\t\t\t\t\t\t\t\t\t\t\t\t\t\t\t\t\t\t\t\t<div class=\"description\">\r\n\t\t\t\t\t\t\t\t\t\t\t\t<p>1347-49: Die Pest w\u00fctet in der Region, so auch in Beilstein. Den Juden wird der Ausbruch der Pest unterstellt und sie werden verfolgt. In der Folge zerf\u00e4llt die j\u00fcdische Gemeinde zwischen 1349-1390 in die Bedeutungslosigkeit.<\/p>\t\t\t\t\t\t\t\t\t\t\t<\/div>\r\n\t\t\t\t\t\t\t\t\t\t\t\t\t\t\t\t\t\t\t<\/div>\r\n\t\t\t\t\t\t\t\t<\/div>\r\n\t\t\t\t\t\t\t<\/div>\r\n\t\t\t\t\t\t<\/div>\r\n\t\t\t\t\t\t\t\t\t\t\t<div class=\"timeline-item item\">\r\n\t\t\t\t\t\t\t<div class=\"timeline-dot\"><\/div>\r\n\r\n\t\t\t\t\t\t\t<div class=\"content-wrap\">\r\n\t\t\t\t\t\t\t\t<div class=\"content-header\">\r\n\t\t\t\t\t\t\t\t\t<div class=\"content-inner\">\r\n\t\t\t\t\t\t\t\t\t\t\r\n\t\t\t\t\t\t\t\t\t\t<div class=\"golo-image image\">\r\n\t\t\t\t\t\t\t\t\t\t\t\t\t\t\t\t\t\t\t\t\t<\/div>\r\n\t\t\t\t\t\t\t\t\t<\/div>\r\n\t\t\t\t\t\t\t\t<\/div>\r\n\r\n\t\t\t\t\t\t\t\t<div class=\"content-main\">\r\n\t\t\t\t\t\t\t\t\t<div class=\"content-inner\">\r\n\t\t\t\t\t\t\t\t\t\t\t\t\t\t\t\t\t\t\t\t\t\t\t\t\t\t\t\t\t\t\t\t<div class=\"timeline-date\">\r\n\t\t\t\t\t\t\t\t\t\t\t\t<div\r\n\t\t\t\t\t\t\t\t\t\t\t\t\tclass=\"timeline-date--month\">sep<\/div>\r\n\t\t\t\t\t\t\t\t\t\t\t\t<div class=\"timeline-date--year\">1587<\/div>\r\n\t\t\t\t\t\t\t\t\t\t\t<\/div>\r\n\t\t\t\t\t\t\t\t\t\t\r\n\t\t\t\t\t\t\t\t\t\t\t\t\t\t\t\t\t\t\t\t\t<div class=\"description\">\r\n\t\t\t\t\t\t\t\t\t\t\t\t<p>Philipp I von Winneburg Beilstein stirbt. Beilstein geht an seinen Sohn Philipp II, der rund zwanzig Jahre zuvor zur Augsburger Konfession \u00fcbergetreten war. Alle Beilsteiner mussten damit zwangsweise zum protestantischen Glauben \u00fcbertreten.<\/p>\t\t\t\t\t\t\t\t\t\t\t<\/div>\r\n\t\t\t\t\t\t\t\t\t\t\t\t\t\t\t\t\t\t\t<\/div>\r\n\t\t\t\t\t\t\t\t<\/div>\r\n\t\t\t\t\t\t\t<\/div>\r\n\t\t\t\t\t\t<\/div>\r\n\t\t\t\t\t\t\t\t\t\t\t<div class=\"timeline-item item\">\r\n\t\t\t\t\t\t\t<div class=\"timeline-dot\"><\/div>\r\n\r\n\t\t\t\t\t\t\t<div class=\"content-wrap\">\r\n\t\t\t\t\t\t\t\t<div class=\"content-header\">\r\n\t\t\t\t\t\t\t\t\t<div class=\"content-inner\">\r\n\t\t\t\t\t\t\t\t\t\t\r\n\t\t\t\t\t\t\t\t\t\t<div class=\"golo-image image\">\r\n\t\t\t\t\t\t\t\t\t\t\t\t\t\t\t\t\t\t\t\t\t<\/div>\r\n\t\t\t\t\t\t\t\t\t<\/div>\r\n\t\t\t\t\t\t\t\t<\/div>\r\n\r\n\t\t\t\t\t\t\t\t<div class=\"content-main\">\r\n\t\t\t\t\t\t\t\t\t<div class=\"content-inner\">\r\n\t\t\t\t\t\t\t\t\t\t\t\t\t\t\t\t\t\t\t\t\t\t\t\t\t\t\t\t\t\t\t\t<div class=\"timeline-date\">\r\n\t\t\t\t\t\t\t\t\t\t\t\t<div\r\n\t\t\t\t\t\t\t\t\t\t\t\t\tclass=\"timeline-date--month\">sep<\/div>\r\n\t\t\t\t\t\t\t\t\t\t\t\t<div class=\"timeline-date--year\">1620<\/div>\r\n\t\t\t\t\t\t\t\t\t\t\t<\/div>\r\n\t\t\t\t\t\t\t\t\t\t\r\n\t\t\t\t\t\t\t\t\t\t\t\t\t\t\t\t\t\t\t\t\t<div class=\"description\">\r\n\t\t\t\t\t\t\t\t\t\t\t\t<p>1620-1634: W\u00e4hren des 30 J\u00e4hrigen Krieges wurde Beilstein von spanischen Truppen besetzt, die dann wieder den katholischen Glauben verordneten.<\/p>\t\t\t\t\t\t\t\t\t\t\t<\/div>\r\n\t\t\t\t\t\t\t\t\t\t\t\t\t\t\t\t\t\t\t<\/div>\r\n\t\t\t\t\t\t\t\t<\/div>\r\n\t\t\t\t\t\t\t<\/div>\r\n\t\t\t\t\t\t<\/div>\r\n\t\t\t\t\t\t\t\t\t\t\t<div class=\"timeline-item item\">\r\n\t\t\t\t\t\t\t<div class=\"timeline-dot\"><\/div>\r\n\r\n\t\t\t\t\t\t\t<div class=\"content-wrap\">\r\n\t\t\t\t\t\t\t\t<div class=\"content-header\">\r\n\t\t\t\t\t\t\t\t\t<div class=\"content-inner\">\r\n\t\t\t\t\t\t\t\t\t\t\r\n\t\t\t\t\t\t\t\t\t\t<div class=\"golo-image image\">\r\n\t\t\t\t\t\t\t\t\t\t\t\t\t\t\t\t\t\t\t\t\t<\/div>\r\n\t\t\t\t\t\t\t\t\t<\/div>\r\n\t\t\t\t\t\t\t\t<\/div>\r\n\r\n\t\t\t\t\t\t\t\t<div class=\"content-main\">\r\n\t\t\t\t\t\t\t\t\t<div class=\"content-inner\">\r\n\t\t\t\t\t\t\t\t\t\t\t\t\t\t\t\t\t\t\t\t\t\t\t\t\t\t\t\t\t\t\t\t<div class=\"timeline-date\">\r\n\t\t\t\t\t\t\t\t\t\t\t\t<div\r\n\t\t\t\t\t\t\t\t\t\t\t\t\tclass=\"timeline-date--month\">sep<\/div>\r\n\t\t\t\t\t\t\t\t\t\t\t\t<div class=\"timeline-date--year\">1634<\/div>\r\n\t\t\t\t\t\t\t\t\t\t\t<\/div>\r\n\t\t\t\t\t\t\t\t\t\t\r\n\t\t\t\t\t\t\t\t\t\t\t\t\t\t\t\t\t\t\t\t\t<div class=\"description\">\r\n\t\t\t\t\t\t\t\t\t\t\t\t<p>schwedische Truppen Gustav Adolphs besetzten Beilstein. Beilstein wird protestantisch.<\/p>\t\t\t\t\t\t\t\t\t\t\t<\/div>\r\n\t\t\t\t\t\t\t\t\t\t\t\t\t\t\t\t\t\t\t<\/div>\r\n\t\t\t\t\t\t\t\t<\/div>\r\n\t\t\t\t\t\t\t<\/div>\r\n\t\t\t\t\t\t<\/div>\r\n\t\t\t\t\t\t\t\t\t\t\t<div class=\"timeline-item item\">\r\n\t\t\t\t\t\t\t<div class=\"timeline-dot\"><\/div>\r\n\r\n\t\t\t\t\t\t\t<div class=\"content-wrap\">\r\n\t\t\t\t\t\t\t\t<div class=\"content-header\">\r\n\t\t\t\t\t\t\t\t\t<div class=\"content-inner\">\r\n\t\t\t\t\t\t\t\t\t\t\r\n\t\t\t\t\t\t\t\t\t\t<div class=\"golo-image image\">\r\n\t\t\t\t\t\t\t\t\t\t\t\t\t\t\t\t\t\t\t\t\t<\/div>\r\n\t\t\t\t\t\t\t\t\t<\/div>\r\n\t\t\t\t\t\t\t\t<\/div>\r\n\r\n\t\t\t\t\t\t\t\t<div class=\"content-main\">\r\n\t\t\t\t\t\t\t\t\t<div class=\"content-inner\">\r\n\t\t\t\t\t\t\t\t\t\t\t\t\t\t\t\t\t\t\t\t\t\t\t\t\t\t\t\t\t\t\t\t<div class=\"timeline-date\">\r\n\t\t\t\t\t\t\t\t\t\t\t\t<div\r\n\t\t\t\t\t\t\t\t\t\t\t\t\tclass=\"timeline-date--month\">sep<\/div>\r\n\t\t\t\t\t\t\t\t\t\t\t\t<div class=\"timeline-date--year\">1637<\/div>\r\n\t\t\t\t\t\t\t\t\t\t\t<\/div>\r\n\t\t\t\t\t\t\t\t\t\t\r\n\t\t\t\t\t\t\t\t\t\t\t\t\t\t\t\t\t\t\t\t\t<div class=\"description\">\r\n\t\t\t\t\t\t\t\t\t\t\t\t<p>der letzte Winnerburg-Beilsteiner Herrscher, Wilhelm stirbt ohne einen m\u00e4nnlichen Nachkommen. Das Domkapitel in Trier verlehnt \u00a0Teile Beilsteins und die dazugeh\u00f6rigen Herrschaftsgebieten an das Geschlecht derer von Metternich.<\/p>\t\t\t\t\t\t\t\t\t\t\t<\/div>\r\n\t\t\t\t\t\t\t\t\t\t\t\t\t\t\t\t\t\t\t<\/div>\r\n\t\t\t\t\t\t\t\t<\/div>\r\n\t\t\t\t\t\t\t<\/div>\r\n\t\t\t\t\t\t<\/div>\r\n\t\t\t\t\t\t\t\t\t\t\t<div class=\"timeline-item item\">\r\n\t\t\t\t\t\t\t<div class=\"timeline-dot\"><\/div>\r\n\r\n\t\t\t\t\t\t\t<div class=\"content-wrap\">\r\n\t\t\t\t\t\t\t\t<div class=\"content-header\">\r\n\t\t\t\t\t\t\t\t\t<div class=\"content-inner\">\r\n\t\t\t\t\t\t\t\t\t\t\r\n\t\t\t\t\t\t\t\t\t\t<div class=\"golo-image image\">\r\n\t\t\t\t\t\t\t\t\t\t\t\t\t\t\t\t\t\t\t\t\t<\/div>\r\n\t\t\t\t\t\t\t\t\t<\/div>\r\n\t\t\t\t\t\t\t\t<\/div>\r\n\r\n\t\t\t\t\t\t\t\t<div class=\"content-main\">\r\n\t\t\t\t\t\t\t\t\t<div class=\"content-inner\">\r\n\t\t\t\t\t\t\t\t\t\t\t\t\t\t\t\t\t\t\t\t\t\t\t\t\t\t\t\t\t\t\t\t<div class=\"timeline-date\">\r\n\t\t\t\t\t\t\t\t\t\t\t\t<div\r\n\t\t\t\t\t\t\t\t\t\t\t\t\tclass=\"timeline-date--month\">sep<\/div>\r\n\t\t\t\t\t\t\t\t\t\t\t\t<div class=\"timeline-date--year\">1638<\/div>\r\n\t\t\t\t\t\t\t\t\t\t\t<\/div>\r\n\t\t\t\t\t\t\t\t\t\t\r\n\t\t\t\t\t\t\t\t\t\t\t\t\t\t\t\t\t\t\t\t\t<div class=\"description\">\r\n\t\t\t\t\t\t\t\t\t\t\t\t<p>Die Beilsteiner wechseln abermals ihre Religionszugeh\u00f6rigkeit und werden wieder katholisch. Die Metternichs erlauben dem Armutsorden der unbeschuhten Karmeliten sich in Beilstein niederzulassen, zun\u00e4chst in einem Geb\u00e4ude am Moselufer.<\/p>\t\t\t\t\t\t\t\t\t\t\t<\/div>\r\n\t\t\t\t\t\t\t\t\t\t\t\t\t\t\t\t\t\t\t<\/div>\r\n\t\t\t\t\t\t\t\t<\/div>\r\n\t\t\t\t\t\t\t<\/div>\r\n\t\t\t\t\t\t<\/div>\r\n\t\t\t\t\t\t\t\t\t\t\t<div class=\"timeline-item item\">\r\n\t\t\t\t\t\t\t<div class=\"timeline-dot\"><\/div>\r\n\r\n\t\t\t\t\t\t\t<div class=\"content-wrap\">\r\n\t\t\t\t\t\t\t\t<div class=\"content-header\">\r\n\t\t\t\t\t\t\t\t\t<div class=\"content-inner\">\r\n\t\t\t\t\t\t\t\t\t\t\r\n\t\t\t\t\t\t\t\t\t\t<div class=\"golo-image image\">\r\n\t\t\t\t\t\t\t\t\t\t\t\t\t\t\t\t\t\t\t\t\t<\/div>\r\n\t\t\t\t\t\t\t\t\t<\/div>\r\n\t\t\t\t\t\t\t\t<\/div>\r\n\r\n\t\t\t\t\t\t\t\t<div class=\"content-main\">\r\n\t\t\t\t\t\t\t\t\t<div class=\"content-inner\">\r\n\t\t\t\t\t\t\t\t\t\t\t\t\t\t\t\t\t\t\t\t\t\t\t\t\t\t\t\t\t\t\t\t<div class=\"timeline-date\">\r\n\t\t\t\t\t\t\t\t\t\t\t\t<div\r\n\t\t\t\t\t\t\t\t\t\t\t\t\tclass=\"timeline-date--month\">sep<\/div>\r\n\t\t\t\t\t\t\t\t\t\t\t\t<div class=\"timeline-date--year\">1686<\/div>\r\n\t\t\t\t\t\t\t\t\t\t\t<\/div>\r\n\t\t\t\t\t\t\t\t\t\t\r\n\t\t\t\t\t\t\t\t\t\t\t\t\t\t\t\t\t\t\t\t\t<div class=\"description\">\r\n\t\t\t\t\t\t\t\t\t\t\t\t<p>Grundsteinlegung f\u00fcr ein neues Klostergeb\u00e4ude auf dem Rammerberg, welches 1692 bezogen wurde.<\/p>\t\t\t\t\t\t\t\t\t\t\t<\/div>\r\n\t\t\t\t\t\t\t\t\t\t\t\t\t\t\t\t\t\t\t<\/div>\r\n\t\t\t\t\t\t\t\t<\/div>\r\n\t\t\t\t\t\t\t<\/div>\r\n\t\t\t\t\t\t<\/div>\r\n\t\t\t\t\t\t\t\t\t\t\t<div class=\"timeline-item item\">\r\n\t\t\t\t\t\t\t<div class=\"timeline-dot\"><\/div>\r\n\r\n\t\t\t\t\t\t\t<div class=\"content-wrap\">\r\n\t\t\t\t\t\t\t\t<div class=\"content-header\">\r\n\t\t\t\t\t\t\t\t\t<div class=\"content-inner\">\r\n\t\t\t\t\t\t\t\t\t\t\r\n\t\t\t\t\t\t\t\t\t\t<div class=\"golo-image image\">\r\n\t\t\t\t\t\t\t\t\t\t\t\t\t\t\t\t\t\t\t\t\t<\/div>\r\n\t\t\t\t\t\t\t\t\t<\/div>\r\n\t\t\t\t\t\t\t\t<\/div>\r\n\r\n\t\t\t\t\t\t\t\t<div class=\"content-main\">\r\n\t\t\t\t\t\t\t\t\t<div class=\"content-inner\">\r\n\t\t\t\t\t\t\t\t\t\t\t\t\t\t\t\t\t\t\t\t\t\t\t\t\t\t\t\t\t\t\t\t<div class=\"timeline-date\">\r\n\t\t\t\t\t\t\t\t\t\t\t\t<div\r\n\t\t\t\t\t\t\t\t\t\t\t\t\tclass=\"timeline-date--month\">sep<\/div>\r\n\t\t\t\t\t\t\t\t\t\t\t\t<div class=\"timeline-date--year\">1688<\/div>\r\n\t\t\t\t\t\t\t\t\t\t\t<\/div>\r\n\t\t\t\t\t\t\t\t\t\t\r\n\t\t\t\t\t\t\t\t\t\t\t\t\t\t\t\t\t\t\t\t\t<div class=\"description\">\r\n\t\t\t\t\t\t\t\t\t\t\t\t<p>1688\/89\u00a0\u00a0 Zerst\u00f6rung des Beilsteiner Schlosses durch franz\u00f6sische Truppen Ludwigs des XIV unter ihrem Kommandaten Generalleutnant Graf de Montalt w\u00e4hrend \u00a0der Pf\u00e4lzischen Erbfolgekriege. Im gleichen Jahr verliert Franz Ferdinand von Metternich auch seine zweite Residenz, die Winneburg in Cochem durch franz\u00f6sische Brandschatzung und zog hernach nach Koblenz. Die Herrschaft der Metternichs \u00fcber Beilstein und seine Besitzungen bestand allerdings bis 1794 weiter.<\/p>\t\t\t\t\t\t\t\t\t\t\t<\/div>\r\n\t\t\t\t\t\t\t\t\t\t\t\t\t\t\t\t\t\t\t<\/div>\r\n\t\t\t\t\t\t\t\t<\/div>\r\n\t\t\t\t\t\t\t<\/div>\r\n\t\t\t\t\t\t<\/div>\r\n\t\t\t\t\t\t\t\t\t\t\t<div class=\"timeline-item item\">\r\n\t\t\t\t\t\t\t<div class=\"timeline-dot\"><\/div>\r\n\r\n\t\t\t\t\t\t\t<div class=\"content-wrap\">\r\n\t\t\t\t\t\t\t\t<div class=\"content-header\">\r\n\t\t\t\t\t\t\t\t\t<div class=\"content-inner\">\r\n\t\t\t\t\t\t\t\t\t\t\r\n\t\t\t\t\t\t\t\t\t\t<div class=\"golo-image image\">\r\n\t\t\t\t\t\t\t\t\t\t\t\t\t\t\t\t\t\t\t\t\t<\/div>\r\n\t\t\t\t\t\t\t\t\t<\/div>\r\n\t\t\t\t\t\t\t\t<\/div>\r\n\r\n\t\t\t\t\t\t\t\t<div class=\"content-main\">\r\n\t\t\t\t\t\t\t\t\t<div class=\"content-inner\">\r\n\t\t\t\t\t\t\t\t\t\t\t\t\t\t\t\t\t\t\t\t\t\t\t\t\t\t\t\t\t\t\t\t<div class=\"timeline-date\">\r\n\t\t\t\t\t\t\t\t\t\t\t\t<div\r\n\t\t\t\t\t\t\t\t\t\t\t\t\tclass=\"timeline-date--month\">sep<\/div>\r\n\t\t\t\t\t\t\t\t\t\t\t\t<div class=\"timeline-date--year\">1691<\/div>\r\n\t\t\t\t\t\t\t\t\t\t\t<\/div>\r\n\t\t\t\t\t\t\t\t\t\t\r\n\t\t\t\t\t\t\t\t\t\t\t\t\t\t\t\t\t\t\t\t\t<div class=\"description\">\r\n\t\t\t\t\t\t\t\t\t\t\t\t<p>Baubeginn der Klosterkirche St. Joseph. Letzte Arbeiten an der Innenbemalung und der Balthasar K\u00f6nig Orgel ziehen sich bis in die 1750er Jahre hin.<\/p>\t\t\t\t\t\t\t\t\t\t\t<\/div>\r\n\t\t\t\t\t\t\t\t\t\t\t\t\t\t\t\t\t\t\t<\/div>\r\n\t\t\t\t\t\t\t\t<\/div>\r\n\t\t\t\t\t\t\t<\/div>\r\n\t\t\t\t\t\t<\/div>\r\n\t\t\t\t\t\t\t\t\t\t\t<div class=\"timeline-item item\">\r\n\t\t\t\t\t\t\t<div class=\"timeline-dot\"><\/div>\r\n\r\n\t\t\t\t\t\t\t<div class=\"content-wrap\">\r\n\t\t\t\t\t\t\t\t<div class=\"content-header\">\r\n\t\t\t\t\t\t\t\t\t<div class=\"content-inner\">\r\n\t\t\t\t\t\t\t\t\t\t\r\n\t\t\t\t\t\t\t\t\t\t<div class=\"golo-image image\">\r\n\t\t\t\t\t\t\t\t\t\t\t\t\t\t\t\t\t\t\t\t\t<\/div>\r\n\t\t\t\t\t\t\t\t\t<\/div>\r\n\t\t\t\t\t\t\t\t<\/div>\r\n\r\n\t\t\t\t\t\t\t\t<div class=\"content-main\">\r\n\t\t\t\t\t\t\t\t\t<div class=\"content-inner\">\r\n\t\t\t\t\t\t\t\t\t\t\t\t\t\t\t\t\t\t\t\t\t\t\t\t\t\t\t\t\t\t\t\t<div class=\"timeline-date\">\r\n\t\t\t\t\t\t\t\t\t\t\t\t<div\r\n\t\t\t\t\t\t\t\t\t\t\t\t\tclass=\"timeline-date--month\">sep<\/div>\r\n\t\t\t\t\t\t\t\t\t\t\t\t<div class=\"timeline-date--year\">1732<\/div>\r\n\t\t\t\t\t\t\t\t\t\t\t<\/div>\r\n\t\t\t\t\t\t\t\t\t\t\r\n\t\t\t\t\t\t\t\t\t\t\t\t\t\t\t\t\t\t\t\t\t<div class=\"description\">\r\n\t\t\t\t\t\t\t\t\t\t\t\t<p>1732-36: Pfarrkirche auf dem Marktplatz wird unter Verwendung \u00e4lterer Geb\u00e4udeteile der Vorg\u00e4ngerkirche neu errichtet.<\/p>\t\t\t\t\t\t\t\t\t\t\t<\/div>\r\n\t\t\t\t\t\t\t\t\t\t\t\t\t\t\t\t\t\t\t<\/div>\r\n\t\t\t\t\t\t\t\t<\/div>\r\n\t\t\t\t\t\t\t<\/div>\r\n\t\t\t\t\t\t<\/div>\r\n\t\t\t\t\t\t\t\t\t\t\t<div class=\"timeline-item item\">\r\n\t\t\t\t\t\t\t<div class=\"timeline-dot\"><\/div>\r\n\r\n\t\t\t\t\t\t\t<div class=\"content-wrap\">\r\n\t\t\t\t\t\t\t\t<div class=\"content-header\">\r\n\t\t\t\t\t\t\t\t\t<div class=\"content-inner\">\r\n\t\t\t\t\t\t\t\t\t\t\r\n\t\t\t\t\t\t\t\t\t\t<div class=\"golo-image image\">\r\n\t\t\t\t\t\t\t\t\t\t\t\t\t\t\t\t\t\t\t\t\t<\/div>\r\n\t\t\t\t\t\t\t\t\t<\/div>\r\n\t\t\t\t\t\t\t\t<\/div>\r\n\r\n\t\t\t\t\t\t\t\t<div class=\"content-main\">\r\n\t\t\t\t\t\t\t\t\t<div class=\"content-inner\">\r\n\t\t\t\t\t\t\t\t\t\t\t\t\t\t\t\t\t\t\t\t\t\t\t\t\t\t\t\t\t\t\t\t<div class=\"timeline-date\">\r\n\t\t\t\t\t\t\t\t\t\t\t\t<div\r\n\t\t\t\t\t\t\t\t\t\t\t\t\tclass=\"timeline-date--month\">sep<\/div>\r\n\t\t\t\t\t\t\t\t\t\t\t\t<div class=\"timeline-date--year\">1794<\/div>\r\n\t\t\t\t\t\t\t\t\t\t\t<\/div>\r\n\t\t\t\t\t\t\t\t\t\t\r\n\t\t\t\t\t\t\t\t\t\t\t\t\t\t\t\t\t\t\t\t\t<div class=\"description\">\r\n\t\t\t\t\t\t\t\t\t\t\t\t<p>Besetzung gro\u00dfer Teile des linken Rheinlandes, somit auch Beilsteins durch franz\u00f6sische Revolutionstruppen. Dadurch Aufhebung der feudalen Machtstrukturen bzw. Verlust der Metternich\u00b4schen Besitzungen an den franz\u00f6sischen Staat. Verwaltungstechnisch wird Beilstein dem Kanton Zell, welcher zum Sarre-Departement geh\u00f6rte zugeschlagen.<\/p>\t\t\t\t\t\t\t\t\t\t\t<\/div>\r\n\t\t\t\t\t\t\t\t\t\t\t\t\t\t\t\t\t\t\t<\/div>\r\n\t\t\t\t\t\t\t\t<\/div>\r\n\t\t\t\t\t\t\t<\/div>\r\n\t\t\t\t\t\t<\/div>\r\n\t\t\t\t\t\t\t\t\t\t\t<div class=\"timeline-item item\">\r\n\t\t\t\t\t\t\t<div class=\"timeline-dot\"><\/div>\r\n\r\n\t\t\t\t\t\t\t<div class=\"content-wrap\">\r\n\t\t\t\t\t\t\t\t<div class=\"content-header\">\r\n\t\t\t\t\t\t\t\t\t<div class=\"content-inner\">\r\n\t\t\t\t\t\t\t\t\t\t\r\n\t\t\t\t\t\t\t\t\t\t<div class=\"golo-image image\">\r\n\t\t\t\t\t\t\t\t\t\t\t\t\t\t\t\t\t\t\t\t\t<\/div>\r\n\t\t\t\t\t\t\t\t\t<\/div>\r\n\t\t\t\t\t\t\t\t<\/div>\r\n\r\n\t\t\t\t\t\t\t\t<div class=\"content-main\">\r\n\t\t\t\t\t\t\t\t\t<div class=\"content-inner\">\r\n\t\t\t\t\t\t\t\t\t\t\t\t\t\t\t\t\t\t\t\t\t\t\t\t\t\t\t\t\t\t\t\t<div class=\"timeline-date\">\r\n\t\t\t\t\t\t\t\t\t\t\t\t<div\r\n\t\t\t\t\t\t\t\t\t\t\t\t\tclass=\"timeline-date--month\">sep<\/div>\r\n\t\t\t\t\t\t\t\t\t\t\t\t<div class=\"timeline-date--year\">1795<\/div>\r\n\t\t\t\t\t\t\t\t\t\t\t<\/div>\r\n\t\t\t\t\t\t\t\t\t\t\r\n\t\t\t\t\t\t\t\t\t\t\t\t\t\t\t\t\t\t\t\t\t<div class=\"description\">\r\n\t\t\t\t\t\t\t\t\t\t\t\t<p>erwirbt die Familie Lipmann vom franz\u00f6sischen Staat die ehemalige f\u00fcrstgr\u00e4fliche Kellnerei (Finanzverwaltung der Metternichs) auf dem Marktplatz \u00a0und errichtet ein Weingut mit Gasthaus\u00a0 und Ausschankbetrieb.<\/p>\t\t\t\t\t\t\t\t\t\t\t<\/div>\r\n\t\t\t\t\t\t\t\t\t\t\t\t\t\t\t\t\t\t\t<\/div>\r\n\t\t\t\t\t\t\t\t<\/div>\r\n\t\t\t\t\t\t\t<\/div>\r\n\t\t\t\t\t\t<\/div>\r\n\t\t\t\t\t\t\t\t\t\t\t<div class=\"timeline-item item\">\r\n\t\t\t\t\t\t\t<div class=\"timeline-dot\"><\/div>\r\n\r\n\t\t\t\t\t\t\t<div class=\"content-wrap\">\r\n\t\t\t\t\t\t\t\t<div class=\"content-header\">\r\n\t\t\t\t\t\t\t\t\t<div class=\"content-inner\">\r\n\t\t\t\t\t\t\t\t\t\t\r\n\t\t\t\t\t\t\t\t\t\t<div class=\"golo-image image\">\r\n\t\t\t\t\t\t\t\t\t\t\t\t\t\t\t\t\t\t\t\t\t<\/div>\r\n\t\t\t\t\t\t\t\t\t<\/div>\r\n\t\t\t\t\t\t\t\t<\/div>\r\n\r\n\t\t\t\t\t\t\t\t<div class=\"content-main\">\r\n\t\t\t\t\t\t\t\t\t<div class=\"content-inner\">\r\n\t\t\t\t\t\t\t\t\t\t\t\t\t\t\t\t\t\t\t\t\t\t\t\t\t\t\t\t\t\t\t\t<div class=\"timeline-date\">\r\n\t\t\t\t\t\t\t\t\t\t\t\t<div\r\n\t\t\t\t\t\t\t\t\t\t\t\t\tclass=\"timeline-date--month\">sep<\/div>\r\n\t\t\t\t\t\t\t\t\t\t\t\t<div class=\"timeline-date--year\">1815<\/div>\r\n\t\t\t\t\t\t\t\t\t\t\t<\/div>\r\n\t\t\t\t\t\t\t\t\t\t\r\n\t\t\t\t\t\t\t\t\t\t\t\t\t\t\t\t\t\t\t\t\t<div class=\"description\">\r\n\t\t\t\t\t\t\t\t\t\t\t\t<p>Nach der endg\u00fcltigen Niederlage Napoleons in den Jahren 1814\/15 wird unser Gebiet auf dem Wiener Kongress\u00a0 dem K\u00f6nigreich Preu\u00dfen \u00fcbertragen.<\/p>\t\t\t\t\t\t\t\t\t\t\t<\/div>\r\n\t\t\t\t\t\t\t\t\t\t\t\t\t\t\t\t\t\t\t<\/div>\r\n\t\t\t\t\t\t\t\t<\/div>\r\n\t\t\t\t\t\t\t<\/div>\r\n\t\t\t\t\t\t<\/div>\r\n\t\t\t\t\t\t\t\t\t\t\t<div class=\"timeline-item item\">\r\n\t\t\t\t\t\t\t<div class=\"timeline-dot\"><\/div>\r\n\r\n\t\t\t\t\t\t\t<div class=\"content-wrap\">\r\n\t\t\t\t\t\t\t\t<div class=\"content-header\">\r\n\t\t\t\t\t\t\t\t\t<div class=\"content-inner\">\r\n\t\t\t\t\t\t\t\t\t\t\r\n\t\t\t\t\t\t\t\t\t\t<div class=\"golo-image image\">\r\n\t\t\t\t\t\t\t\t\t\t\t\t\t\t\t\t\t\t\t\t\t<\/div>\r\n\t\t\t\t\t\t\t\t\t<\/div>\r\n\t\t\t\t\t\t\t\t<\/div>\r\n\r\n\t\t\t\t\t\t\t\t<div class=\"content-main\">\r\n\t\t\t\t\t\t\t\t\t<div class=\"content-inner\">\r\n\t\t\t\t\t\t\t\t\t\t\t\t\t\t\t\t\t\t\t\t\t\t\t\t\t\t\t\t\t\t\t\t<div class=\"timeline-date\">\r\n\t\t\t\t\t\t\t\t\t\t\t\t<div\r\n\t\t\t\t\t\t\t\t\t\t\t\t\tclass=\"timeline-date--month\">sep<\/div>\r\n\t\t\t\t\t\t\t\t\t\t\t\t<div class=\"timeline-date--year\">1815<\/div>\r\n\t\t\t\t\t\t\t\t\t\t\t<\/div>\r\n\t\t\t\t\t\t\t\t\t\t\r\n\t\t\t\t\t\t\t\t\t\t\t\t\t\t\t\t\t\t\t\t\t<div class=\"description\">\r\n\t\t\t\t\t\t\t\t\t\t\t\t<p>Die Gemeinde Beilstein\u00a0 wird als Teil der Amtsb\u00fcrgermeisterei Senheim dem Landkreis Zell zugeteilt..<\/p>\t\t\t\t\t\t\t\t\t\t\t<\/div>\r\n\t\t\t\t\t\t\t\t\t\t\t\t\t\t\t\t\t\t\t<\/div>\r\n\t\t\t\t\t\t\t\t<\/div>\r\n\t\t\t\t\t\t\t<\/div>\r\n\t\t\t\t\t\t<\/div>\r\n\t\t\t\t\t\t\t\t\t\t\t<div class=\"timeline-item item\">\r\n\t\t\t\t\t\t\t<div class=\"timeline-dot\"><\/div>\r\n\r\n\t\t\t\t\t\t\t<div class=\"content-wrap\">\r\n\t\t\t\t\t\t\t\t<div class=\"content-header\">\r\n\t\t\t\t\t\t\t\t\t<div class=\"content-inner\">\r\n\t\t\t\t\t\t\t\t\t\t\r\n\t\t\t\t\t\t\t\t\t\t<div class=\"golo-image image\">\r\n\t\t\t\t\t\t\t\t\t\t\t\t\t\t\t\t\t\t\t\t\t<\/div>\r\n\t\t\t\t\t\t\t\t\t<\/div>\r\n\t\t\t\t\t\t\t\t<\/div>\r\n\r\n\t\t\t\t\t\t\t\t<div class=\"content-main\">\r\n\t\t\t\t\t\t\t\t\t<div class=\"content-inner\">\r\n\t\t\t\t\t\t\t\t\t\t\t\t\t\t\t\t\t\t\t\t\t\t\t\t\t\t\t\t\t\t\t\t<div class=\"timeline-date\">\r\n\t\t\t\t\t\t\t\t\t\t\t\t<div\r\n\t\t\t\t\t\t\t\t\t\t\t\t\tclass=\"timeline-date--month\">sep<\/div>\r\n\t\t\t\t\t\t\t\t\t\t\t\t<div class=\"timeline-date--year\">1818<\/div>\r\n\t\t\t\t\t\t\t\t\t\t\t<\/div>\r\n\t\t\t\t\t\t\t\t\t\t\r\n\t\t\t\t\t\t\t\t\t\t\t\t\t\t\t\t\t\t\t\t\t<div class=\"description\">\r\n\t\t\t\t\t\t\t\t\t\t\t\t<p>\u00c4lteste nachweisbare Grablegung auf dem j\u00fcdischen Friedhof<\/p>\t\t\t\t\t\t\t\t\t\t\t<\/div>\r\n\t\t\t\t\t\t\t\t\t\t\t\t\t\t\t\t\t\t\t<\/div>\r\n\t\t\t\t\t\t\t\t<\/div>\r\n\t\t\t\t\t\t\t<\/div>\r\n\t\t\t\t\t\t<\/div>\r\n\t\t\t\t\t\t\t\t\t\t\t<div class=\"timeline-item item\">\r\n\t\t\t\t\t\t\t<div class=\"timeline-dot\"><\/div>\r\n\r\n\t\t\t\t\t\t\t<div class=\"content-wrap\">\r\n\t\t\t\t\t\t\t\t<div class=\"content-header\">\r\n\t\t\t\t\t\t\t\t\t<div class=\"content-inner\">\r\n\t\t\t\t\t\t\t\t\t\t\r\n\t\t\t\t\t\t\t\t\t\t<div class=\"golo-image image\">\r\n\t\t\t\t\t\t\t\t\t\t\t\t\t\t\t\t\t\t\t\t\t<\/div>\r\n\t\t\t\t\t\t\t\t\t<\/div>\r\n\t\t\t\t\t\t\t\t<\/div>\r\n\r\n\t\t\t\t\t\t\t\t<div class=\"content-main\">\r\n\t\t\t\t\t\t\t\t\t<div class=\"content-inner\">\r\n\t\t\t\t\t\t\t\t\t\t\t\t\t\t\t\t\t\t\t\t\t\t\t\t\t\t\t\t\t\t\t\t<div class=\"timeline-date\">\r\n\t\t\t\t\t\t\t\t\t\t\t\t<div\r\n\t\t\t\t\t\t\t\t\t\t\t\t\tclass=\"timeline-date--month\">sep<\/div>\r\n\t\t\t\t\t\t\t\t\t\t\t\t<div class=\"timeline-date--year\">1875<\/div>\r\n\t\t\t\t\t\t\t\t\t\t\t<\/div>\r\n\t\t\t\t\t\t\t\t\t\t\r\n\t\t\t\t\t\t\t\t\t\t\t\t\t\t\t\t\t\t\t\t\t<div class=\"description\">\r\n\t\t\t\t\t\t\t\t\t\t\t\t<p>Bau des Rittersaales und der Moselterrasse durch Daniel Lipmann auf dem Grund des ehemaligen christlichen Friedhofes am Moselufer.<\/p><p>Um 1880 Gro\u00dfer Brand an der moselseitigen H\u00e4userfront, sechs H\u00e4user wurden dabei zerst\u00f6rt und durch Neubauten ersetzt.<\/p><p>Um 1890: Befestigung und teilweise Erh\u00f6hung der Moseluferstra\u00dfe<\/p><p>Um 1910: Beilstein erh\u00e4lt Anschluss an das Telefonnetz, Stromanschluss erst in den 1920er Jahren.<\/p>\t\t\t\t\t\t\t\t\t\t\t<\/div>\r\n\t\t\t\t\t\t\t\t\t\t\t\t\t\t\t\t\t\t\t<\/div>\r\n\t\t\t\t\t\t\t\t<\/div>\r\n\t\t\t\t\t\t\t<\/div>\r\n\t\t\t\t\t\t<\/div>\r\n\t\t\t\t\t\t\t\t\t\t\t<div class=\"timeline-item item\">\r\n\t\t\t\t\t\t\t<div class=\"timeline-dot\"><\/div>\r\n\r\n\t\t\t\t\t\t\t<div class=\"content-wrap\">\r\n\t\t\t\t\t\t\t\t<div class=\"content-header\">\r\n\t\t\t\t\t\t\t\t\t<div class=\"content-inner\">\r\n\t\t\t\t\t\t\t\t\t\t\r\n\t\t\t\t\t\t\t\t\t\t<div class=\"golo-image image\">\r\n\t\t\t\t\t\t\t\t\t\t\t\t\t\t\t\t\t\t\t\t\t<\/div>\r\n\t\t\t\t\t\t\t\t\t<\/div>\r\n\t\t\t\t\t\t\t\t<\/div>\r\n\r\n\t\t\t\t\t\t\t\t<div class=\"content-main\">\r\n\t\t\t\t\t\t\t\t\t<div class=\"content-inner\">\r\n\t\t\t\t\t\t\t\t\t\t\t\t\t\t\t\t\t\t\t\t\t\t\t\t\t\t\t\t\t\t\t\t<div class=\"timeline-date\">\r\n\t\t\t\t\t\t\t\t\t\t\t\t<div\r\n\t\t\t\t\t\t\t\t\t\t\t\t\tclass=\"timeline-date--month\">sep<\/div>\r\n\t\t\t\t\t\t\t\t\t\t\t\t<div class=\"timeline-date--year\">1925<\/div>\r\n\t\t\t\t\t\t\t\t\t\t\t<\/div>\r\n\t\t\t\t\t\t\t\t\t\t\r\n\t\t\t\t\t\t\t\t\t\t\t\t\t\t\t\t\t\t\t\t\t<div class=\"description\">\r\n\t\t\t\t\t\t\t\t\t\t\t\t<p>Die Israelitische Gemeinde zu Beilstein l\u00f6st sich auf. Durch Wegz\u00fcge, Emigration\u00a0 und Todesf\u00e4lle ist die j\u00fcdische Gemeinde in Beilstein nach 600j\u00e4hriger Existenz so geschrumpft, dass ein Gemeindeleben nicht mehr m\u00f6glich ist. Die Synagoge in der Weingasse wird an eine Beilsteiner Familie verkauft. Hierdurch hat das Geb\u00e4ude die Progromnacht vom 9.auf den 10. November 1938 v\u00f6llig unbeschadet \u00fcberstanden.<\/p>\t\t\t\t\t\t\t\t\t\t\t<\/div>\r\n\t\t\t\t\t\t\t\t\t\t\t\t\t\t\t\t\t\t\t<\/div>\r\n\t\t\t\t\t\t\t\t<\/div>\r\n\t\t\t\t\t\t\t<\/div>\r\n\t\t\t\t\t\t<\/div>\r\n\t\t\t\t\t\t\t\t\t\t\t<div class=\"timeline-item item\">\r\n\t\t\t\t\t\t\t<div class=\"timeline-dot\"><\/div>\r\n\r\n\t\t\t\t\t\t\t<div class=\"content-wrap\">\r\n\t\t\t\t\t\t\t\t<div class=\"content-header\">\r\n\t\t\t\t\t\t\t\t\t<div class=\"content-inner\">\r\n\t\t\t\t\t\t\t\t\t\t\r\n\t\t\t\t\t\t\t\t\t\t<div class=\"golo-image image\">\r\n\t\t\t\t\t\t\t\t\t\t\t\t\t\t\t\t\t\t\t\t\t<\/div>\r\n\t\t\t\t\t\t\t\t\t<\/div>\r\n\t\t\t\t\t\t\t\t<\/div>\r\n\r\n\t\t\t\t\t\t\t\t<div class=\"content-main\">\r\n\t\t\t\t\t\t\t\t\t<div class=\"content-inner\">\r\n\t\t\t\t\t\t\t\t\t\t\t\t\t\t\t\t\t\t\t\t\t\t\t\t\t\t\t\t\t\t\t\t<div class=\"timeline-date\">\r\n\t\t\t\t\t\t\t\t\t\t\t\t<div\r\n\t\t\t\t\t\t\t\t\t\t\t\t\tclass=\"timeline-date--month\">sep<\/div>\r\n\t\t\t\t\t\t\t\t\t\t\t\t<div class=\"timeline-date--year\">1936<\/div>\r\n\t\t\t\t\t\t\t\t\t\t\t<\/div>\r\n\t\t\t\t\t\t\t\t\t\t\r\n\t\t\t\t\t\t\t\t\t\t\t\t\t\t\t\t\t\t\t\t\t<div class=\"description\">\r\n\t\t\t\t\t\t\t\t\t\t\t\t<p>Der Spielfim \u201eWenn wir alle Engel w\u00e4ren\u201c mit Heinz R\u00fchmann und Leni Marenbach wir zu gro\u00dfen Teilen in Beilstein gedreht.<\/p>\t\t\t\t\t\t\t\t\t\t\t<\/div>\r\n\t\t\t\t\t\t\t\t\t\t\t\t\t\t\t\t\t\t\t<\/div>\r\n\t\t\t\t\t\t\t\t<\/div>\r\n\t\t\t\t\t\t\t<\/div>\r\n\t\t\t\t\t\t<\/div>\r\n\t\t\t\t\t\t\t\t\t\t\t<div class=\"timeline-item item\">\r\n\t\t\t\t\t\t\t<div class=\"timeline-dot\"><\/div>\r\n\r\n\t\t\t\t\t\t\t<div class=\"content-wrap\">\r\n\t\t\t\t\t\t\t\t<div class=\"content-header\">\r\n\t\t\t\t\t\t\t\t\t<div class=\"content-inner\">\r\n\t\t\t\t\t\t\t\t\t\t\r\n\t\t\t\t\t\t\t\t\t\t<div class=\"golo-image image\">\r\n\t\t\t\t\t\t\t\t\t\t\t\t\t\t\t\t\t\t\t\t\t<\/div>\r\n\t\t\t\t\t\t\t\t\t<\/div>\r\n\t\t\t\t\t\t\t\t<\/div>\r\n\r\n\t\t\t\t\t\t\t\t<div class=\"content-main\">\r\n\t\t\t\t\t\t\t\t\t<div class=\"content-inner\">\r\n\t\t\t\t\t\t\t\t\t\t\t\t\t\t\t\t\t\t\t\t\t\t\t\t\t\t\t\t\t\t\t\t<div class=\"timeline-date\">\r\n\t\t\t\t\t\t\t\t\t\t\t\t<div\r\n\t\t\t\t\t\t\t\t\t\t\t\t\tclass=\"timeline-date--month\">sep<\/div>\r\n\t\t\t\t\t\t\t\t\t\t\t\t<div class=\"timeline-date--year\">1938<\/div>\r\n\t\t\t\t\t\t\t\t\t\t\t<\/div>\r\n\t\t\t\t\t\t\t\t\t\t\r\n\t\t\t\t\t\t\t\t\t\t\t\t\t\t\t\t\t\t\t\t\t<div class=\"description\">\r\n\t\t\t\t\t\t\t\t\t\t\t\t<p>November\/ Dezember: Der Kolonialwarenladen der letzten j\u00fcdischen Beilsteiner, der Familie Koppel, gelegen auf dem Marktplatz\u00a0 wird zwangsenteignet (arisiert). In der Folge verlassen die Koppels im Fr\u00fchjahr 1939 Beilstein und ziehen nach K\u00f6ln.<\/p>\t\t\t\t\t\t\t\t\t\t\t<\/div>\r\n\t\t\t\t\t\t\t\t\t\t\t\t\t\t\t\t\t\t\t<\/div>\r\n\t\t\t\t\t\t\t\t<\/div>\r\n\t\t\t\t\t\t\t<\/div>\r\n\t\t\t\t\t\t<\/div>\r\n\t\t\t\t\t\t\t\t\t\t\t<div class=\"timeline-item item\">\r\n\t\t\t\t\t\t\t<div class=\"timeline-dot\"><\/div>\r\n\r\n\t\t\t\t\t\t\t<div class=\"content-wrap\">\r\n\t\t\t\t\t\t\t\t<div class=\"content-header\">\r\n\t\t\t\t\t\t\t\t\t<div class=\"content-inner\">\r\n\t\t\t\t\t\t\t\t\t\t\r\n\t\t\t\t\t\t\t\t\t\t<div class=\"golo-image image\">\r\n\t\t\t\t\t\t\t\t\t\t\t\t\t\t\t\t\t\t\t\t\t<\/div>\r\n\t\t\t\t\t\t\t\t\t<\/div>\r\n\t\t\t\t\t\t\t\t<\/div>\r\n\r\n\t\t\t\t\t\t\t\t<div class=\"content-main\">\r\n\t\t\t\t\t\t\t\t\t<div class=\"content-inner\">\r\n\t\t\t\t\t\t\t\t\t\t\t\t\t\t\t\t\t\t\t\t\t\t\t\t\t\t\t\t\t\t\t\t<div class=\"timeline-date\">\r\n\t\t\t\t\t\t\t\t\t\t\t\t<div\r\n\t\t\t\t\t\t\t\t\t\t\t\t\tclass=\"timeline-date--month\">sep<\/div>\r\n\t\t\t\t\t\t\t\t\t\t\t\t<div class=\"timeline-date--year\">1945<\/div>\r\n\t\t\t\t\t\t\t\t\t\t\t<\/div>\r\n\t\t\t\t\t\t\t\t\t\t\r\n\t\t\t\t\t\t\t\t\t\t\t\t\t\t\t\t\t\t\t\t\t<div class=\"description\">\r\n\t\t\t\t\t\t\t\t\t\t\t\t<p>In der zweiten M\u00e4rzwoche befreien amerikanische Truppen unser Gebiet vom Hitler-Faschismus.<\/p>\t\t\t\t\t\t\t\t\t\t\t<\/div>\r\n\t\t\t\t\t\t\t\t\t\t\t\t\t\t\t\t\t\t\t<\/div>\r\n\t\t\t\t\t\t\t\t<\/div>\r\n\t\t\t\t\t\t\t<\/div>\r\n\t\t\t\t\t\t<\/div>\r\n\t\t\t\t\t\t\t\t\t\t\t<div class=\"timeline-item item\">\r\n\t\t\t\t\t\t\t<div class=\"timeline-dot\"><\/div>\r\n\r\n\t\t\t\t\t\t\t<div class=\"content-wrap\">\r\n\t\t\t\t\t\t\t\t<div class=\"content-header\">\r\n\t\t\t\t\t\t\t\t\t<div class=\"content-inner\">\r\n\t\t\t\t\t\t\t\t\t\t\r\n\t\t\t\t\t\t\t\t\t\t<div class=\"golo-image image\">\r\n\t\t\t\t\t\t\t\t\t\t\t\t\t\t\t\t\t\t\t\t\t<\/div>\r\n\t\t\t\t\t\t\t\t\t<\/div>\r\n\t\t\t\t\t\t\t\t<\/div>\r\n\r\n\t\t\t\t\t\t\t\t<div class=\"content-main\">\r\n\t\t\t\t\t\t\t\t\t<div class=\"content-inner\">\r\n\t\t\t\t\t\t\t\t\t\t\t\t\t\t\t\t\t\t\t\t\t\t\t\t\t\t\t\t\t\t\t\t<div class=\"timeline-date\">\r\n\t\t\t\t\t\t\t\t\t\t\t\t<div\r\n\t\t\t\t\t\t\t\t\t\t\t\t\tclass=\"timeline-date--month\">sep<\/div>\r\n\t\t\t\t\t\t\t\t\t\t\t\t<div class=\"timeline-date--year\">1952<\/div>\r\n\t\t\t\t\t\t\t\t\t\t\t<\/div>\r\n\t\t\t\t\t\t\t\t\t\t\r\n\t\t\t\t\t\t\t\t\t\t\t\t\t\t\t\t\t\t\t\t\t<div class=\"description\">\r\n\t\t\t\t\t\t\t\t\t\t\t\t<p>Am 22.September besucht der deutsche Bundeskanzler gemeinsam mit dem italienischen Ministerpr\u00e4sidenten De Gas<\/p><p>Bis 1964: Fertigstellung der Moselstaustufen. Dadurch Schiffbarmachung der Mosel f\u00fcr gro\u00dfe Lastenschiffe. Erh\u00f6hung des Moselpegels vor Beilstein um etwa drei Meter.<\/p>\t\t\t\t\t\t\t\t\t\t\t<\/div>\r\n\t\t\t\t\t\t\t\t\t\t\t\t\t\t\t\t\t\t\t<\/div>\r\n\t\t\t\t\t\t\t\t<\/div>\r\n\t\t\t\t\t\t\t<\/div>\r\n\t\t\t\t\t\t<\/div>\r\n\t\t\t\t\t\t\t\t\t\t\t<div class=\"timeline-item item\">\r\n\t\t\t\t\t\t\t<div class=\"timeline-dot\"><\/div>\r\n\r\n\t\t\t\t\t\t\t<div class=\"content-wrap\">\r\n\t\t\t\t\t\t\t\t<div class=\"content-header\">\r\n\t\t\t\t\t\t\t\t\t<div class=\"content-inner\">\r\n\t\t\t\t\t\t\t\t\t\t\r\n\t\t\t\t\t\t\t\t\t\t<div class=\"golo-image image\">\r\n\t\t\t\t\t\t\t\t\t\t\t\t\t\t\t\t\t\t\t\t\t<\/div>\r\n\t\t\t\t\t\t\t\t\t<\/div>\r\n\t\t\t\t\t\t\t\t<\/div>\r\n\r\n\t\t\t\t\t\t\t\t<div class=\"content-main\">\r\n\t\t\t\t\t\t\t\t\t<div class=\"content-inner\">\r\n\t\t\t\t\t\t\t\t\t\t\t\t\t\t\t\t\t\t\t\t\t\t\t\t\t\t\t\t\t\t\t\t<div class=\"timeline-date\">\r\n\t\t\t\t\t\t\t\t\t\t\t\t<div\r\n\t\t\t\t\t\t\t\t\t\t\t\t\tclass=\"timeline-date--month\">sep<\/div>\r\n\t\t\t\t\t\t\t\t\t\t\t\t<div class=\"timeline-date--year\">1975<\/div>\r\n\t\t\t\t\t\t\t\t\t\t\t<\/div>\r\n\t\t\t\t\t\t\t\t\t\t\r\n\t\t\t\t\t\t\t\t\t\t\t\t\t\t\t\t\t\t\t\t\t<div class=\"description\">\r\n\t\t\t\t\t\t\t\t\t\t\t\t<p>1975\/76: Bau der Umgehungsstra\u00dfe um den Ortskern. Dadurch Entlastung der Bachstra\u00dfe vom Autoverkehr<\/p>\t\t\t\t\t\t\t\t\t\t\t<\/div>\r\n\t\t\t\t\t\t\t\t\t\t\t\t\t\t\t\t\t\t\t<\/div>\r\n\t\t\t\t\t\t\t\t<\/div>\r\n\t\t\t\t\t\t\t<\/div>\r\n\t\t\t\t\t\t<\/div>\r\n\t\t\t\t\t\t\t\t\t\t\t<div class=\"timeline-item item\">\r\n\t\t\t\t\t\t\t<div class=\"timeline-dot\"><\/div>\r\n\r\n\t\t\t\t\t\t\t<div class=\"content-wrap\">\r\n\t\t\t\t\t\t\t\t<div class=\"content-header\">\r\n\t\t\t\t\t\t\t\t\t<div class=\"content-inner\">\r\n\t\t\t\t\t\t\t\t\t\t\r\n\t\t\t\t\t\t\t\t\t\t<div class=\"golo-image image\">\r\n\t\t\t\t\t\t\t\t\t\t\t\t\t\t\t\t\t\t\t\t\t<\/div>\r\n\t\t\t\t\t\t\t\t\t<\/div>\r\n\t\t\t\t\t\t\t\t<\/div>\r\n\r\n\t\t\t\t\t\t\t\t<div class=\"content-main\">\r\n\t\t\t\t\t\t\t\t\t<div class=\"content-inner\">\r\n\t\t\t\t\t\t\t\t\t\t\t\t\t\t\t\t\t\t\t\t\t\t\t\t\t\t\t\t\t\t\t\t<div class=\"timeline-date\">\r\n\t\t\t\t\t\t\t\t\t\t\t\t<div\r\n\t\t\t\t\t\t\t\t\t\t\t\t\tclass=\"timeline-date--month\">sep<\/div>\r\n\t\t\t\t\t\t\t\t\t\t\t\t<div class=\"timeline-date--year\">1998<\/div>\r\n\t\t\t\t\t\t\t\t\t\t\t<\/div>\r\n\t\t\t\t\t\t\t\t\t\t\r\n\t\t\t\t\t\t\t\t\t\t\t\t\t\t\t\t\t\t\t\t\t<div class=\"description\">\r\n\t\t\t\t\t\t\t\t\t\t\t\t<p>Im Mai des Jahres dreht das englische Fernesehen BBC den mehrteiligen Spielfilm\u00a0 \u201eVanaty Fair\u201c zu Teilen in Beilstein. Der vorl\u00e4ufig letzte Spielfim, der in den letzten 90 Jahren im Ort abgedreht wurde.<\/p>\t\t\t\t\t\t\t\t\t\t\t<\/div>\r\n\t\t\t\t\t\t\t\t\t\t\t\t\t\t\t\t\t\t\t<\/div>\r\n\t\t\t\t\t\t\t\t<\/div>\r\n\t\t\t\t\t\t\t<\/div>\r\n\t\t\t\t\t\t<\/div>\r\n\t\t\t\t\t\t\t\t\t<\/div>\r\n\t\t\t\t\t<\/div>\r\n\t\t\t\t\t\t<\/div>\n\t\t\t\t<\/div>\n\t\t\t\t<div class=\"elementor-element elementor-element-11c5ffc elementor-widget elementor-widget-text-editor\" data-id=\"11c5ffc\" data-element_type=\"widget\" data-e-type=\"widget\" data-widget_type=\"text-editor.default\">\n\t\t\t\t<div class=\"elementor-widget-container\">\n\t\t\t\t\t\t\t\t\t<p>Zusammenstellung der historischen Daten durch Rainer Vitz\u00a0 <a href=\"http:\/\/www.stadtfuehrungen-beilstein.de\" target=\"_blank\" rel=\"noopener\">www.stadtfuehrungen-beilstein.de<\/a><\/p>\t\t\t\t\t\t\t\t<\/div>\n\t\t\t\t<\/div>\n\t\t\t\t\t<\/div>\n\t\t<\/div>\n\t\t\t\t\t<\/div>\n\t\t<\/section>\n\t\t\t\t<\/div>\n\t\t","protected":false},"excerpt":{"rendered":"<p>Geschichte Kleiner Ausflug in die Geschichte Arch\u00e4ologische Bodenfunde weisen auf eine Besiedlung des Burgberges schon zur r\u00f6mischen Zeit hin. 1910 fand der Beilsteiner Winzer Josef Rengel \u00f6stlich der Burg einen Steinsarkophag aus fr\u00e4nkischen Zeit (etwa 5.-8.Jahrhundert).. 1268 wurde Beilstein Lehensbesitz des ersten Herrschergeschlechtes auf Beilstein &#8211; den Herren von Braunshorn, die 1362 durch Tod des [&hellip;]<\/p>\n","protected":false},"author":1,"featured_media":0,"parent":0,"menu_order":0,"comment_status":"closed","ping_status":"closed","template":"","meta":{"_monsterinsights_skip_tracking":false,"_monsterinsights_sitenote_active":false,"_monsterinsights_sitenote_note":"","_monsterinsights_sitenote_category":0,"footnotes":""},"class_list":["post-2517","page","type-page","status-publish","hentry"],"_links":{"self":[{"href":"https:\/\/beilstein-mosel.de\/nl\/wp-json\/wp\/v2\/pages\/2517","targetHints":{"allow":["GET"]}}],"collection":[{"href":"https:\/\/beilstein-mosel.de\/nl\/wp-json\/wp\/v2\/pages"}],"about":[{"href":"https:\/\/beilstein-mosel.de\/nl\/wp-json\/wp\/v2\/types\/page"}],"author":[{"embeddable":true,"href":"https:\/\/beilstein-mosel.de\/nl\/wp-json\/wp\/v2\/users\/1"}],"replies":[{"embeddable":true,"href":"https:\/\/beilstein-mosel.de\/nl\/wp-json\/wp\/v2\/comments?post=2517"}],"version-history":[{"count":0,"href":"https:\/\/beilstein-mosel.de\/nl\/wp-json\/wp\/v2\/pages\/2517\/revisions"}],"wp:attachment":[{"href":"https:\/\/beilstein-mosel.de\/nl\/wp-json\/wp\/v2\/media?parent=2517"}],"curies":[{"name":"wp","href":"https:\/\/api.w.org\/{rel}","templated":true}]}}