{"id":5813,"date":"2021-09-14T18:01:13","date_gmt":"2021-09-14T16:01:13","guid":{"rendered":"https:\/\/wp.beilstein-mosel.de\/?page_id=5813"},"modified":"2025-11-14T15:54:02","modified_gmt":"2025-11-14T14:54:02","slug":"freizeit","status":"publish","type":"page","link":"http:\/\/beilstein-mosel.de\/en\/freizeit\/","title":{"rendered":"Entertainment"},"content":{"rendered":"\t\t<div data-elementor-type=\"wp-page\" data-elementor-id=\"5813\" class=\"elementor elementor-5813\" data-elementor-post-type=\"page\">\n\t\t\t\t<section class=\"elementor-element elementor-element-f66c969 e-con-full e-flex e-con e-parent\" data-id=\"f66c969\" data-element_type=\"container\" data-e-type=\"container\" data-settings=\"{&quot;background_background&quot;:&quot;slideshow&quot;,&quot;background_motion_fx_blur_level&quot;:{&quot;unit&quot;:&quot;px&quot;,&quot;size&quot;:8,&quot;sizes&quot;:[]},&quot;background_motion_fx_blur_range&quot;:{&quot;unit&quot;:&quot;%&quot;,&quot;size&quot;:&quot;&quot;,&quot;sizes&quot;:{&quot;start&quot;:54,&quot;end&quot;:87}},&quot;background_motion_fx_blur_effect&quot;:&quot;yes&quot;,&quot;background_slideshow_gallery&quot;:[{&quot;id&quot;:5532,&quot;url&quot;:&quot;https:\\\/\\\/beilstein-mosel.de\\\/wp-content\\\/uploads\\\/2021\\\/09\\\/beilstein_0014-1600.jpg&quot;},{&quot;id&quot;:5533,&quot;url&quot;:&quot;https:\\\/\\\/beilstein-mosel.de\\\/wp-content\\\/uploads\\\/2021\\\/09\\\/beilstein_0008-1600.jpg&quot;},{&quot;id&quot;:5534,&quot;url&quot;:&quot;https:\\\/\\\/beilstein-mosel.de\\\/wp-content\\\/uploads\\\/2021\\\/09\\\/beilstein_0002-1600.jpg&quot;}],&quot;background_slideshow_loop&quot;:&quot;yes&quot;,&quot;background_slideshow_slide_duration&quot;:5000,&quot;background_slideshow_slide_transition&quot;:&quot;fade&quot;,&quot;background_slideshow_transition_duration&quot;:500,&quot;background_motion_fx_blur_direction&quot;:&quot;out-in&quot;,&quot;background_motion_fx_devices&quot;:[&quot;desktop&quot;,&quot;tablet&quot;,&quot;mobile&quot;]}\">\n\t\t<div class=\"elementor-element elementor-element-dd1f154 e-con-full e-flex e-con e-child\" data-id=\"dd1f154\" data-element_type=\"container\" data-e-type=\"container\">\n\t\t\t\t<div class=\"elementor-element elementor-element-5e0454a elementor-widget elementor-widget-heading\" data-id=\"5e0454a\" data-element_type=\"widget\" data-e-type=\"widget\" data-widget_type=\"heading.default\">\n\t\t\t\t<div class=\"elementor-widget-container\">\n\t\t\t\t\t<h1 class=\"elementor-heading-title elementor-size-default\">Freizeit<\/h1>\t\t\t\t<\/div>\n\t\t\t\t<\/div>\n\t\t\t\t<\/div>\n\t\t\t\t<\/section>\n\t\t<section class=\"elementor-element elementor-element-ce03d78 e-flex e-con-boxed e-con e-parent\" data-id=\"ce03d78\" data-element_type=\"container\" data-e-type=\"container\" data-settings=\"{&quot;background_background&quot;:&quot;classic&quot;}\">\n\t\t\t\t\t<div class=\"e-con-inner\">\n\t\t<div class=\"elementor-element elementor-element-d33528e e-con-full e-flex e-con e-child\" data-id=\"d33528e\" data-element_type=\"container\" data-e-type=\"container\">\n\t\t\t\t<div class=\"elementor-element elementor-element-6dccd9f elementor-widget elementor-widget-move-advanced-tab\" data-id=\"6dccd9f\" data-element_type=\"widget\" data-e-type=\"widget\" data-widget_type=\"move-advanced-tab.default\">\n\t\t\t\t<div class=\"elementor-widget-container\">\n\t\t\t\t\t                \n            <div class=\"htmove-advance-tab htmove-advance-tab-three\" >\n\n                <!-- Tab List Start -->\n                <ul class=\"htmove-tab-list\">\n                    <li><a href=\"#htmove-advance-tab-16dccd9f\"><i aria-hidden=\"true\" class=\"far fa-biking\"><\/i>Radfahren<\/a><\/li><li><a href=\"#htmove-advance-tab-26dccd9f\"><i aria-hidden=\"true\" class=\"far fa-walking\"><\/i>Wandern<\/a><\/li><li><a href=\"#htmove-advance-tab-36dccd9f\"><i aria-hidden=\"true\" class=\"fas fa-city\"><\/i> Stadtf\u00fchrungen<\/a><\/li><li><a href=\"#htmove-advance-tab-46dccd9f\"><i aria-hidden=\"true\" class=\"fas fa-water\"><\/i>Schiffsausfl\u00fcge<\/a><\/li><li><a href=\"#htmove-advance-tab-56dccd9f\"><i aria-hidden=\"true\" class=\" fab fa-fort-awesome\"><\/i>Burgen<\/a><\/li><li><a href=\"#htmove-advance-tab-66dccd9f\"><i aria-hidden=\"true\" class=\"fas fa-swimming-pool\"><\/i>Schwimmen<\/a><\/li><li><a href=\"#htmove-advance-tab-76dccd9f\"><i aria-hidden=\"true\" class=\" fas fa-bus\"><\/i>Ausfl\u00fcge<\/a><\/li><li><a href=\"#htmove-advance-tab-86dccd9f\"><i aria-hidden=\"true\" class=\"fas fa-charging-station\"><\/i>Ladestation<\/a><\/li>                <\/ul>\n                <!-- Tab List End -->\n\n                <div class=\"htmove-tab-container\">\n                    <div id=\"htmove-advance-tab-16dccd9f\" class=\"htmove-tab-pane\">        <div class=\"htmove-tab-body\">\n            \t\t<div data-elementor-type=\"page\" data-elementor-id=\"6536\" class=\"elementor elementor-6536\" data-elementor-post-type=\"elementor_library\">\n\t\t\t\t\t\t<section class=\"elementor-section elementor-top-section elementor-element elementor-element-b36200b elementor-section-content-middle elementor-reverse-mobile elementor-reverse-tablet elementor-section-boxed elementor-section-gap-beside-yes elementor-section-height-default elementor-section-height-default elementor-section-column-vertical-align-stretch\" data-id=\"b36200b\" data-element_type=\"section\" data-e-type=\"section\">\n\t\t\t\t\t\t<div class=\"elementor-container elementor-column-gap-extended\">\n\t\t\t\t\t<div class=\"elementor-column elementor-col-50 elementor-top-column elementor-element elementor-element-c98b33e\" data-id=\"c98b33e\" data-element_type=\"column\" data-e-type=\"column\">\n\t\t\t<div class=\"elementor-widget-wrap elementor-element-populated\">\n\t\t\t\t\t\t<div class=\"elementor-element elementor-element-cacb5ea elementor-widget elementor-widget-text-editor\" data-id=\"cacb5ea\" data-element_type=\"widget\" data-e-type=\"widget\" data-widget_type=\"text-editor.default\">\n\t\t\t\t<div class=\"elementor-widget-container\">\n\t\t\t\t\t\t\t\t\t<p>Das Fahrrad ein beliebtes Verkehrsmittel an der Mosel. Damit kommen Sie \u00fcberall hin. Ein gut ausgebautes wie ausgeschildertes Radwegenetz sorgt f\u00fcr eine erstklassige Erkundung der Mosellandschaft. Das ist Erholung pur.<br \/>Kein Fahrrad dabei? Kein Problem! der ortsans\u00e4ssige Fahrrad \u2013 Verleiher r\u00fcckt gerne einen fahrbaren Untersatz f\u00fcr Sie heraus.<\/p>\t\t\t\t\t\t\t\t<\/div>\n\t\t\t\t<\/div>\n\t\t\t\t<div class=\"elementor-element elementor-element-a8996c4 elementor-icon-list--layout-traditional elementor-list-item-link-full_width elementor-widget elementor-widget-icon-list\" data-id=\"a8996c4\" data-element_type=\"widget\" data-e-type=\"widget\" data-widget_type=\"icon-list.default\">\n\t\t\t\t<div class=\"elementor-widget-container\">\n\t\t\t\t\t\t\t<ul class=\"elementor-icon-list-items\">\n\t\t\t\t\t\t\t<li class=\"elementor-icon-list-item\">\n\t\t\t\t\t\t\t\t\t\t\t<span class=\"elementor-icon-list-icon\">\n\t\t\t\t\t\t\t<i aria-hidden=\"true\" class=\"far fa-user\"><\/i>\t\t\t\t\t\t<\/span>\n\t\t\t\t\t\t\t\t\t\t<span class=\"elementor-icon-list-text\">Herbert Nahlen<\/span>\n\t\t\t\t\t\t\t\t\t<\/li>\n\t\t\t\t\t\t\t\t<li class=\"elementor-icon-list-item\">\n\t\t\t\t\t\t\t\t\t\t\t<span class=\"elementor-icon-list-icon\">\n\t\t\t\t\t\t\t<i aria-hidden=\"true\" class=\"far fa-map-marker-alt\"><\/i>\t\t\t\t\t\t<\/span>\n\t\t\t\t\t\t\t\t\t\t<span class=\"elementor-icon-list-text\">Bachstr.47 56814 Beilstein<\/span>\n\t\t\t\t\t\t\t\t\t<\/li>\n\t\t\t\t\t\t\t\t<li class=\"elementor-icon-list-item\">\n\t\t\t\t\t\t\t\t\t\t\t<a href=\"tel:026731840\">\n\n\t\t\t\t\t\t\t\t\t\t\t\t<span class=\"elementor-icon-list-icon\">\n\t\t\t\t\t\t\t<i aria-hidden=\"true\" class=\"far fa-phone-alt\"><\/i>\t\t\t\t\t\t<\/span>\n\t\t\t\t\t\t\t\t\t\t<span class=\"elementor-icon-list-text\">02673\/1840<\/span>\n\t\t\t\t\t\t\t\t\t\t\t<\/a>\n\t\t\t\t\t\t\t\t\t<\/li>\n\t\t\t\t\t\t\t\t<li class=\"elementor-icon-list-item\">\n\t\t\t\t\t\t\t\t\t\t\t<a href=\"mailto:\/\/info@fewo-nahlen.de\">\n\n\t\t\t\t\t\t\t\t\t\t\t\t<span class=\"elementor-icon-list-icon\">\n\t\t\t\t\t\t\t<i aria-hidden=\"true\" class=\"far fa-envelope\"><\/i>\t\t\t\t\t\t<\/span>\n\t\t\t\t\t\t\t\t\t\t<span class=\"elementor-icon-list-text\">info@fewo-nahlen.de<\/span>\n\t\t\t\t\t\t\t\t\t\t\t<\/a>\n\t\t\t\t\t\t\t\t\t<\/li>\n\t\t\t\t\t\t<\/ul>\n\t\t\t\t\t\t<\/div>\n\t\t\t\t<\/div>\n\t\t\t\t<div class=\"elementor-element elementor-element-36fac1d elementor-widget elementor-widget-button\" data-id=\"36fac1d\" data-element_type=\"widget\" data-e-type=\"widget\" data-widget_type=\"button.default\">\n\t\t\t\t<div class=\"elementor-widget-container\">\n\t\t\t\t\t\t\t\t\t<div class=\"elementor-button-wrapper\">\n\t\t\t\t\t<a class=\"elementor-button elementor-button-link elementor-size-sm\" href=\"http:\/\/www.fahrradverleih-in-beilstein.de\/\" target=\"_blank\">\n\t\t\t\t\t\t<span class=\"elementor-button-content-wrapper\">\n\t\t\t\t\t\t\t\t\t<span class=\"elementor-button-text\">Weiterlesen<\/span>\n\t\t\t\t\t<\/span>\n\t\t\t\t\t<\/a>\n\t\t\t\t<\/div>\n\t\t\t\t\t\t\t\t<\/div>\n\t\t\t\t<\/div>\n\t\t\t\t\t<\/div>\n\t\t<\/div>\n\t\t\t\t<div class=\"elementor-column elementor-col-50 elementor-top-column elementor-element elementor-element-62b3de8\" data-id=\"62b3de8\" data-element_type=\"column\" data-e-type=\"column\">\n\t\t\t<div class=\"elementor-widget-wrap elementor-element-populated\">\n\t\t\t\t\t\t<div class=\"elementor-element elementor-element-8eda2bb elementor-widget elementor-widget-image\" data-id=\"8eda2bb\" data-element_type=\"widget\" data-e-type=\"widget\" loading=\"lazy\" data-widget_type=\"image.default\">\n\t\t\t\t<div class=\"elementor-widget-container\">\n\t\t\t\t\t\t\t\t\t\t\t\t\t\t\t<img fetchpriority=\"high\" decoding=\"async\" width=\"640\" height=\"426\" src=\"https:\/\/beilstein-mosel.de\/wp-content\/uploads\/2021\/09\/Radfahren-1.jpg\" class=\"attachment-full size-full wp-image-5446\" alt=\"\" srcset=\"https:\/\/beilstein-mosel.de\/wp-content\/uploads\/2021\/09\/Radfahren-1.jpg 640w, https:\/\/beilstein-mosel.de\/wp-content\/uploads\/2021\/09\/Radfahren-1-600x399.jpg 600w, https:\/\/beilstein-mosel.de\/wp-content\/uploads\/2021\/09\/Radfahren-1-300x200.jpg 300w\" sizes=\"(max-width: 640px) 100vw, 640px\" \/>\t\t\t\t\t\t\t\t\t\t\t\t\t\t\t<\/div>\n\t\t\t\t<\/div>\n\t\t\t\t\t<\/div>\n\t\t<\/div>\n\t\t\t\t\t<\/div>\n\t\t<\/section>\n\t\t\t\t<\/div>\n\t\t        <\/div>\n        <\/div><div id=\"htmove-advance-tab-26dccd9f\" class=\"htmove-tab-pane\">        <div class=\"htmove-tab-body\">\n            \t\t<div data-elementor-type=\"page\" data-elementor-id=\"6023\" class=\"elementor elementor-6023\" data-elementor-post-type=\"elementor_library\">\n\t\t\t\t\t\t<section class=\"elementor-section elementor-top-section elementor-element elementor-element-fcef1a0 elementor-section-boxed elementor-section-gap-beside-yes elementor-section-height-default elementor-section-height-default elementor-section-column-vertical-align-stretch\" data-id=\"fcef1a0\" data-element_type=\"section\" data-e-type=\"section\">\n\t\t\t\t\t\t<div class=\"elementor-container elementor-column-gap-extended\">\n\t\t\t\t\t<div class=\"elementor-column elementor-col-100 elementor-top-column elementor-element elementor-element-78aa5b3\" data-id=\"78aa5b3\" data-element_type=\"column\" data-e-type=\"column\">\n\t\t\t<div class=\"elementor-widget-wrap elementor-element-populated\">\n\t\t\t\t\t\t<div class=\"elementor-element elementor-element-0a3fefd elementor-widget elementor-widget-text-editor\" data-id=\"0a3fefd\" data-element_type=\"widget\" data-e-type=\"widget\" data-widget_type=\"text-editor.default\">\n\t\t\t\t<div class=\"elementor-widget-container\">\n\t\t\t\t\t\t\t\t\t<p>Zum Wandern ist die Mosellanschaft ideal. Abwechslungsreiche Touren lassen sich planen: am Fluss entlang oder durch die Weinberge oder auch durch die W\u00e4lder auf den H\u00f6hen mit sch\u00f6nem Panoramablick.<\/p>\t\t\t\t\t\t\t\t<\/div>\n\t\t\t\t<\/div>\n\t\t\t\t\t<\/div>\n\t\t<\/div>\n\t\t\t\t\t<\/div>\n\t\t<\/section>\n\t\t\t\t<section class=\"elementor-section elementor-top-section elementor-element elementor-element-1a7ab73 elementor-section-content-middle elementor-reverse-mobile elementor-reverse-tablet elementor-section-boxed elementor-section-gap-beside-yes elementor-section-height-default elementor-section-height-default elementor-section-column-vertical-align-stretch\" data-id=\"1a7ab73\" data-element_type=\"section\" data-e-type=\"section\">\n\t\t\t\t\t\t<div class=\"elementor-container elementor-column-gap-extended\">\n\t\t\t\t\t<div class=\"elementor-column elementor-col-50 elementor-top-column elementor-element elementor-element-9c6f132\" data-id=\"9c6f132\" data-element_type=\"column\" data-e-type=\"column\">\n\t\t\t<div class=\"elementor-widget-wrap elementor-element-populated\">\n\t\t\t\t\t\t<div class=\"elementor-element elementor-element-2fda1b5 elementor-widget elementor-widget-heading\" data-id=\"2fda1b5\" data-element_type=\"widget\" data-e-type=\"widget\" data-widget_type=\"heading.default\">\n\t\t\t\t<div class=\"elementor-widget-container\">\n\t\t\t\t\t<h3 class=\"elementor-heading-title elementor-size-default\">Deutschlands sch\u00f6nste H\u00e4ngeseilbr\u00fccke im Hunsr\u00fcck\n\n<\/h3>\t\t\t\t<\/div>\n\t\t\t\t<\/div>\n\t\t\t\t<div class=\"elementor-element elementor-element-d318bec elementor-widget elementor-widget-text-editor\" data-id=\"d318bec\" data-element_type=\"widget\" data-e-type=\"widget\" data-widget_type=\"text-editor.default\">\n\t\t\t\t<div class=\"elementor-widget-container\">\n\t\t\t\t\t\t\t\t\t360 Meter lang und 100 Meter \u00fcber dem Grund\t\t\t\t\t\t\t\t<\/div>\n\t\t\t\t<\/div>\n\t\t\t\t<div class=\"elementor-element elementor-element-9badeec elementor-widget elementor-widget-toggle\" data-id=\"9badeec\" data-element_type=\"widget\" data-e-type=\"widget\" data-widget_type=\"toggle.default\">\n\t\t\t\t<div class=\"elementor-widget-container\">\n\t\t\t\t\t\t\t<div class=\"elementor-toggle\">\n\t\t\t\t\t\t\t<div class=\"elementor-toggle-item\">\n\t\t\t\t\t<div id=\"elementor-tab-title-1631\" class=\"elementor-tab-title\" data-tab=\"1\" role=\"button\" aria-controls=\"elementor-tab-content-1631\" aria-expanded=\"false\">\n\t\t\t\t\t\t\t\t\t\t\t\t<span class=\"elementor-toggle-icon elementor-toggle-icon-left\" aria-hidden=\"true\">\n\t\t\t\t\t\t\t\t\t\t\t\t\t\t\t<span class=\"elementor-toggle-icon-closed\"><i class=\"fas fa-chevron-down\"><\/i><\/span>\n\t\t\t\t\t\t\t\t<span class=\"elementor-toggle-icon-opened\"><i class=\"elementor-toggle-icon-opened fas fa-chevron-up\"><\/i><\/span>\n\t\t\t\t\t\t\t\t\t\t\t\t\t<\/span>\n\t\t\t\t\t\t\t\t\t\t\t\t<a class=\"elementor-toggle-title\" tabindex=\"0\">Information<\/a>\n\t\t\t\t\t<\/div>\n\n\t\t\t\t\t<div id=\"elementor-tab-content-1631\" class=\"elementor-tab-content elementor-clearfix\" data-tab=\"1\" role=\"region\" aria-labelledby=\"elementor-tab-title-1631\">Mittelschwere Wanderung. Gute Grundkondition erforderlich. \u00dcberwiegend gut begehbare Wege. Trittsicherheit erforderlich. Der Startpunkt der Tour liegt direkt an einem Parkplatz.<\/div>\n\t\t\t\t<\/div>\n\t\t\t\t\t\t\t<div class=\"elementor-toggle-item\">\n\t\t\t\t\t<div id=\"elementor-tab-title-1632\" class=\"elementor-tab-title\" data-tab=\"2\" role=\"button\" aria-controls=\"elementor-tab-content-1632\" aria-expanded=\"false\">\n\t\t\t\t\t\t\t\t\t\t\t\t<span class=\"elementor-toggle-icon elementor-toggle-icon-left\" aria-hidden=\"true\">\n\t\t\t\t\t\t\t\t\t\t\t\t\t\t\t<span class=\"elementor-toggle-icon-closed\"><i class=\"fas fa-chevron-down\"><\/i><\/span>\n\t\t\t\t\t\t\t\t<span class=\"elementor-toggle-icon-opened\"><i class=\"elementor-toggle-icon-opened fas fa-chevron-up\"><\/i><\/span>\n\t\t\t\t\t\t\t\t\t\t\t\t\t<\/span>\n\t\t\t\t\t\t\t\t\t\t\t\t<a class=\"elementor-toggle-title\" tabindex=\"0\">Touren<\/a>\n\t\t\t\t\t<\/div>\n\n\t\t\t\t\t<div id=\"elementor-tab-content-1632\" class=\"elementor-tab-content elementor-clearfix\" data-tab=\"2\" role=\"region\" aria-labelledby=\"elementor-tab-title-1632\"><iframe src=\"https:\/\/www.komoot.de\/tour\/318782739\/embed?share_token=au5mycoQxqPU2P0X33r64c5QHrXiVmuqMwHFCm7w6CXGh0sah4&amp;profile=1\" width=\"100%\" height=\"680\" frameborder=\"0\" scrolling=\"no\"><\/iframe><\/div>\n\t\t\t\t<\/div>\n\t\t\t\t\t\t\t\t<\/div>\n\t\t\t\t\t\t<\/div>\n\t\t\t\t<\/div>\n\t\t\t\t<div class=\"elementor-element elementor-element-41f1fe4 elementor-widget elementor-widget-button\" data-id=\"41f1fe4\" data-element_type=\"widget\" data-e-type=\"widget\" data-widget_type=\"button.default\">\n\t\t\t\t<div class=\"elementor-widget-container\">\n\t\t\t\t\t\t\t\t\t<div class=\"elementor-button-wrapper\">\n\t\t\t\t\t<a class=\"elementor-button elementor-button-link elementor-size-sm\" href=\"http:\/\/www.geierlay.de\/\" target=\"_blank\">\n\t\t\t\t\t\t<span class=\"elementor-button-content-wrapper\">\n\t\t\t\t\t\t\t\t\t<span class=\"elementor-button-text\">Weiterlesen<\/span>\n\t\t\t\t\t<\/span>\n\t\t\t\t\t<\/a>\n\t\t\t\t<\/div>\n\t\t\t\t\t\t\t\t<\/div>\n\t\t\t\t<\/div>\n\t\t\t\t\t<\/div>\n\t\t<\/div>\n\t\t\t\t<div class=\"elementor-column elementor-col-50 elementor-top-column elementor-element elementor-element-2fbabcc\" data-id=\"2fbabcc\" data-element_type=\"column\" data-e-type=\"column\">\n\t\t\t<div class=\"elementor-widget-wrap elementor-element-populated\">\n\t\t\t\t\t\t<div class=\"elementor-element elementor-element-228c0bb elementor-widget elementor-widget-image\" data-id=\"228c0bb\" data-element_type=\"widget\" data-e-type=\"widget\" loading=\"lazy\" data-widget_type=\"image.default\">\n\t\t\t\t<div class=\"elementor-widget-container\">\n\t\t\t\t\t\t\t\t\t\t\t\t\t\t\t<img decoding=\"async\" width=\"800\" height=\"450\" src=\"https:\/\/beilstein-mosel.de\/wp-content\/uploads\/2021\/09\/geierlay.jpg\" class=\"attachment-full size-full wp-image-6024\" alt=\"\" srcset=\"https:\/\/beilstein-mosel.de\/wp-content\/uploads\/2021\/09\/geierlay.jpg 800w, https:\/\/beilstein-mosel.de\/wp-content\/uploads\/2021\/09\/geierlay-600x338.jpg 600w, https:\/\/beilstein-mosel.de\/wp-content\/uploads\/2021\/09\/geierlay-300x169.jpg 300w, https:\/\/beilstein-mosel.de\/wp-content\/uploads\/2021\/09\/geierlay-768x432.jpg 768w, https:\/\/beilstein-mosel.de\/wp-content\/uploads\/2021\/09\/geierlay-18x10.jpg 18w\" sizes=\"(max-width: 800px) 100vw, 800px\" \/>\t\t\t\t\t\t\t\t\t\t\t\t\t\t\t<\/div>\n\t\t\t\t<\/div>\n\t\t\t\t\t<\/div>\n\t\t<\/div>\n\t\t\t\t\t<\/div>\n\t\t<\/section>\n\t\t\t\t<section class=\"elementor-section elementor-top-section elementor-element elementor-element-3e5a2a1 elementor-section-content-middle elementor-section-boxed elementor-section-gap-beside-yes elementor-section-height-default elementor-section-height-default elementor-section-column-vertical-align-stretch\" data-id=\"3e5a2a1\" data-element_type=\"section\" data-e-type=\"section\">\n\t\t\t\t\t\t<div class=\"elementor-container elementor-column-gap-extended\">\n\t\t\t\t\t<div class=\"elementor-column elementor-col-50 elementor-top-column elementor-element elementor-element-c5dcf71\" data-id=\"c5dcf71\" data-element_type=\"column\" data-e-type=\"column\">\n\t\t\t<div class=\"elementor-widget-wrap elementor-element-populated\">\n\t\t\t\t\t\t<div class=\"elementor-element elementor-element-bc03a5a elementor-widget elementor-widget-image\" data-id=\"bc03a5a\" data-element_type=\"widget\" data-e-type=\"widget\" loading=\"lazy\" data-widget_type=\"image.default\">\n\t\t\t\t<div class=\"elementor-widget-container\">\n\t\t\t\t\t\t\t\t\t\t\t\t\t\t\t<img decoding=\"async\" width=\"640\" height=\"425\" src=\"https:\/\/beilstein-mosel.de\/wp-content\/uploads\/2021\/09\/Erlebnisweg-Moselkrampen-1.jpg\" class=\"attachment-full size-full wp-image-5462\" alt=\"\" srcset=\"https:\/\/beilstein-mosel.de\/wp-content\/uploads\/2021\/09\/Erlebnisweg-Moselkrampen-1.jpg 640w, https:\/\/beilstein-mosel.de\/wp-content\/uploads\/2021\/09\/Erlebnisweg-Moselkrampen-1-600x398.jpg 600w, https:\/\/beilstein-mosel.de\/wp-content\/uploads\/2021\/09\/Erlebnisweg-Moselkrampen-1-300x199.jpg 300w\" sizes=\"(max-width: 640px) 100vw, 640px\" \/>\t\t\t\t\t\t\t\t\t\t\t\t\t\t\t<\/div>\n\t\t\t\t<\/div>\n\t\t\t\t\t<\/div>\n\t\t<\/div>\n\t\t\t\t<div class=\"elementor-column elementor-col-50 elementor-top-column elementor-element elementor-element-2e314ae\" data-id=\"2e314ae\" data-element_type=\"column\" data-e-type=\"column\">\n\t\t\t<div class=\"elementor-widget-wrap elementor-element-populated\">\n\t\t\t\t\t\t<div class=\"elementor-element elementor-element-3fac5cd elementor-widget elementor-widget-heading\" data-id=\"3fac5cd\" data-element_type=\"widget\" data-e-type=\"widget\" data-widget_type=\"heading.default\">\n\t\t\t\t<div class=\"elementor-widget-container\">\n\t\t\t\t\t<h3 class=\"elementor-heading-title elementor-size-default\">Erlebnisweg Moselkrampen<\/h3>\t\t\t\t<\/div>\n\t\t\t\t<\/div>\n\t\t\t\t<div class=\"elementor-element elementor-element-e4bc7cf elementor-widget elementor-widget-toggle\" data-id=\"e4bc7cf\" data-element_type=\"widget\" data-e-type=\"widget\" data-widget_type=\"toggle.default\">\n\t\t\t\t<div class=\"elementor-widget-container\">\n\t\t\t\t\t\t\t<div class=\"elementor-toggle\">\n\t\t\t\t\t\t\t<div class=\"elementor-toggle-item\">\n\t\t\t\t\t<div id=\"elementor-tab-title-2391\" class=\"elementor-tab-title\" data-tab=\"1\" role=\"button\" aria-controls=\"elementor-tab-content-2391\" aria-expanded=\"false\">\n\t\t\t\t\t\t\t\t\t\t\t\t<span class=\"elementor-toggle-icon elementor-toggle-icon-left\" aria-hidden=\"true\">\n\t\t\t\t\t\t\t\t\t\t\t\t\t\t\t<span class=\"elementor-toggle-icon-closed\"><i class=\"fas fa-chevron-down\"><\/i><\/span>\n\t\t\t\t\t\t\t\t<span class=\"elementor-toggle-icon-opened\"><i class=\"elementor-toggle-icon-opened fas fa-chevron-up\"><\/i><\/span>\n\t\t\t\t\t\t\t\t\t\t\t\t\t<\/span>\n\t\t\t\t\t\t\t\t\t\t\t\t<a class=\"elementor-toggle-title\" tabindex=\"0\">Information<\/a>\n\t\t\t\t\t<\/div>\n\n\t\t\t\t\t<div id=\"elementor-tab-content-2391\" class=\"elementor-tab-content elementor-clearfix\" data-tab=\"1\" role=\"region\" aria-labelledby=\"elementor-tab-title-2391\">Begehung des Wanderweges Erlebnis Moselkrampen im Uhrzeigersinn mit Start und Ziel in Ellenz &#8211; Poltersdorf. Mit der F\u00e4hre erreicht man Beilstein. Weiter geht es \u00fcber Bruttig &#8211; Fankel, Ernst und den Felsenweg R\u00fcberberg zur\u00fcck nach Ellenz &#8211; Poltersdorf.<\/div>\n\t\t\t\t<\/div>\n\t\t\t\t\t\t\t<div class=\"elementor-toggle-item\">\n\t\t\t\t\t<div id=\"elementor-tab-title-2392\" class=\"elementor-tab-title\" data-tab=\"2\" role=\"button\" aria-controls=\"elementor-tab-content-2392\" aria-expanded=\"false\">\n\t\t\t\t\t\t\t\t\t\t\t\t<span class=\"elementor-toggle-icon elementor-toggle-icon-left\" aria-hidden=\"true\">\n\t\t\t\t\t\t\t\t\t\t\t\t\t\t\t<span class=\"elementor-toggle-icon-closed\"><i class=\"fas fa-chevron-down\"><\/i><\/span>\n\t\t\t\t\t\t\t\t<span class=\"elementor-toggle-icon-opened\"><i class=\"elementor-toggle-icon-opened fas fa-chevron-up\"><\/i><\/span>\n\t\t\t\t\t\t\t\t\t\t\t\t\t<\/span>\n\t\t\t\t\t\t\t\t\t\t\t\t<a class=\"elementor-toggle-title\" tabindex=\"0\">Touren<\/a>\n\t\t\t\t\t<\/div>\n\n\t\t\t\t\t<div id=\"elementor-tab-content-2392\" class=\"elementor-tab-content elementor-clearfix\" data-tab=\"2\" role=\"region\" aria-labelledby=\"elementor-tab-title-2392\"><\/div>\n\t\t\t\t<\/div>\n\t\t\t\t\t\t\t\t<\/div>\n\t\t\t\t\t\t<\/div>\n\t\t\t\t<\/div>\n\t\t\t\t<div class=\"elementor-element elementor-element-aeb0e3d elementor-widget elementor-widget-button\" data-id=\"aeb0e3d\" data-element_type=\"widget\" data-e-type=\"widget\" data-widget_type=\"button.default\">\n\t\t\t\t<div class=\"elementor-widget-container\">\n\t\t\t\t\t\t\t\t\t<div class=\"elementor-button-wrapper\">\n\t\t\t\t\t<a class=\"elementor-button elementor-button-link elementor-size-sm\" href=\"http:\/\/www.erlebnis-moselkrampen.de\/\" target=\"_blank\">\n\t\t\t\t\t\t<span class=\"elementor-button-content-wrapper\">\n\t\t\t\t\t\t\t\t\t<span class=\"elementor-button-text\">Weiterlesen<\/span>\n\t\t\t\t\t<\/span>\n\t\t\t\t\t<\/a>\n\t\t\t\t<\/div>\n\t\t\t\t\t\t\t\t<\/div>\n\t\t\t\t<\/div>\n\t\t\t\t\t<\/div>\n\t\t<\/div>\n\t\t\t\t\t<\/div>\n\t\t<\/section>\n\t\t\t\t<section class=\"elementor-section elementor-top-section elementor-element elementor-element-15dd81f elementor-section-content-middle elementor-reverse-mobile elementor-reverse-tablet elementor-section-boxed elementor-section-gap-beside-yes elementor-section-height-default elementor-section-height-default elementor-section-column-vertical-align-stretch\" data-id=\"15dd81f\" data-element_type=\"section\" data-e-type=\"section\">\n\t\t\t\t\t\t<div class=\"elementor-container elementor-column-gap-extended\">\n\t\t\t\t\t<div class=\"elementor-column elementor-col-50 elementor-top-column elementor-element elementor-element-44fbd65\" data-id=\"44fbd65\" data-element_type=\"column\" data-e-type=\"column\">\n\t\t\t<div class=\"elementor-widget-wrap elementor-element-populated\">\n\t\t\t\t\t\t<div class=\"elementor-element elementor-element-33b942c elementor-widget elementor-widget-heading\" data-id=\"33b942c\" data-element_type=\"widget\" data-e-type=\"widget\" data-widget_type=\"heading.default\">\n\t\t\t\t<div class=\"elementor-widget-container\">\n\t\t\t\t\t<h3 class=\"elementor-heading-title elementor-size-default\">Apollo-Weg<\/h3>\t\t\t\t<\/div>\n\t\t\t\t<\/div>\n\t\t\t\t<div class=\"elementor-element elementor-element-e163060 elementor-widget elementor-widget-toggle\" data-id=\"e163060\" data-element_type=\"widget\" data-e-type=\"widget\" data-widget_type=\"toggle.default\">\n\t\t\t\t<div class=\"elementor-widget-container\">\n\t\t\t\t\t\t\t<div class=\"elementor-toggle\">\n\t\t\t\t\t\t\t<div class=\"elementor-toggle-item\">\n\t\t\t\t\t<div id=\"elementor-tab-title-2361\" class=\"elementor-tab-title\" data-tab=\"1\" role=\"button\" aria-controls=\"elementor-tab-content-2361\" aria-expanded=\"false\">\n\t\t\t\t\t\t\t\t\t\t\t\t<span class=\"elementor-toggle-icon elementor-toggle-icon-left\" aria-hidden=\"true\">\n\t\t\t\t\t\t\t\t\t\t\t\t\t\t\t<span class=\"elementor-toggle-icon-closed\"><i class=\"fas fa-chevron-down\"><\/i><\/span>\n\t\t\t\t\t\t\t\t<span class=\"elementor-toggle-icon-opened\"><i class=\"elementor-toggle-icon-opened fas fa-chevron-up\"><\/i><\/span>\n\t\t\t\t\t\t\t\t\t\t\t\t\t<\/span>\n\t\t\t\t\t\t\t\t\t\t\t\t<a class=\"elementor-toggle-title\" tabindex=\"0\">Information<\/a>\n\t\t\t\t\t<\/div>\n\n\t\t\t\t\t<div id=\"elementor-tab-content-2361\" class=\"elementor-tab-content elementor-clearfix\" data-tab=\"1\" role=\"region\" aria-labelledby=\"elementor-tab-title-2361\">\tWir laden Sie herzlich ein, in einer ca. 7,5 km\nlangen Wanderung mit teilweise steilen Wege-\nabschnitten (festes Schuhwerk!), ca. 200 m\nHoehenunterschied und mit beeindruckenden\nAusblicken die einmalig faszinierende Einheit\neiner Landschaft mit seltenen waermeliebenden\nPflanzen und Tieren, schroffen Felsen, Wein-\nbergsterrassen, sanfter Hochflaeche des Mosel-\ntrogs und einer in 2000 Jahren gewachsenen,\nlebendigen Kultur kennenzulernen. Staendig\nwechselnde Aussichten werden Ihnen Vielfalt\nund Reiz der WeinKulturLandschaft Mosel vor\nAugen fuehren.<\/div>\n\t\t\t\t<\/div>\n\t\t\t\t\t\t\t<div class=\"elementor-toggle-item\">\n\t\t\t\t\t<div id=\"elementor-tab-title-2362\" class=\"elementor-tab-title\" data-tab=\"2\" role=\"button\" aria-controls=\"elementor-tab-content-2362\" aria-expanded=\"false\">\n\t\t\t\t\t\t\t\t\t\t\t\t<span class=\"elementor-toggle-icon elementor-toggle-icon-left\" aria-hidden=\"true\">\n\t\t\t\t\t\t\t\t\t\t\t\t\t\t\t<span class=\"elementor-toggle-icon-closed\"><i class=\"fas fa-chevron-down\"><\/i><\/span>\n\t\t\t\t\t\t\t\t<span class=\"elementor-toggle-icon-opened\"><i class=\"elementor-toggle-icon-opened fas fa-chevron-up\"><\/i><\/span>\n\t\t\t\t\t\t\t\t\t\t\t\t\t<\/span>\n\t\t\t\t\t\t\t\t\t\t\t\t<a class=\"elementor-toggle-title\" tabindex=\"0\">Touren<\/a>\n\t\t\t\t\t<\/div>\n\n\t\t\t\t\t<div id=\"elementor-tab-content-2362\" class=\"elementor-tab-content elementor-clearfix\" data-tab=\"2\" role=\"region\" aria-labelledby=\"elementor-tab-title-2362\"><\/div>\n\t\t\t\t<\/div>\n\t\t\t\t\t\t\t\t<\/div>\n\t\t\t\t\t\t<\/div>\n\t\t\t\t<\/div>\n\t\t\t\t<div class=\"elementor-element elementor-element-986b155 elementor-widget elementor-widget-button\" data-id=\"986b155\" data-element_type=\"widget\" data-e-type=\"widget\" data-widget_type=\"button.default\">\n\t\t\t\t<div class=\"elementor-widget-container\">\n\t\t\t\t\t\t\t\t\t<div class=\"elementor-button-wrapper\">\n\t\t\t\t\t<a class=\"elementor-button elementor-button-link elementor-size-sm\" href=\"http:\/\/www.apolloweg-valwig.de\/\" target=\"_blank\">\n\t\t\t\t\t\t<span class=\"elementor-button-content-wrapper\">\n\t\t\t\t\t\t\t\t\t<span class=\"elementor-button-text\">Weiterlesen<\/span>\n\t\t\t\t\t<\/span>\n\t\t\t\t\t<\/a>\n\t\t\t\t<\/div>\n\t\t\t\t\t\t\t\t<\/div>\n\t\t\t\t<\/div>\n\t\t\t\t\t<\/div>\n\t\t<\/div>\n\t\t\t\t<div class=\"elementor-column elementor-col-50 elementor-top-column elementor-element elementor-element-1a924ec\" data-id=\"1a924ec\" data-element_type=\"column\" data-e-type=\"column\">\n\t\t\t<div class=\"elementor-widget-wrap elementor-element-populated\">\n\t\t\t\t\t\t<div class=\"elementor-element elementor-element-299f0d5 elementor-widget elementor-widget-image\" data-id=\"299f0d5\" data-element_type=\"widget\" data-e-type=\"widget\" loading=\"lazy\" data-widget_type=\"image.default\">\n\t\t\t\t<div class=\"elementor-widget-container\">\n\t\t\t\t\t\t\t\t\t\t\t\t\t\t\t<img loading=\"lazy\" decoding=\"async\" width=\"640\" height=\"427\" src=\"https:\/\/beilstein-mosel.de\/wp-content\/uploads\/2021\/09\/Erlebnisweg-Moselkrampen-4.jpg\" class=\"attachment-full size-full wp-image-5465\" alt=\"\" srcset=\"https:\/\/beilstein-mosel.de\/wp-content\/uploads\/2021\/09\/Erlebnisweg-Moselkrampen-4.jpg 640w, https:\/\/beilstein-mosel.de\/wp-content\/uploads\/2021\/09\/Erlebnisweg-Moselkrampen-4-600x400.jpg 600w, https:\/\/beilstein-mosel.de\/wp-content\/uploads\/2021\/09\/Erlebnisweg-Moselkrampen-4-300x200.jpg 300w\" sizes=\"(max-width: 640px) 100vw, 640px\" \/>\t\t\t\t\t\t\t\t\t\t\t\t\t\t\t<\/div>\n\t\t\t\t<\/div>\n\t\t\t\t\t<\/div>\n\t\t<\/div>\n\t\t\t\t\t<\/div>\n\t\t<\/section>\n\t\t\t\t<section class=\"elementor-section elementor-top-section elementor-element elementor-element-42455a9 elementor-section-content-middle elementor-section-boxed elementor-section-gap-beside-yes elementor-section-height-default elementor-section-height-default elementor-section-column-vertical-align-stretch\" data-id=\"42455a9\" data-element_type=\"section\" data-e-type=\"section\">\n\t\t\t\t\t\t<div class=\"elementor-container elementor-column-gap-extended\">\n\t\t\t\t\t<div class=\"elementor-column elementor-col-50 elementor-top-column elementor-element elementor-element-8339c4b\" data-id=\"8339c4b\" data-element_type=\"column\" data-e-type=\"column\">\n\t\t\t<div class=\"elementor-widget-wrap elementor-element-populated\">\n\t\t\t\t\t\t<div class=\"elementor-element elementor-element-0333278 elementor-widget elementor-widget-image\" data-id=\"0333278\" data-element_type=\"widget\" data-e-type=\"widget\" loading=\"lazy\" data-widget_type=\"image.default\">\n\t\t\t\t<div class=\"elementor-widget-container\">\n\t\t\t\t\t\t\t\t\t\t\t\t\t\t\t<img decoding=\"async\" width=\"640\" height=\"425\" src=\"https:\/\/beilstein-mosel.de\/wp-content\/uploads\/2021\/09\/Erlebnisweg-Moselkrampen-1.jpg\" class=\"attachment-full size-full wp-image-5462\" alt=\"\" srcset=\"https:\/\/beilstein-mosel.de\/wp-content\/uploads\/2021\/09\/Erlebnisweg-Moselkrampen-1.jpg 640w, https:\/\/beilstein-mosel.de\/wp-content\/uploads\/2021\/09\/Erlebnisweg-Moselkrampen-1-600x398.jpg 600w, https:\/\/beilstein-mosel.de\/wp-content\/uploads\/2021\/09\/Erlebnisweg-Moselkrampen-1-300x199.jpg 300w\" sizes=\"(max-width: 640px) 100vw, 640px\" \/>\t\t\t\t\t\t\t\t\t\t\t\t\t\t\t<\/div>\n\t\t\t\t<\/div>\n\t\t\t\t\t<\/div>\n\t\t<\/div>\n\t\t\t\t<div class=\"elementor-column elementor-col-50 elementor-top-column elementor-element elementor-element-f460c0e\" data-id=\"f460c0e\" data-element_type=\"column\" data-e-type=\"column\">\n\t\t\t<div class=\"elementor-widget-wrap elementor-element-populated\">\n\t\t\t\t\t\t<div class=\"elementor-element elementor-element-e784c02 elementor-widget elementor-widget-heading\" data-id=\"e784c02\" data-element_type=\"widget\" data-e-type=\"widget\" data-widget_type=\"heading.default\">\n\t\t\t\t<div class=\"elementor-widget-container\">\n\t\t\t\t\t<h3 class=\"elementor-heading-title elementor-size-default\">Der Calmont Klettersteig<\/h3>\t\t\t\t<\/div>\n\t\t\t\t<\/div>\n\t\t\t\t<div class=\"elementor-element elementor-element-27e5430 elementor-widget elementor-widget-toggle\" data-id=\"27e5430\" data-element_type=\"widget\" data-e-type=\"widget\" data-widget_type=\"toggle.default\">\n\t\t\t\t<div class=\"elementor-widget-container\">\n\t\t\t\t\t\t\t<div class=\"elementor-toggle\">\n\t\t\t\t\t\t\t<div class=\"elementor-toggle-item\">\n\t\t\t\t\t<div id=\"elementor-tab-title-4181\" class=\"elementor-tab-title\" data-tab=\"1\" role=\"button\" aria-controls=\"elementor-tab-content-4181\" aria-expanded=\"false\">\n\t\t\t\t\t\t\t\t\t\t\t\t<span class=\"elementor-toggle-icon elementor-toggle-icon-left\" aria-hidden=\"true\">\n\t\t\t\t\t\t\t\t\t\t\t\t\t\t\t<span class=\"elementor-toggle-icon-closed\"><i class=\"fas fa-chevron-down\"><\/i><\/span>\n\t\t\t\t\t\t\t\t<span class=\"elementor-toggle-icon-opened\"><i class=\"elementor-toggle-icon-opened fas fa-chevron-up\"><\/i><\/span>\n\t\t\t\t\t\t\t\t\t\t\t\t\t<\/span>\n\t\t\t\t\t\t\t\t\t\t\t\t<a class=\"elementor-toggle-title\" tabindex=\"0\">Information<\/a>\n\t\t\t\t\t<\/div>\n\n\t\t\t\t\t<div id=\"elementor-tab-content-4181\" class=\"elementor-tab-content elementor-clearfix\" data-tab=\"1\" role=\"region\" aria-labelledby=\"elementor-tab-title-4181\">Der bekannte Weinort Bremm mit etwa 850 Einwohnern liegt an der wohl bekanntesten und einer der sch\u00f6nsten Moselschleifen im Herzen der Calmont \u2013 Region. Die Landschaft um unser Dorf erh\u00e4lt ihren einmaligen Charakter durch die steilen H\u00e4nge des Calmonts und der Klosterruine Stuben: eine Naturkulisse der ganz besonderen Art. Der Bremmer Calmont mit 378 Metern H\u00f6he und ca. 65 Grad Steigung ist die steilste Weinbergslage Europas.<\/div>\n\t\t\t\t<\/div>\n\t\t\t\t\t\t\t<div class=\"elementor-toggle-item\">\n\t\t\t\t\t<div id=\"elementor-tab-title-4182\" class=\"elementor-tab-title\" data-tab=\"2\" role=\"button\" aria-controls=\"elementor-tab-content-4182\" aria-expanded=\"false\">\n\t\t\t\t\t\t\t\t\t\t\t\t<span class=\"elementor-toggle-icon elementor-toggle-icon-left\" aria-hidden=\"true\">\n\t\t\t\t\t\t\t\t\t\t\t\t\t\t\t<span class=\"elementor-toggle-icon-closed\"><i class=\"fas fa-chevron-down\"><\/i><\/span>\n\t\t\t\t\t\t\t\t<span class=\"elementor-toggle-icon-opened\"><i class=\"elementor-toggle-icon-opened fas fa-chevron-up\"><\/i><\/span>\n\t\t\t\t\t\t\t\t\t\t\t\t\t<\/span>\n\t\t\t\t\t\t\t\t\t\t\t\t<a class=\"elementor-toggle-title\" tabindex=\"0\">Touren<\/a>\n\t\t\t\t\t<\/div>\n\n\t\t\t\t\t<div id=\"elementor-tab-content-4182\" class=\"elementor-tab-content elementor-clearfix\" data-tab=\"2\" role=\"region\" aria-labelledby=\"elementor-tab-title-4182\"><\/div>\n\t\t\t\t<\/div>\n\t\t\t\t\t\t\t\t<\/div>\n\t\t\t\t\t\t<\/div>\n\t\t\t\t<\/div>\n\t\t\t\t<div class=\"elementor-element elementor-element-c69bb54 elementor-widget elementor-widget-button\" data-id=\"c69bb54\" data-element_type=\"widget\" data-e-type=\"widget\" data-widget_type=\"button.default\">\n\t\t\t\t<div class=\"elementor-widget-container\">\n\t\t\t\t\t\t\t\t\t<div class=\"elementor-button-wrapper\">\n\t\t\t\t\t<a class=\"elementor-button elementor-button-link elementor-size-sm\" href=\"http:\/\/www.calmont-mosel.de\/\" target=\"_blank\">\n\t\t\t\t\t\t<span class=\"elementor-button-content-wrapper\">\n\t\t\t\t\t\t\t\t\t<span class=\"elementor-button-text\">Weiterlesen<\/span>\n\t\t\t\t\t<\/span>\n\t\t\t\t\t<\/a>\n\t\t\t\t<\/div>\n\t\t\t\t\t\t\t\t<\/div>\n\t\t\t\t<\/div>\n\t\t\t\t\t<\/div>\n\t\t<\/div>\n\t\t\t\t\t<\/div>\n\t\t<\/section>\n\t\t\t\t<section class=\"elementor-section elementor-top-section elementor-element elementor-element-9e8c872 elementor-section-content-middle elementor-reverse-mobile elementor-reverse-tablet elementor-section-boxed elementor-section-gap-beside-yes elementor-section-height-default elementor-section-height-default elementor-section-column-vertical-align-stretch\" data-id=\"9e8c872\" data-element_type=\"section\" data-e-type=\"section\">\n\t\t\t\t\t\t<div class=\"elementor-container elementor-column-gap-extended\">\n\t\t\t\t\t<div class=\"elementor-column elementor-col-50 elementor-top-column elementor-element elementor-element-7979433\" data-id=\"7979433\" data-element_type=\"column\" data-e-type=\"column\">\n\t\t\t<div class=\"elementor-widget-wrap elementor-element-populated\">\n\t\t\t\t\t\t<div class=\"elementor-element elementor-element-f978d63 elementor-widget elementor-widget-heading\" data-id=\"f978d63\" data-element_type=\"widget\" data-e-type=\"widget\" data-widget_type=\"heading.default\">\n\t\t\t\t<div class=\"elementor-widget-container\">\n\t\t\t\t\t<h3 class=\"elementor-heading-title elementor-size-default\">Erlebnisweg BREVA<\/h3>\t\t\t\t<\/div>\n\t\t\t\t<\/div>\n\t\t\t\t<div class=\"elementor-element elementor-element-95e228d elementor-widget elementor-widget-toggle\" data-id=\"95e228d\" data-element_type=\"widget\" data-e-type=\"widget\" data-widget_type=\"toggle.default\">\n\t\t\t\t<div class=\"elementor-widget-container\">\n\t\t\t\t\t\t\t<div class=\"elementor-toggle\">\n\t\t\t\t\t\t\t<div class=\"elementor-toggle-item\">\n\t\t\t\t\t<div id=\"elementor-tab-title-1571\" class=\"elementor-tab-title\" data-tab=\"1\" role=\"button\" aria-controls=\"elementor-tab-content-1571\" aria-expanded=\"false\">\n\t\t\t\t\t\t\t\t\t\t\t\t<span class=\"elementor-toggle-icon elementor-toggle-icon-left\" aria-hidden=\"true\">\n\t\t\t\t\t\t\t\t\t\t\t\t\t\t\t<span class=\"elementor-toggle-icon-closed\"><i class=\"fas fa-chevron-down\"><\/i><\/span>\n\t\t\t\t\t\t\t\t<span class=\"elementor-toggle-icon-opened\"><i class=\"elementor-toggle-icon-opened fas fa-chevron-up\"><\/i><\/span>\n\t\t\t\t\t\t\t\t\t\t\t\t\t<\/span>\n\t\t\t\t\t\t\t\t\t\t\t\t<a class=\"elementor-toggle-title\" tabindex=\"0\">Information<\/a>\n\t\t\t\t\t<\/div>\n\n\t\t\t\t\t<div id=\"elementor-tab-content-1571\" class=\"elementor-tab-content elementor-clearfix\" data-tab=\"1\" role=\"region\" aria-labelledby=\"elementor-tab-title-1571\">Kommen Sie in den Genuss eines einzigartigen Mosel-Rieslings. Lassen Sie sich begeistern von einer au\u00dfergew\u00f6hnlichen Wanderung durch die Steillage an der Terrassenmosel. Erleben und genie\u00dfen Sie die au\u00dfergew\u00f6hnliche Verbindung von Wein und Weg.<\/div>\n\t\t\t\t<\/div>\n\t\t\t\t\t\t\t<div class=\"elementor-toggle-item\">\n\t\t\t\t\t<div id=\"elementor-tab-title-1572\" class=\"elementor-tab-title\" data-tab=\"2\" role=\"button\" aria-controls=\"elementor-tab-content-1572\" aria-expanded=\"false\">\n\t\t\t\t\t\t\t\t\t\t\t\t<span class=\"elementor-toggle-icon elementor-toggle-icon-left\" aria-hidden=\"true\">\n\t\t\t\t\t\t\t\t\t\t\t\t\t\t\t<span class=\"elementor-toggle-icon-closed\"><i class=\"fas fa-chevron-down\"><\/i><\/span>\n\t\t\t\t\t\t\t\t<span class=\"elementor-toggle-icon-opened\"><i class=\"elementor-toggle-icon-opened fas fa-chevron-up\"><\/i><\/span>\n\t\t\t\t\t\t\t\t\t\t\t\t\t<\/span>\n\t\t\t\t\t\t\t\t\t\t\t\t<a class=\"elementor-toggle-title\" tabindex=\"0\">Touren<\/a>\n\t\t\t\t\t<\/div>\n\n\t\t\t\t\t<div id=\"elementor-tab-content-1572\" class=\"elementor-tab-content elementor-clearfix\" data-tab=\"2\" role=\"region\" aria-labelledby=\"elementor-tab-title-1572\"><\/div>\n\t\t\t\t<\/div>\n\t\t\t\t\t\t\t\t<\/div>\n\t\t\t\t\t\t<\/div>\n\t\t\t\t<\/div>\n\t\t\t\t<div class=\"elementor-element elementor-element-d0a5388 elementor-widget elementor-widget-button\" data-id=\"d0a5388\" data-element_type=\"widget\" data-e-type=\"widget\" data-widget_type=\"button.default\">\n\t\t\t\t<div class=\"elementor-widget-container\">\n\t\t\t\t\t\t\t\t\t<div class=\"elementor-button-wrapper\">\n\t\t\t\t\t<a class=\"elementor-button elementor-button-link elementor-size-sm\" href=\"http:\/\/www.brevaweinundweg.de\/\" target=\"_blank\">\n\t\t\t\t\t\t<span class=\"elementor-button-content-wrapper\">\n\t\t\t\t\t\t\t\t\t<span class=\"elementor-button-text\">Weiterlesen<\/span>\n\t\t\t\t\t<\/span>\n\t\t\t\t\t<\/a>\n\t\t\t\t<\/div>\n\t\t\t\t\t\t\t\t<\/div>\n\t\t\t\t<\/div>\n\t\t\t\t\t<\/div>\n\t\t<\/div>\n\t\t\t\t<div class=\"elementor-column elementor-col-50 elementor-top-column elementor-element elementor-element-4298bc0\" data-id=\"4298bc0\" data-element_type=\"column\" data-e-type=\"column\">\n\t\t\t<div class=\"elementor-widget-wrap elementor-element-populated\">\n\t\t\t\t\t\t<div class=\"elementor-element elementor-element-5f741f9 elementor-widget elementor-widget-image\" data-id=\"5f741f9\" data-element_type=\"widget\" data-e-type=\"widget\" loading=\"lazy\" data-widget_type=\"image.default\">\n\t\t\t\t<div class=\"elementor-widget-container\">\n\t\t\t\t\t\t\t\t\t\t\t\t\t\t\t<img loading=\"lazy\" decoding=\"async\" width=\"640\" height=\"425\" src=\"https:\/\/beilstein-mosel.de\/wp-content\/uploads\/2021\/09\/Erlebnisweg-Moselkrampen-2.jpg\" class=\"attachment-full size-full wp-image-5463\" alt=\"\" srcset=\"https:\/\/beilstein-mosel.de\/wp-content\/uploads\/2021\/09\/Erlebnisweg-Moselkrampen-2.jpg 640w, https:\/\/beilstein-mosel.de\/wp-content\/uploads\/2021\/09\/Erlebnisweg-Moselkrampen-2-600x398.jpg 600w, https:\/\/beilstein-mosel.de\/wp-content\/uploads\/2021\/09\/Erlebnisweg-Moselkrampen-2-300x199.jpg 300w\" sizes=\"(max-width: 640px) 100vw, 640px\" \/>\t\t\t\t\t\t\t\t\t\t\t\t\t\t\t<\/div>\n\t\t\t\t<\/div>\n\t\t\t\t\t<\/div>\n\t\t<\/div>\n\t\t\t\t\t<\/div>\n\t\t<\/section>\n\t\t\t\t<section class=\"elementor-section elementor-top-section elementor-element elementor-element-a7e538c elementor-section-content-middle elementor-section-boxed elementor-section-gap-beside-yes elementor-section-height-default elementor-section-height-default elementor-section-column-vertical-align-stretch\" data-id=\"a7e538c\" data-element_type=\"section\" data-e-type=\"section\">\n\t\t\t\t\t\t<div class=\"elementor-container elementor-column-gap-extended\">\n\t\t\t\t\t<div class=\"elementor-column elementor-col-50 elementor-top-column elementor-element elementor-element-f61982e\" data-id=\"f61982e\" data-element_type=\"column\" data-e-type=\"column\">\n\t\t\t<div class=\"elementor-widget-wrap elementor-element-populated\">\n\t\t\t\t\t\t<div class=\"elementor-element elementor-element-7928785 elementor-widget elementor-widget-image\" data-id=\"7928785\" data-element_type=\"widget\" data-e-type=\"widget\" loading=\"lazy\" data-widget_type=\"image.default\">\n\t\t\t\t<div class=\"elementor-widget-container\">\n\t\t\t\t\t\t\t\t\t\t\t\t\t\t\t<img loading=\"lazy\" decoding=\"async\" width=\"640\" height=\"425\" src=\"https:\/\/beilstein-mosel.de\/wp-content\/uploads\/2021\/09\/Erlebnisweg-Moselkrampen-5.jpg\" class=\"attachment-full size-full wp-image-5466\" alt=\"\" srcset=\"https:\/\/beilstein-mosel.de\/wp-content\/uploads\/2021\/09\/Erlebnisweg-Moselkrampen-5.jpg 640w, https:\/\/beilstein-mosel.de\/wp-content\/uploads\/2021\/09\/Erlebnisweg-Moselkrampen-5-600x398.jpg 600w, https:\/\/beilstein-mosel.de\/wp-content\/uploads\/2021\/09\/Erlebnisweg-Moselkrampen-5-300x199.jpg 300w\" sizes=\"(max-width: 640px) 100vw, 640px\" \/>\t\t\t\t\t\t\t\t\t\t\t\t\t\t\t<\/div>\n\t\t\t\t<\/div>\n\t\t\t\t\t<\/div>\n\t\t<\/div>\n\t\t\t\t<div class=\"elementor-column elementor-col-50 elementor-top-column elementor-element elementor-element-f3da7cf\" data-id=\"f3da7cf\" data-element_type=\"column\" data-e-type=\"column\">\n\t\t\t<div class=\"elementor-widget-wrap elementor-element-populated\">\n\t\t\t\t\t\t<div class=\"elementor-element elementor-element-b8531e6 elementor-widget elementor-widget-heading\" data-id=\"b8531e6\" data-element_type=\"widget\" data-e-type=\"widget\" data-widget_type=\"heading.default\">\n\t\t\t\t<div class=\"elementor-widget-container\">\n\t\t\t\t\t<h3 class=\"elementor-heading-title elementor-size-default\">Moselsteig<\/h3>\t\t\t\t<\/div>\n\t\t\t\t<\/div>\n\t\t\t\t<div class=\"elementor-element elementor-element-4d7d9a0 elementor-widget elementor-widget-toggle\" data-id=\"4d7d9a0\" data-element_type=\"widget\" data-e-type=\"widget\" data-widget_type=\"toggle.default\">\n\t\t\t\t<div class=\"elementor-widget-container\">\n\t\t\t\t\t\t\t<div class=\"elementor-toggle\">\n\t\t\t\t\t\t\t<div class=\"elementor-toggle-item\">\n\t\t\t\t\t<div id=\"elementor-tab-title-8121\" class=\"elementor-tab-title\" data-tab=\"1\" role=\"button\" aria-controls=\"elementor-tab-content-8121\" aria-expanded=\"false\">\n\t\t\t\t\t\t\t\t\t\t\t\t<span class=\"elementor-toggle-icon elementor-toggle-icon-left\" aria-hidden=\"true\">\n\t\t\t\t\t\t\t\t\t\t\t\t\t\t\t<span class=\"elementor-toggle-icon-closed\"><i class=\"fas fa-chevron-down\"><\/i><\/span>\n\t\t\t\t\t\t\t\t<span class=\"elementor-toggle-icon-opened\"><i class=\"elementor-toggle-icon-opened fas fa-chevron-up\"><\/i><\/span>\n\t\t\t\t\t\t\t\t\t\t\t\t\t<\/span>\n\t\t\t\t\t\t\t\t\t\t\t\t<a class=\"elementor-toggle-title\" tabindex=\"0\">Information<\/a>\n\t\t\t\t\t<\/div>\n\n\t\t\t\t\t<div id=\"elementor-tab-content-8121\" class=\"elementor-tab-content elementor-clearfix\" data-tab=\"1\" role=\"region\" aria-labelledby=\"elementor-tab-title-8121\">Ist es die einzigartige Landschaft? Ist es der Wein? Sind es die Ortschaften, mal mittelalterlich, mal r\u00f6misch gepr\u00e4gt? Ist es die sprichw\u00f6rtliche Gastfreundschaft und die Freude an kulinarischen Gen\u00fcssen? Finde deine eigene Antwort auf das, was das Wandern auf dem Moselsteig so einzigartig macht!<\/div>\n\t\t\t\t<\/div>\n\t\t\t\t\t\t\t<div class=\"elementor-toggle-item\">\n\t\t\t\t\t<div id=\"elementor-tab-title-8122\" class=\"elementor-tab-title\" data-tab=\"2\" role=\"button\" aria-controls=\"elementor-tab-content-8122\" aria-expanded=\"false\">\n\t\t\t\t\t\t\t\t\t\t\t\t<span class=\"elementor-toggle-icon elementor-toggle-icon-left\" aria-hidden=\"true\">\n\t\t\t\t\t\t\t\t\t\t\t\t\t\t\t<span class=\"elementor-toggle-icon-closed\"><i class=\"fas fa-chevron-down\"><\/i><\/span>\n\t\t\t\t\t\t\t\t<span class=\"elementor-toggle-icon-opened\"><i class=\"elementor-toggle-icon-opened fas fa-chevron-up\"><\/i><\/span>\n\t\t\t\t\t\t\t\t\t\t\t\t\t<\/span>\n\t\t\t\t\t\t\t\t\t\t\t\t<a class=\"elementor-toggle-title\" tabindex=\"0\">Touren<\/a>\n\t\t\t\t\t<\/div>\n\n\t\t\t\t\t<div id=\"elementor-tab-content-8122\" class=\"elementor-tab-content elementor-clearfix\" data-tab=\"2\" role=\"region\" aria-labelledby=\"elementor-tab-title-8122\"><\/div>\n\t\t\t\t<\/div>\n\t\t\t\t\t\t\t\t<\/div>\n\t\t\t\t\t\t<\/div>\n\t\t\t\t<\/div>\n\t\t\t\t<div class=\"elementor-element elementor-element-afd67e2 elementor-widget elementor-widget-button\" data-id=\"afd67e2\" data-element_type=\"widget\" data-e-type=\"widget\" data-widget_type=\"button.default\">\n\t\t\t\t<div class=\"elementor-widget-container\">\n\t\t\t\t\t\t\t\t\t<div class=\"elementor-button-wrapper\">\n\t\t\t\t\t<a class=\"elementor-button elementor-button-link elementor-size-sm\" href=\"http:\/\/www.moselsteig.de\/\" target=\"_blank\">\n\t\t\t\t\t\t<span class=\"elementor-button-content-wrapper\">\n\t\t\t\t\t\t\t\t\t<span class=\"elementor-button-text\">Weiterlesen<\/span>\n\t\t\t\t\t<\/span>\n\t\t\t\t\t<\/a>\n\t\t\t\t<\/div>\n\t\t\t\t\t\t\t\t<\/div>\n\t\t\t\t<\/div>\n\t\t\t\t\t<\/div>\n\t\t<\/div>\n\t\t\t\t\t<\/div>\n\t\t<\/section>\n\t\t\t\t<\/div>\n\t\t        <\/div>\n        <\/div><div id=\"htmove-advance-tab-36dccd9f\" class=\"htmove-tab-pane\">        <div class=\"htmove-tab-body\">\n            \t\t<div data-elementor-type=\"section\" data-elementor-id=\"6277\" class=\"elementor elementor-6277\" data-elementor-post-type=\"elementor_library\">\n\t\t\t\t\t<section class=\"elementor-section elementor-top-section elementor-element elementor-element-18a750f elementor-section-content-middle elementor-reverse-mobile elementor-reverse-tablet elementor-section-boxed elementor-section-gap-beside-yes elementor-section-height-default elementor-section-height-default elementor-section-column-vertical-align-stretch\" data-id=\"18a750f\" data-element_type=\"section\" data-e-type=\"section\">\n\t\t\t\t\t\t<div class=\"elementor-container elementor-column-gap-extended\">\n\t\t\t\t\t<div class=\"elementor-column elementor-col-50 elementor-top-column elementor-element elementor-element-015c25f\" data-id=\"015c25f\" data-element_type=\"column\" data-e-type=\"column\">\n\t\t\t<div class=\"elementor-widget-wrap elementor-element-populated\">\n\t\t\t\t\t\t<div class=\"elementor-element elementor-element-e19301f elementor-widget elementor-widget-heading\" data-id=\"e19301f\" data-element_type=\"widget\" data-e-type=\"widget\" data-widget_type=\"heading.default\">\n\t\t\t\t<div class=\"elementor-widget-container\">\n\t\t\t\t\t<h3 class=\"elementor-heading-title elementor-size-default\">Historische Stadtf\u00fchrungen<\/h3>\t\t\t\t<\/div>\n\t\t\t\t<\/div>\n\t\t\t\t<div class=\"elementor-element elementor-element-680e1d1 elementor-widget elementor-widget-text-editor\" data-id=\"680e1d1\" data-element_type=\"widget\" data-e-type=\"widget\" data-widget_type=\"text-editor.default\">\n\t\t\t\t<div class=\"elementor-widget-container\">\n\t\t\t\t\t\t\t\t\t<p>F\u00fcr die historisch interessierten Besucher in Beilstein\/Mosel \u2013 diese werden gl\u00fccklicherweise immer zahlreicher \u2013 biete ich eine Stadtf\u00fchrung durch Beilstein an, die einen sozialgeschichtlichen bzw. kulturhistorischen Ansatz verfolgt.<\/p><p>Mir ist es wichtig die \u00e4u\u00dferen Umst\u00e4nde und Lebensbedingungen insbesondere der \u201ekleinen Leute\u201c in den letzten paar hundert Jahren in Beilstein und im Moseltal ein wenig zu verdeutlichen.<\/p>\t\t\t\t\t\t\t\t<\/div>\n\t\t\t\t<\/div>\n\t\t\t\t<div class=\"elementor-element elementor-element-3832761 elementor-widget elementor-widget-button\" data-id=\"3832761\" data-element_type=\"widget\" data-e-type=\"widget\" data-widget_type=\"button.default\">\n\t\t\t\t<div class=\"elementor-widget-container\">\n\t\t\t\t\t\t\t\t\t<div class=\"elementor-button-wrapper\">\n\t\t\t\t\t<a class=\"elementor-button elementor-button-link elementor-size-sm\" href=\"http:\/\/www.beilstein-stadtfuehrung.de\/\" target=\"_blank\">\n\t\t\t\t\t\t<span class=\"elementor-button-content-wrapper\">\n\t\t\t\t\t\t\t\t\t<span class=\"elementor-button-text\">Weiterlesen<\/span>\n\t\t\t\t\t<\/span>\n\t\t\t\t\t<\/a>\n\t\t\t\t<\/div>\n\t\t\t\t\t\t\t\t<\/div>\n\t\t\t\t<\/div>\n\t\t\t\t\t<\/div>\n\t\t<\/div>\n\t\t\t\t<div class=\"elementor-column elementor-col-50 elementor-top-column elementor-element elementor-element-da6b8b7\" data-id=\"da6b8b7\" data-element_type=\"column\" data-e-type=\"column\">\n\t\t\t<div class=\"elementor-widget-wrap elementor-element-populated\">\n\t\t\t\t\t\t<div class=\"elementor-element elementor-element-8c121cd elementor-widget elementor-widget-image\" data-id=\"8c121cd\" data-element_type=\"widget\" data-e-type=\"widget\" loading=\"lazy\" data-widget_type=\"image.default\">\n\t\t\t\t<div class=\"elementor-widget-container\">\n\t\t\t\t\t\t\t\t\t\t\t\t\t\t\t<img loading=\"lazy\" decoding=\"async\" width=\"512\" height=\"512\" src=\"https:\/\/beilstein-mosel.de\/wp-content\/uploads\/2021\/09\/Logo_home_1.png\" class=\"attachment-full size-full wp-image-5720\" alt=\"\" srcset=\"https:\/\/beilstein-mosel.de\/wp-content\/uploads\/2021\/09\/Logo_home_1.png 512w, https:\/\/beilstein-mosel.de\/wp-content\/uploads\/2021\/09\/Logo_home_1-300x300.png 300w, https:\/\/beilstein-mosel.de\/wp-content\/uploads\/2021\/09\/Logo_home_1-100x100.png 100w, https:\/\/beilstein-mosel.de\/wp-content\/uploads\/2021\/09\/Logo_home_1-150x150.png 150w\" sizes=\"(max-width: 512px) 100vw, 512px\" \/>\t\t\t\t\t\t\t\t\t\t\t\t\t\t\t<\/div>\n\t\t\t\t<\/div>\n\t\t\t\t\t<\/div>\n\t\t<\/div>\n\t\t\t\t\t<\/div>\n\t\t<\/section>\n\t\t\t\t<\/div>\n\t\t        <\/div>\n        <\/div><div id=\"htmove-advance-tab-46dccd9f\" class=\"htmove-tab-pane\">        <div class=\"htmove-tab-body\">\n            \t\t<div data-elementor-type=\"section\" data-elementor-id=\"6271\" class=\"elementor elementor-6271\" data-elementor-post-type=\"elementor_library\">\n\t\t\t\t\t<section class=\"elementor-section elementor-top-section elementor-element elementor-element-1bd71ce elementor-section-content-middle elementor-section-boxed elementor-section-gap-beside-yes elementor-section-height-default elementor-section-height-default elementor-section-column-vertical-align-stretch\" data-id=\"1bd71ce\" data-element_type=\"section\" data-e-type=\"section\">\n\t\t\t\t\t\t<div class=\"elementor-container elementor-column-gap-extended\">\n\t\t\t\t\t<div class=\"elementor-column elementor-col-50 elementor-top-column elementor-element elementor-element-77e0723\" data-id=\"77e0723\" data-element_type=\"column\" data-e-type=\"column\">\n\t\t\t<div class=\"elementor-widget-wrap elementor-element-populated\">\n\t\t\t\t\t\t<div class=\"elementor-element elementor-element-f084893 elementor-widget elementor-widget-image\" data-id=\"f084893\" data-element_type=\"widget\" data-e-type=\"widget\" loading=\"lazy\" data-widget_type=\"image.default\">\n\t\t\t\t<div class=\"elementor-widget-container\">\n\t\t\t\t\t\t\t\t\t\t\t\t\t\t\t<img loading=\"lazy\" decoding=\"async\" width=\"1600\" height=\"761\" src=\"https:\/\/beilstein-mosel.de\/wp-content\/uploads\/2021\/09\/Schiffsausfluege-5.jpg\" class=\"attachment-full size-full wp-image-5459\" alt=\"\" srcset=\"https:\/\/beilstein-mosel.de\/wp-content\/uploads\/2021\/09\/Schiffsausfluege-5.jpg 1600w, https:\/\/beilstein-mosel.de\/wp-content\/uploads\/2021\/09\/Schiffsausfluege-5-600x285.jpg 600w, https:\/\/beilstein-mosel.de\/wp-content\/uploads\/2021\/09\/Schiffsausfluege-5-300x143.jpg 300w, https:\/\/beilstein-mosel.de\/wp-content\/uploads\/2021\/09\/Schiffsausfluege-5-1024x487.jpg 1024w, https:\/\/beilstein-mosel.de\/wp-content\/uploads\/2021\/09\/Schiffsausfluege-5-768x365.jpg 768w, https:\/\/beilstein-mosel.de\/wp-content\/uploads\/2021\/09\/Schiffsausfluege-5-1536x731.jpg 1536w\" sizes=\"(max-width: 1600px) 100vw, 1600px\" \/>\t\t\t\t\t\t\t\t\t\t\t\t\t\t\t<\/div>\n\t\t\t\t<\/div>\n\t\t\t\t\t<\/div>\n\t\t<\/div>\n\t\t\t\t<div class=\"elementor-column elementor-col-50 elementor-top-column elementor-element elementor-element-c4cfe08\" data-id=\"c4cfe08\" data-element_type=\"column\" data-e-type=\"column\">\n\t\t\t<div class=\"elementor-widget-wrap elementor-element-populated\">\n\t\t\t\t\t\t<div class=\"elementor-element elementor-element-4a826cf elementor-widget elementor-widget-heading\" data-id=\"4a826cf\" data-element_type=\"widget\" data-e-type=\"widget\" data-widget_type=\"heading.default\">\n\t\t\t\t<div class=\"elementor-widget-container\">\n\t\t\t\t\t<h3 class=\"elementor-heading-title elementor-size-default\">Erleben Sie die Mosel aus einer anderen Perspektive<\/h3>\t\t\t\t<\/div>\n\t\t\t\t<\/div>\n\t\t\t\t<div class=\"elementor-element elementor-element-38bf72a elementor-widget elementor-widget-text-editor\" data-id=\"38bf72a\" data-element_type=\"widget\" data-e-type=\"widget\" data-widget_type=\"text-editor.default\">\n\t\t\t\t<div class=\"elementor-widget-container\">\n\t\t\t\t\t\t\t\t\tIdyllische Landschaften, historische Burgen und sch\u00f6ne Ortschaften pr\u00e4gen die Mosel rund um Cochem. Fahren Sie mit unseren modernen Schiffen von Cochem ins romantische Traben-Trarbach, ins vertr\u00e4umte Winzerst\u00e4dtchen Beilstein oder kombinieren Sie eine Schiffstour nach Treis-Karden mit einer Wanderung zur Burg Eltz.\t\t\t\t\t\t\t\t<\/div>\n\t\t\t\t<\/div>\n\t\t\t\t<div class=\"elementor-element elementor-element-bddbe0d elementor-widget elementor-widget-button\" data-id=\"bddbe0d\" data-element_type=\"widget\" data-e-type=\"widget\" data-widget_type=\"button.default\">\n\t\t\t\t<div class=\"elementor-widget-container\">\n\t\t\t\t\t\t\t\t\t<div class=\"elementor-button-wrapper\">\n\t\t\t\t\t<a class=\"elementor-button elementor-button-link elementor-size-sm\" href=\"http:\/\/www.moselfahrplan.de\/\" target=\"_blank\">\n\t\t\t\t\t\t<span class=\"elementor-button-content-wrapper\">\n\t\t\t\t\t\t\t\t\t<span class=\"elementor-button-text\">Weiterlesen<\/span>\n\t\t\t\t\t<\/span>\n\t\t\t\t\t<\/a>\n\t\t\t\t<\/div>\n\t\t\t\t\t\t\t\t<\/div>\n\t\t\t\t<\/div>\n\t\t\t\t\t<\/div>\n\t\t<\/div>\n\t\t\t\t\t<\/div>\n\t\t<\/section>\n\t\t\t\t<\/div>\n\t\t        <\/div>\n        <\/div><div id=\"htmove-advance-tab-56dccd9f\" class=\"htmove-tab-pane\">        <div class=\"htmove-tab-body\">\n            \t\t<div data-elementor-type=\"section\" data-elementor-id=\"6344\" class=\"elementor elementor-6344\" data-elementor-post-type=\"elementor_library\">\n\t\t\t\t\t<section class=\"elementor-section elementor-top-section elementor-element elementor-element-93bb6a2 elementor-section-content-middle elementor-section-boxed elementor-section-gap-beside-yes elementor-section-height-default elementor-section-height-default elementor-section-column-vertical-align-stretch\" data-id=\"93bb6a2\" data-element_type=\"section\" data-e-type=\"section\">\n\t\t\t\t\t\t<div class=\"elementor-container elementor-column-gap-extended\">\n\t\t\t\t\t<div class=\"elementor-column elementor-col-50 elementor-top-column elementor-element elementor-element-37b49b4\" data-id=\"37b49b4\" data-element_type=\"column\" data-e-type=\"column\">\n\t\t\t<div class=\"elementor-widget-wrap elementor-element-populated\">\n\t\t\t\t\t\t<div class=\"elementor-element elementor-element-20290b0 elementor-widget elementor-widget-image\" data-id=\"20290b0\" data-element_type=\"widget\" data-e-type=\"widget\" loading=\"lazy\" data-widget_type=\"image.default\">\n\t\t\t\t<div class=\"elementor-widget-container\">\n\t\t\t\t\t\t\t\t\t\t\t\t\t\t\t<img loading=\"lazy\" decoding=\"async\" width=\"1076\" height=\"717\" src=\"https:\/\/beilstein-mosel.de\/wp-content\/uploads\/2021\/09\/Burg-Metternich-1-2.jpg\" class=\"attachment-full size-full wp-image-7039\" alt=\"\" srcset=\"https:\/\/beilstein-mosel.de\/wp-content\/uploads\/2021\/09\/Burg-Metternich-1-2.jpg 1076w, https:\/\/beilstein-mosel.de\/wp-content\/uploads\/2021\/09\/Burg-Metternich-1-2-300x200.jpg 300w, https:\/\/beilstein-mosel.de\/wp-content\/uploads\/2021\/09\/Burg-Metternich-1-2-1024x682.jpg 1024w, https:\/\/beilstein-mosel.de\/wp-content\/uploads\/2021\/09\/Burg-Metternich-1-2-768x512.jpg 768w, https:\/\/beilstein-mosel.de\/wp-content\/uploads\/2021\/09\/Burg-Metternich-1-2-18x12.jpg 18w, https:\/\/beilstein-mosel.de\/wp-content\/uploads\/2021\/09\/Burg-Metternich-1-2-600x400.jpg 600w\" sizes=\"(max-width: 1076px) 100vw, 1076px\" \/>\t\t\t\t\t\t\t\t\t\t\t\t\t\t\t<\/div>\n\t\t\t\t<\/div>\n\t\t\t\t\t<\/div>\n\t\t<\/div>\n\t\t\t\t<div class=\"elementor-column elementor-col-50 elementor-top-column elementor-element elementor-element-6d8fc2f\" data-id=\"6d8fc2f\" data-element_type=\"column\" data-e-type=\"column\">\n\t\t\t<div class=\"elementor-widget-wrap elementor-element-populated\">\n\t\t\t\t\t\t<div class=\"elementor-element elementor-element-f827ab6 elementor-widget elementor-widget-heading\" data-id=\"f827ab6\" data-element_type=\"widget\" data-e-type=\"widget\" data-widget_type=\"heading.default\">\n\t\t\t\t<div class=\"elementor-widget-container\">\n\t\t\t\t\t<h3 class=\"elementor-heading-title elementor-size-default\">Burgruine Metternich<\/h3>\t\t\t\t<\/div>\n\t\t\t\t<\/div>\n\t\t\t\t<div class=\"elementor-element elementor-element-adcad67 elementor-widget elementor-widget-text-editor\" data-id=\"adcad67\" data-element_type=\"widget\" data-e-type=\"widget\" data-widget_type=\"text-editor.default\">\n\t\t\t\t<div class=\"elementor-widget-container\">\n\t\t\t\t\t\t\t\t\t<p>Erleben Sie eines der Wahrzeichen von Beilstein.<br \/>Erklimmen Sie den Turm und steigen Sie in den historischen Keller hinab. Genie\u00dfen Sie die fantastische Aussicht von der weitl\u00e4ufigen Burgterrasse, wo wir Sie mit erlesenen Moselweinen, deftigen Speisen, sowie Kaffeespezialit\u00e4ten, hausgemachten Kuchen und Eis verw\u00f6hnen.<\/p>\t\t\t\t\t\t\t\t<\/div>\n\t\t\t\t<\/div>\n\t\t\t\t<div class=\"elementor-element elementor-element-bf6acdd elementor-widget elementor-widget-button\" data-id=\"bf6acdd\" data-element_type=\"widget\" data-e-type=\"widget\" data-widget_type=\"button.default\">\n\t\t\t\t<div class=\"elementor-widget-container\">\n\t\t\t\t\t\t\t\t\t<div class=\"elementor-button-wrapper\">\n\t\t\t\t\t<a class=\"elementor-button elementor-button-link elementor-size-sm\" href=\"https:\/\/burgmetternich.de\/\" target=\"_blank\">\n\t\t\t\t\t\t<span class=\"elementor-button-content-wrapper\">\n\t\t\t\t\t\t\t\t\t<span class=\"elementor-button-text\">Weiterlesen<\/span>\n\t\t\t\t\t<\/span>\n\t\t\t\t\t<\/a>\n\t\t\t\t<\/div>\n\t\t\t\t\t\t\t\t<\/div>\n\t\t\t\t<\/div>\n\t\t\t\t\t<\/div>\n\t\t<\/div>\n\t\t\t\t\t<\/div>\n\t\t<\/section>\n\t\t\t\t<section class=\"elementor-section elementor-top-section elementor-element elementor-element-b36200b elementor-section-content-middle elementor-reverse-mobile elementor-reverse-tablet elementor-section-boxed elementor-section-gap-beside-yes elementor-section-height-default elementor-section-height-default elementor-section-column-vertical-align-stretch\" data-id=\"b36200b\" data-element_type=\"section\" data-e-type=\"section\">\n\t\t\t\t\t\t<div class=\"elementor-container elementor-column-gap-extended\">\n\t\t\t\t\t<div class=\"elementor-column elementor-col-50 elementor-top-column elementor-element elementor-element-c98b33e\" data-id=\"c98b33e\" data-element_type=\"column\" data-e-type=\"column\">\n\t\t\t<div class=\"elementor-widget-wrap elementor-element-populated\">\n\t\t\t\t\t\t<div class=\"elementor-element elementor-element-536fba5 elementor-widget elementor-widget-heading\" data-id=\"536fba5\" data-element_type=\"widget\" data-e-type=\"widget\" data-widget_type=\"heading.default\">\n\t\t\t\t<div class=\"elementor-widget-container\">\n\t\t\t\t\t<h3 class=\"elementor-heading-title elementor-size-default\">Reichsburg Cochem<\/h3>\t\t\t\t<\/div>\n\t\t\t\t<\/div>\n\t\t\t\t<div class=\"elementor-element elementor-element-cacb5ea elementor-widget elementor-widget-text-editor\" data-id=\"cacb5ea\" data-element_type=\"widget\" data-e-type=\"widget\" data-widget_type=\"text-editor.default\">\n\t\t\t\t<div class=\"elementor-widget-container\">\n\t\t\t\t\t\t\t\t\tDie Reichsburg Cochem ist mehr als nur eine Burg! So geh\u00f6rt zu einem wundersch\u00f6nen Moselnachmittag f\u00fcr jeden Liebhaber der Ritterzeit auch eine Burgf\u00fchrung durch die alten Gem\u00e4uer der \u00fcber dem Moseltal thronenden Reichsburg, eine der h\u00f6chstgelegenen H\u00f6henburgen an der Mosel.\t\t\t\t\t\t\t\t<\/div>\n\t\t\t\t<\/div>\n\t\t\t\t<div class=\"elementor-element elementor-element-36fac1d elementor-widget elementor-widget-button\" data-id=\"36fac1d\" data-element_type=\"widget\" data-e-type=\"widget\" data-widget_type=\"button.default\">\n\t\t\t\t<div class=\"elementor-widget-container\">\n\t\t\t\t\t\t\t\t\t<div class=\"elementor-button-wrapper\">\n\t\t\t\t\t<a class=\"elementor-button elementor-button-link elementor-size-sm\" href=\"https:\/\/reichsburg-cochem.de\/\" target=\"_blank\">\n\t\t\t\t\t\t<span class=\"elementor-button-content-wrapper\">\n\t\t\t\t\t\t\t\t\t<span class=\"elementor-button-text\">Weiterlesen<\/span>\n\t\t\t\t\t<\/span>\n\t\t\t\t\t<\/a>\n\t\t\t\t<\/div>\n\t\t\t\t\t\t\t\t<\/div>\n\t\t\t\t<\/div>\n\t\t\t\t\t<\/div>\n\t\t<\/div>\n\t\t\t\t<div class=\"elementor-column elementor-col-50 elementor-top-column elementor-element elementor-element-62b3de8\" data-id=\"62b3de8\" data-element_type=\"column\" data-e-type=\"column\">\n\t\t\t<div class=\"elementor-widget-wrap elementor-element-populated\">\n\t\t\t\t\t\t<div class=\"elementor-element elementor-element-8eda2bb elementor-widget elementor-widget-image\" data-id=\"8eda2bb\" data-element_type=\"widget\" data-e-type=\"widget\" loading=\"lazy\" data-widget_type=\"image.default\">\n\t\t\t\t<div class=\"elementor-widget-container\">\n\t\t\t\t\t\t\t\t\t\t\t\t\t\t\t<img loading=\"lazy\" decoding=\"async\" width=\"640\" height=\"479\" src=\"https:\/\/beilstein-mosel.de\/wp-content\/uploads\/2021\/09\/cochem-3610510_640.jpg\" class=\"attachment-full size-full wp-image-6370\" alt=\"\" srcset=\"https:\/\/beilstein-mosel.de\/wp-content\/uploads\/2021\/09\/cochem-3610510_640.jpg 640w, https:\/\/beilstein-mosel.de\/wp-content\/uploads\/2021\/09\/cochem-3610510_640-600x449.jpg 600w, https:\/\/beilstein-mosel.de\/wp-content\/uploads\/2021\/09\/cochem-3610510_640-300x225.jpg 300w, https:\/\/beilstein-mosel.de\/wp-content\/uploads\/2021\/09\/cochem-3610510_640-16x12.jpg 16w\" sizes=\"(max-width: 640px) 100vw, 640px\" \/>\t\t\t\t\t\t\t\t\t\t\t\t\t\t\t<\/div>\n\t\t\t\t<\/div>\n\t\t\t\t\t<\/div>\n\t\t<\/div>\n\t\t\t\t\t<\/div>\n\t\t<\/section>\n\t\t\t\t<section class=\"elementor-section elementor-top-section elementor-element elementor-element-a940380 elementor-section-content-middle elementor-section-boxed elementor-section-gap-beside-yes elementor-section-height-default elementor-section-height-default elementor-section-column-vertical-align-stretch\" data-id=\"a940380\" data-element_type=\"section\" data-e-type=\"section\">\n\t\t\t\t\t\t<div class=\"elementor-container elementor-column-gap-extended\">\n\t\t\t\t\t<div class=\"elementor-column elementor-col-50 elementor-top-column elementor-element elementor-element-2432ded\" data-id=\"2432ded\" data-element_type=\"column\" data-e-type=\"column\">\n\t\t\t<div class=\"elementor-widget-wrap elementor-element-populated\">\n\t\t\t\t\t\t<div class=\"elementor-element elementor-element-65452fd elementor-widget elementor-widget-image\" data-id=\"65452fd\" data-element_type=\"widget\" data-e-type=\"widget\" loading=\"lazy\" data-widget_type=\"image.default\">\n\t\t\t\t<div class=\"elementor-widget-container\">\n\t\t\t\t\t\t\t\t\t\t\t\t\t\t\t<img loading=\"lazy\" decoding=\"async\" width=\"699\" height=\"432\" src=\"https:\/\/beilstein-mosel.de\/wp-content\/uploads\/2021\/09\/eltz.jpg\" class=\"attachment-full size-full wp-image-6373\" alt=\"\" srcset=\"https:\/\/beilstein-mosel.de\/wp-content\/uploads\/2021\/09\/eltz.jpg 699w, https:\/\/beilstein-mosel.de\/wp-content\/uploads\/2021\/09\/eltz-600x371.jpg 600w, https:\/\/beilstein-mosel.de\/wp-content\/uploads\/2021\/09\/eltz-300x185.jpg 300w, https:\/\/beilstein-mosel.de\/wp-content\/uploads\/2021\/09\/eltz-18x12.jpg 18w\" sizes=\"(max-width: 699px) 100vw, 699px\" \/>\t\t\t\t\t\t\t\t\t\t\t\t\t\t\t<\/div>\n\t\t\t\t<\/div>\n\t\t\t\t\t<\/div>\n\t\t<\/div>\n\t\t\t\t<div class=\"elementor-column elementor-col-50 elementor-top-column elementor-element elementor-element-b562bfe\" data-id=\"b562bfe\" data-element_type=\"column\" data-e-type=\"column\">\n\t\t\t<div class=\"elementor-widget-wrap elementor-element-populated\">\n\t\t\t\t\t\t<div class=\"elementor-element elementor-element-0f30cfb elementor-widget elementor-widget-heading\" data-id=\"0f30cfb\" data-element_type=\"widget\" data-e-type=\"widget\" data-widget_type=\"heading.default\">\n\t\t\t\t<div class=\"elementor-widget-container\">\n\t\t\t\t\t<h3 class=\"elementor-heading-title elementor-size-default\">Burg Eltz<\/h3>\t\t\t\t<\/div>\n\t\t\t\t<\/div>\n\t\t\t\t<div class=\"elementor-element elementor-element-bcc0421 elementor-widget elementor-widget-text-editor\" data-id=\"bcc0421\" data-element_type=\"widget\" data-e-type=\"widget\" data-widget_type=\"text-editor.default\">\n\t\t\t\t<div class=\"elementor-widget-container\">\n\t\t\t\t\t\t\t\t\t<p>Liebe Burgenfreunde und Naturliebhaber,<\/p><p>seien Sie unser Gast auf Burg Eltz und im Eltzer Wald, wir laden Sie herzlich ein! Seit \u00fcber 850 Jahren sind wir hier ans\u00e4ssig und tun alles in unseren Kr\u00e4ften stehende, dass unser Zuhause intakt bleibt. Erleben Sie auf Eltz Mittelalter und Natur pur! Wir sind stolz auf unser Stein gewordenes M\u00e4rchen und zeigen es Ihnen gerne!<\/p>\t\t\t\t\t\t\t\t<\/div>\n\t\t\t\t<\/div>\n\t\t\t\t<div class=\"elementor-element elementor-element-cefcc0b elementor-widget elementor-widget-button\" data-id=\"cefcc0b\" data-element_type=\"widget\" data-e-type=\"widget\" data-widget_type=\"button.default\">\n\t\t\t\t<div class=\"elementor-widget-container\">\n\t\t\t\t\t\t\t\t\t<div class=\"elementor-button-wrapper\">\n\t\t\t\t\t<a class=\"elementor-button elementor-button-link elementor-size-sm\" href=\"https:\/\/www.burg-eltz.de\/de\/\" target=\"_blank\">\n\t\t\t\t\t\t<span class=\"elementor-button-content-wrapper\">\n\t\t\t\t\t\t\t\t\t<span class=\"elementor-button-text\">Weiterlesen<\/span>\n\t\t\t\t\t<\/span>\n\t\t\t\t\t<\/a>\n\t\t\t\t<\/div>\n\t\t\t\t\t\t\t\t<\/div>\n\t\t\t\t<\/div>\n\t\t\t\t\t<\/div>\n\t\t<\/div>\n\t\t\t\t\t<\/div>\n\t\t<\/section>\n\t\t\t\t<section class=\"elementor-section elementor-top-section elementor-element elementor-element-16c326a elementor-section-content-middle elementor-reverse-mobile elementor-reverse-tablet elementor-section-boxed elementor-section-gap-beside-yes elementor-section-height-default elementor-section-height-default elementor-section-column-vertical-align-stretch\" data-id=\"16c326a\" data-element_type=\"section\" data-e-type=\"section\">\n\t\t\t\t\t\t<div class=\"elementor-container elementor-column-gap-extended\">\n\t\t\t\t\t<div class=\"elementor-column elementor-col-50 elementor-top-column elementor-element elementor-element-e3865e1\" data-id=\"e3865e1\" data-element_type=\"column\" data-e-type=\"column\">\n\t\t\t<div class=\"elementor-widget-wrap elementor-element-populated\">\n\t\t\t\t\t\t<div class=\"elementor-element elementor-element-c245946 elementor-widget elementor-widget-heading\" data-id=\"c245946\" data-element_type=\"widget\" data-e-type=\"widget\" data-widget_type=\"heading.default\">\n\t\t\t\t<div class=\"elementor-widget-container\">\n\t\t\t\t\t<h3 class=\"elementor-heading-title elementor-size-default\">Burg Pyrmont<\/h3>\t\t\t\t<\/div>\n\t\t\t\t<\/div>\n\t\t\t\t<div class=\"elementor-element elementor-element-cc5dc2c elementor-widget elementor-widget-button\" data-id=\"cc5dc2c\" data-element_type=\"widget\" data-e-type=\"widget\" data-widget_type=\"button.default\">\n\t\t\t\t<div class=\"elementor-widget-container\">\n\t\t\t\t\t\t\t\t\t<div class=\"elementor-button-wrapper\">\n\t\t\t\t\t<a class=\"elementor-button elementor-button-link elementor-size-sm\" href=\"http:\/\/www.burg-pyrmont.de\/\" target=\"_blank\">\n\t\t\t\t\t\t<span class=\"elementor-button-content-wrapper\">\n\t\t\t\t\t\t\t\t\t<span class=\"elementor-button-text\">Weiterlesen<\/span>\n\t\t\t\t\t<\/span>\n\t\t\t\t\t<\/a>\n\t\t\t\t<\/div>\n\t\t\t\t\t\t\t\t<\/div>\n\t\t\t\t<\/div>\n\t\t\t\t\t<\/div>\n\t\t<\/div>\n\t\t\t\t<div class=\"elementor-column elementor-col-50 elementor-top-column elementor-element elementor-element-04bf154\" data-id=\"04bf154\" data-element_type=\"column\" data-e-type=\"column\">\n\t\t\t<div class=\"elementor-widget-wrap elementor-element-populated\">\n\t\t\t\t\t\t<div class=\"elementor-element elementor-element-d323a83 elementor-widget elementor-widget-image\" data-id=\"d323a83\" data-element_type=\"widget\" data-e-type=\"widget\" loading=\"lazy\" data-widget_type=\"image.default\">\n\t\t\t\t<div class=\"elementor-widget-container\">\n\t\t\t\t\t\t\t\t\t\t\t\t\t\t\t<img loading=\"lazy\" decoding=\"async\" width=\"840\" height=\"601\" src=\"https:\/\/beilstein-mosel.de\/wp-content\/uploads\/2021\/09\/BurgPyrmont.jpg\" class=\"attachment-full size-full wp-image-6376\" alt=\"\" srcset=\"https:\/\/beilstein-mosel.de\/wp-content\/uploads\/2021\/09\/BurgPyrmont.jpg 840w, https:\/\/beilstein-mosel.de\/wp-content\/uploads\/2021\/09\/BurgPyrmont-600x429.jpg 600w, https:\/\/beilstein-mosel.de\/wp-content\/uploads\/2021\/09\/BurgPyrmont-300x215.jpg 300w, https:\/\/beilstein-mosel.de\/wp-content\/uploads\/2021\/09\/BurgPyrmont-768x549.jpg 768w, https:\/\/beilstein-mosel.de\/wp-content\/uploads\/2021\/09\/BurgPyrmont-18x12.jpg 18w\" sizes=\"(max-width: 840px) 100vw, 840px\" \/>\t\t\t\t\t\t\t\t\t\t\t\t\t\t\t<\/div>\n\t\t\t\t<\/div>\n\t\t\t\t\t<\/div>\n\t\t<\/div>\n\t\t\t\t\t<\/div>\n\t\t<\/section>\n\t\t\t\t<section class=\"elementor-section elementor-top-section elementor-element elementor-element-9918a11 elementor-section-content-middle elementor-reverse-mobile elementor-reverse-tablet elementor-section-boxed elementor-section-gap-beside-yes elementor-section-height-default elementor-section-height-default elementor-section-column-vertical-align-stretch\" data-id=\"9918a11\" data-element_type=\"section\" data-e-type=\"section\">\n\t\t\t\t\t\t<div class=\"elementor-container elementor-column-gap-extended\">\n\t\t\t\t\t<div class=\"elementor-column elementor-col-50 elementor-top-column elementor-element elementor-element-6c82f95\" data-id=\"6c82f95\" data-element_type=\"column\" data-e-type=\"column\">\n\t\t\t<div class=\"elementor-widget-wrap elementor-element-populated\">\n\t\t\t\t\t\t<div class=\"elementor-element elementor-element-2455cfa elementor-widget elementor-widget-heading\" data-id=\"2455cfa\" data-element_type=\"widget\" data-e-type=\"widget\" data-widget_type=\"heading.default\">\n\t\t\t\t<div class=\"elementor-widget-container\">\n\t\t\t\t\t<h3 class=\"elementor-heading-title elementor-size-default\">Ehrenburg<\/h3>\t\t\t\t<\/div>\n\t\t\t\t<\/div>\n\t\t\t\t<div class=\"elementor-element elementor-element-aa16afc elementor-widget elementor-widget-text-editor\" data-id=\"aa16afc\" data-element_type=\"widget\" data-e-type=\"widget\" data-widget_type=\"text-editor.default\">\n\t\t\t\t<div class=\"elementor-widget-container\">\n\t\t\t\t\t\t\t\t\tIm Jahre 1161 schlichtet Kaiser Friedrich I. (&#8222;Barbarossa&#8220;) einen Streit um den Besitz der Burg zwischen dem Erzbischof von Trier und dem Pfalzgrafen bei Rhein. Diesem Umstand verdankt die Ehrenburg ihre erste urkundliche Erw\u00e4hnung.\t\t\t\t\t\t\t\t<\/div>\n\t\t\t\t<\/div>\n\t\t\t\t<div class=\"elementor-element elementor-element-5004f9b elementor-widget elementor-widget-button\" data-id=\"5004f9b\" data-element_type=\"widget\" data-e-type=\"widget\" data-widget_type=\"button.default\">\n\t\t\t\t<div class=\"elementor-widget-container\">\n\t\t\t\t\t\t\t\t\t<div class=\"elementor-button-wrapper\">\n\t\t\t\t\t<a class=\"elementor-button elementor-button-link elementor-size-sm\" href=\"http:\/\/www.ehrenburg.de\/\" target=\"_blank\">\n\t\t\t\t\t\t<span class=\"elementor-button-content-wrapper\">\n\t\t\t\t\t\t\t\t\t<span class=\"elementor-button-text\">Weiterlesen<\/span>\n\t\t\t\t\t<\/span>\n\t\t\t\t\t<\/a>\n\t\t\t\t<\/div>\n\t\t\t\t\t\t\t\t<\/div>\n\t\t\t\t<\/div>\n\t\t\t\t\t<\/div>\n\t\t<\/div>\n\t\t\t\t<div class=\"elementor-column elementor-col-50 elementor-top-column elementor-element elementor-element-93b60ed\" data-id=\"93b60ed\" data-element_type=\"column\" data-e-type=\"column\">\n\t\t\t<div class=\"elementor-widget-wrap elementor-element-populated\">\n\t\t\t\t\t\t<div class=\"elementor-element elementor-element-98fb88b elementor-widget elementor-widget-image\" data-id=\"98fb88b\" data-element_type=\"widget\" data-e-type=\"widget\" loading=\"lazy\" data-widget_type=\"image.default\">\n\t\t\t\t<div class=\"elementor-widget-container\">\n\t\t\t\t\t\t\t\t\t\t\t\t\t\t\t<img loading=\"lazy\" decoding=\"async\" width=\"500\" height=\"333\" src=\"https:\/\/beilstein-mosel.de\/wp-content\/uploads\/2021\/09\/csm_burgansicht.jpg\" class=\"attachment-full size-full wp-image-6378\" alt=\"\" srcset=\"https:\/\/beilstein-mosel.de\/wp-content\/uploads\/2021\/09\/csm_burgansicht.jpg 500w, https:\/\/beilstein-mosel.de\/wp-content\/uploads\/2021\/09\/csm_burgansicht-350x233.jpg 350w\" sizes=\"(max-width: 500px) 100vw, 500px\" \/>\t\t\t\t\t\t\t\t\t\t\t\t\t\t\t<\/div>\n\t\t\t\t<\/div>\n\t\t\t\t\t<\/div>\n\t\t<\/div>\n\t\t\t\t\t<\/div>\n\t\t<\/section>\n\t\t\t\t<\/div>\n\t\t        <\/div>\n        <\/div><div id=\"htmove-advance-tab-66dccd9f\" class=\"htmove-tab-pane\">        <div class=\"htmove-tab-body\">\n            \t\t<div data-elementor-type=\"section\" data-elementor-id=\"6337\" class=\"elementor elementor-6337\" data-elementor-post-type=\"elementor_library\">\n\t\t\t\t\t<section class=\"elementor-section elementor-top-section elementor-element elementor-element-d80063b elementor-section-content-middle elementor-reverse-mobile elementor-reverse-tablet elementor-section-boxed elementor-section-gap-beside-yes elementor-section-height-default elementor-section-height-default elementor-section-column-vertical-align-stretch\" data-id=\"d80063b\" data-element_type=\"section\" data-e-type=\"section\">\n\t\t\t\t\t\t<div class=\"elementor-container elementor-column-gap-extended\">\n\t\t\t\t\t<div class=\"elementor-column elementor-col-50 elementor-top-column elementor-element elementor-element-e5eed26\" data-id=\"e5eed26\" data-element_type=\"column\" data-e-type=\"column\">\n\t\t\t<div class=\"elementor-widget-wrap elementor-element-populated\">\n\t\t\t\t\t\t<div class=\"elementor-element elementor-element-8d5cd96 elementor-widget elementor-widget-heading\" data-id=\"8d5cd96\" data-element_type=\"widget\" data-e-type=\"widget\" data-widget_type=\"heading.default\">\n\t\t\t\t<div class=\"elementor-widget-container\">\n\t\t\t\t\t<h3 class=\"elementor-heading-title elementor-size-default\">Badespa\u00df mit Sch\u00f6nwettergarantie\n<\/h3>\t\t\t\t<\/div>\n\t\t\t\t<\/div>\n\t\t\t\t<div class=\"elementor-element elementor-element-9ff643e elementor-widget elementor-widget-text-editor\" data-id=\"9ff643e\" data-element_type=\"widget\" data-e-type=\"widget\" data-widget_type=\"text-editor.default\">\n\t\t\t\t<div class=\"elementor-widget-container\">\n\t\t\t\t\t\t\t\t\tVergessen Sie den Alltag und tauchen Sie ein ins Badevergn\u00fcgen! Ob pure Erholung in der Sauna, grenzenloser Spa\u00df im Kinderland, sportliches Bahnen Schwimmen im Hallenbad oder Sommerlaune im Freibad. Das Moselbad Cochem mit seinen 14 Becken und 2.700 m\u00b3 Wasserfl\u00e4che ist das ganze Jahr einen Besuch wert.\t\t\t\t\t\t\t\t<\/div>\n\t\t\t\t<\/div>\n\t\t\t\t<div class=\"elementor-element elementor-element-0aef9b3 elementor-widget elementor-widget-button\" data-id=\"0aef9b3\" data-element_type=\"widget\" data-e-type=\"widget\" data-widget_type=\"button.default\">\n\t\t\t\t<div class=\"elementor-widget-container\">\n\t\t\t\t\t\t\t\t\t<div class=\"elementor-button-wrapper\">\n\t\t\t\t\t<a class=\"elementor-button elementor-button-link elementor-size-sm\" href=\"https:\/\/moselbad.de\/\" target=\"_blank\">\n\t\t\t\t\t\t<span class=\"elementor-button-content-wrapper\">\n\t\t\t\t\t\t\t\t\t<span class=\"elementor-button-text\">Weiterlesen<\/span>\n\t\t\t\t\t<\/span>\n\t\t\t\t\t<\/a>\n\t\t\t\t<\/div>\n\t\t\t\t\t\t\t\t<\/div>\n\t\t\t\t<\/div>\n\t\t\t\t\t<\/div>\n\t\t<\/div>\n\t\t\t\t<div class=\"elementor-column elementor-col-50 elementor-top-column elementor-element elementor-element-24d0684\" data-id=\"24d0684\" data-element_type=\"column\" data-e-type=\"column\">\n\t\t\t<div class=\"elementor-widget-wrap elementor-element-populated\">\n\t\t\t\t\t\t<div class=\"elementor-element elementor-element-1f2a906 elementor-widget elementor-widget-image\" data-id=\"1f2a906\" data-element_type=\"widget\" data-e-type=\"widget\" loading=\"lazy\" data-widget_type=\"image.default\">\n\t\t\t\t<div class=\"elementor-widget-container\">\n\t\t\t\t\t\t\t\t\t\t\t\t\t\t\t<img loading=\"lazy\" decoding=\"async\" width=\"1000\" height=\"600\" src=\"https:\/\/beilstein-mosel.de\/wp-content\/uploads\/2021\/09\/erlebnisbad-rutsche-1000x600-1.jpg\" class=\"attachment-full size-full wp-image-6338\" alt=\"\" srcset=\"https:\/\/beilstein-mosel.de\/wp-content\/uploads\/2021\/09\/erlebnisbad-rutsche-1000x600-1.jpg 1000w, https:\/\/beilstein-mosel.de\/wp-content\/uploads\/2021\/09\/erlebnisbad-rutsche-1000x600-1-600x360.jpg 600w, https:\/\/beilstein-mosel.de\/wp-content\/uploads\/2021\/09\/erlebnisbad-rutsche-1000x600-1-300x180.jpg 300w, https:\/\/beilstein-mosel.de\/wp-content\/uploads\/2021\/09\/erlebnisbad-rutsche-1000x600-1-768x461.jpg 768w, https:\/\/beilstein-mosel.de\/wp-content\/uploads\/2021\/09\/erlebnisbad-rutsche-1000x600-1-18x12.jpg 18w\" sizes=\"(max-width: 1000px) 100vw, 1000px\" \/>\t\t\t\t\t\t\t\t\t\t\t\t\t\t\t<\/div>\n\t\t\t\t<\/div>\n\t\t\t\t\t<\/div>\n\t\t<\/div>\n\t\t\t\t\t<\/div>\n\t\t<\/section>\n\t\t\t\t<section class=\"elementor-section elementor-top-section elementor-element elementor-element-c5c2b1c elementor-section-content-middle elementor-section-boxed elementor-section-gap-beside-yes elementor-section-height-default elementor-section-height-default elementor-section-column-vertical-align-stretch\" data-id=\"c5c2b1c\" data-element_type=\"section\" data-e-type=\"section\">\n\t\t\t\t\t\t<div class=\"elementor-container elementor-column-gap-extended\">\n\t\t\t\t\t<div class=\"elementor-column elementor-col-50 elementor-top-column elementor-element elementor-element-6fb7e81\" data-id=\"6fb7e81\" data-element_type=\"column\" data-e-type=\"column\">\n\t\t\t<div class=\"elementor-widget-wrap elementor-element-populated\">\n\t\t\t\t\t\t<div class=\"elementor-element elementor-element-e5cdec9 elementor-widget elementor-widget-image\" data-id=\"e5cdec9\" data-element_type=\"widget\" data-e-type=\"widget\" loading=\"lazy\" data-widget_type=\"image.default\">\n\t\t\t\t<div class=\"elementor-widget-container\">\n\t\t\t\t\t\t\t\t\t\t\t\t\t\t\t<img decoding=\"async\" width=\"640\" height=\"425\" src=\"https:\/\/beilstein-mosel.de\/wp-content\/uploads\/2021\/09\/Erlebnisweg-Moselkrampen-1.jpg\" class=\"attachment-full size-full wp-image-5462\" alt=\"\" srcset=\"https:\/\/beilstein-mosel.de\/wp-content\/uploads\/2021\/09\/Erlebnisweg-Moselkrampen-1.jpg 640w, https:\/\/beilstein-mosel.de\/wp-content\/uploads\/2021\/09\/Erlebnisweg-Moselkrampen-1-600x398.jpg 600w, https:\/\/beilstein-mosel.de\/wp-content\/uploads\/2021\/09\/Erlebnisweg-Moselkrampen-1-300x199.jpg 300w\" sizes=\"(max-width: 640px) 100vw, 640px\" \/>\t\t\t\t\t\t\t\t\t\t\t\t\t\t\t<\/div>\n\t\t\t\t<\/div>\n\t\t\t\t\t<\/div>\n\t\t<\/div>\n\t\t\t\t<div class=\"elementor-column elementor-col-50 elementor-top-column elementor-element elementor-element-1187f53\" data-id=\"1187f53\" data-element_type=\"column\" data-e-type=\"column\">\n\t\t\t<div class=\"elementor-widget-wrap elementor-element-populated\">\n\t\t\t\t\t\t<div class=\"elementor-element elementor-element-36c5eb8 elementor-widget elementor-widget-heading\" data-id=\"36c5eb8\" data-element_type=\"widget\" data-e-type=\"widget\" data-widget_type=\"heading.default\">\n\t\t\t\t<div class=\"elementor-widget-container\">\n\t\t\t\t\t<h3 class=\"elementor-heading-title elementor-size-default\">Freibad Ellenz-Poltersdorf<\/h3>\t\t\t\t<\/div>\n\t\t\t\t<\/div>\n\t\t\t\t<div class=\"elementor-element elementor-element-0b8643d elementor-widget elementor-widget-text-editor\" data-id=\"0b8643d\" data-element_type=\"widget\" data-e-type=\"widget\" data-widget_type=\"text-editor.default\">\n\t\t\t\t<div class=\"elementor-widget-container\">\n\t\t\t\t\t\t\t\t\tDas Ellenz-Poltersdorfer Freibad ist idyllisch gelegen und pr\u00e4sentiert sich als familienfreundliches Bad. Ob auf der Suche nach Abk\u00fchlung nach einer anstrengenden Wanderung oder um einfach einen Tag in der Sonne zu genie\u00dfen.\t\t\t\t\t\t\t\t<\/div>\n\t\t\t\t<\/div>\n\t\t\t\t<div class=\"elementor-element elementor-element-dd3fd8d elementor-widget elementor-widget-button\" data-id=\"dd3fd8d\" data-element_type=\"widget\" data-e-type=\"widget\" data-widget_type=\"button.default\">\n\t\t\t\t<div class=\"elementor-widget-container\">\n\t\t\t\t\t\t\t\t\t<div class=\"elementor-button-wrapper\">\n\t\t\t\t\t<a class=\"elementor-button elementor-button-link elementor-size-sm\" href=\"https:\/\/goo.gl\/maps\/f9RuibTZ85hL2nncA\" target=\"_blank\">\n\t\t\t\t\t\t<span class=\"elementor-button-content-wrapper\">\n\t\t\t\t\t\t\t\t\t<span class=\"elementor-button-text\">Weiterlesen<\/span>\n\t\t\t\t\t<\/span>\n\t\t\t\t\t<\/a>\n\t\t\t\t<\/div>\n\t\t\t\t\t\t\t\t<\/div>\n\t\t\t\t<\/div>\n\t\t\t\t\t<\/div>\n\t\t<\/div>\n\t\t\t\t\t<\/div>\n\t\t<\/section>\n\t\t\t\t<\/div>\n\t\t        <\/div>\n        <\/div><div id=\"htmove-advance-tab-76dccd9f\" class=\"htmove-tab-pane\">        <div class=\"htmove-tab-body\">\n            \t\t<div data-elementor-type=\"section\" data-elementor-id=\"6313\" class=\"elementor elementor-6313\" data-elementor-post-type=\"elementor_library\">\n\t\t\t\t\t<section class=\"elementor-section elementor-top-section elementor-element elementor-element-1335696 elementor-section-boxed elementor-section-gap-beside-yes elementor-section-height-default elementor-section-height-default elementor-section-column-vertical-align-stretch\" data-id=\"1335696\" data-element_type=\"section\" data-e-type=\"section\">\n\t\t\t\t\t\t<div class=\"elementor-container elementor-column-gap-extended\">\n\t\t\t\t\t<div class=\"elementor-column elementor-col-100 elementor-top-column elementor-element elementor-element-3d0265e\" data-id=\"3d0265e\" data-element_type=\"column\" data-e-type=\"column\">\n\t\t\t<div class=\"elementor-widget-wrap elementor-element-populated\">\n\t\t\t\t\t\t<section class=\"elementor-section elementor-inner-section elementor-element elementor-element-ba52652 elementor-section-boxed elementor-section-gap-beside-yes elementor-section-height-default elementor-section-height-default elementor-section-column-vertical-align-stretch\" data-id=\"ba52652\" data-element_type=\"section\" data-e-type=\"section\">\n\t\t\t\t\t\t<div class=\"elementor-container elementor-column-gap-extended\">\n\t\t\t\t\t<div class=\"elementor-column elementor-col-33 elementor-inner-column elementor-element elementor-element-b97a187\" data-id=\"b97a187\" data-element_type=\"column\" data-e-type=\"column\">\n\t\t\t<div class=\"elementor-widget-wrap elementor-element-populated\">\n\t\t\t\t\t\t<div class=\"elementor-element elementor-element-e672431 elementor-position-top elementor-widget elementor-widget-image-box\" data-id=\"e672431\" data-element_type=\"widget\" data-e-type=\"widget\" data-widget_type=\"image-box.default\">\n\t\t\t\t<div class=\"elementor-widget-container\">\n\t\t\t\t\t<div class=\"elementor-image-box-wrapper\"><figure class=\"elementor-image-box-img\"><a href=\"https:\/\/www.moselrundfahrten.de\/\" target=\"_blank\" tabindex=\"-1\"><img loading=\"lazy\" decoding=\"async\" width=\"512\" height=\"512\" src=\"https:\/\/beilstein-mosel.de\/wp-content\/uploads\/2021\/09\/k-k.png\" class=\"attachment-full size-full wp-image-6129\" alt=\"\" srcset=\"https:\/\/beilstein-mosel.de\/wp-content\/uploads\/2021\/09\/k-k.png 512w, https:\/\/beilstein-mosel.de\/wp-content\/uploads\/2021\/09\/k-k-300x300.png 300w, https:\/\/beilstein-mosel.de\/wp-content\/uploads\/2021\/09\/k-k-100x100.png 100w, https:\/\/beilstein-mosel.de\/wp-content\/uploads\/2021\/09\/k-k-150x150.png 150w, https:\/\/beilstein-mosel.de\/wp-content\/uploads\/2021\/09\/k-k-12x12.png 12w\" sizes=\"(max-width: 512px) 100vw, 512px\" \/><\/a><\/figure><div class=\"elementor-image-box-content\"><p class=\"elementor-image-box-description\"><a href=\"https:\/\/www.moselrundfahrten.de\/\" target=\"_blank\" rel=\"noopener\"> Ene Schifffahrt auf der Mosel<\/a><\/p><\/div><\/div>\t\t\t\t<\/div>\n\t\t\t\t<\/div>\n\t\t\t\t\t<\/div>\n\t\t<\/div>\n\t\t\t\t<div class=\"elementor-column elementor-col-33 elementor-inner-column elementor-element elementor-element-861384a\" data-id=\"861384a\" data-element_type=\"column\" data-e-type=\"column\">\n\t\t\t<div class=\"elementor-widget-wrap elementor-element-populated\">\n\t\t\t\t\t\t<div class=\"elementor-element elementor-element-49230e5 elementor-position-top elementor-widget elementor-widget-image-box\" data-id=\"49230e5\" data-element_type=\"widget\" data-e-type=\"widget\" data-widget_type=\"image-box.default\">\n\t\t\t\t<div class=\"elementor-widget-container\">\n\t\t\t\t\t<div class=\"elementor-image-box-wrapper\"><figure class=\"elementor-image-box-img\"><a href=\"http:\/\/www.senfmuehle.net\/\" target=\"_blank\" tabindex=\"-1\"><img loading=\"lazy\" decoding=\"async\" width=\"323\" height=\"316\" src=\"https:\/\/beilstein-mosel.de\/wp-content\/uploads\/2021\/09\/historische.png\" class=\"attachment-large size-large wp-image-6317\" alt=\"\" srcset=\"https:\/\/beilstein-mosel.de\/wp-content\/uploads\/2021\/09\/historische.png 323w, https:\/\/beilstein-mosel.de\/wp-content\/uploads\/2021\/09\/historische-300x293.png 300w, https:\/\/beilstein-mosel.de\/wp-content\/uploads\/2021\/09\/historische-12x12.png 12w\" sizes=\"(max-width: 323px) 100vw, 323px\" \/><\/a><\/figure><div class=\"elementor-image-box-content\"><p class=\"elementor-image-box-description\"><a href=\"http:\/\/www.moselfahrplan.de\/\" target=\"_blank\" rel=\"noopener\"> Historische Senfm\u00fchle in Cochem<\/a><\/p><\/div><\/div>\t\t\t\t<\/div>\n\t\t\t\t<\/div>\n\t\t\t\t\t<\/div>\n\t\t<\/div>\n\t\t\t\t<div class=\"elementor-column elementor-col-33 elementor-inner-column elementor-element elementor-element-ea7561d\" data-id=\"ea7561d\" data-element_type=\"column\" data-e-type=\"column\">\n\t\t\t<div class=\"elementor-widget-wrap elementor-element-populated\">\n\t\t\t\t\t\t<div class=\"elementor-element elementor-element-3a97853 elementor-position-top elementor-widget elementor-widget-image-box\" data-id=\"3a97853\" data-element_type=\"widget\" data-e-type=\"widget\" data-widget_type=\"image-box.default\">\n\t\t\t\t<div class=\"elementor-widget-container\">\n\t\t\t\t\t<div class=\"elementor-image-box-wrapper\"><figure class=\"elementor-image-box-img\"><a href=\"http:\/\/www.bundesbank-bunker.de\/\" target=\"_blank\" tabindex=\"-1\"><img loading=\"lazy\" decoding=\"async\" width=\"323\" height=\"316\" src=\"https:\/\/beilstein-mosel.de\/wp-content\/uploads\/2021\/09\/bbb-logo_300.png\" class=\"attachment-large size-large wp-image-6326\" alt=\"\" srcset=\"https:\/\/beilstein-mosel.de\/wp-content\/uploads\/2021\/09\/bbb-logo_300.png 323w, https:\/\/beilstein-mosel.de\/wp-content\/uploads\/2021\/09\/bbb-logo_300-300x293.png 300w, https:\/\/beilstein-mosel.de\/wp-content\/uploads\/2021\/09\/bbb-logo_300-12x12.png 12w\" sizes=\"(max-width: 323px) 100vw, 323px\" \/><\/a><\/figure><div class=\"elementor-image-box-content\"><p class=\"elementor-image-box-description\"><a href=\"http:\/\/www.bundesbank-bunker.de\/\" target=\"_blank\" rel=\"noopener\"> Bundesbank-Bunker Cochem<\/a><\/p><\/div><\/div>\t\t\t\t<\/div>\n\t\t\t\t<\/div>\n\t\t\t\t\t<\/div>\n\t\t<\/div>\n\t\t\t\t\t<\/div>\n\t\t<\/section>\n\t\t\t\t<section class=\"elementor-section elementor-inner-section elementor-element elementor-element-2c14961 elementor-section-boxed elementor-section-gap-beside-yes elementor-section-height-default elementor-section-height-default elementor-section-column-vertical-align-stretch\" data-id=\"2c14961\" data-element_type=\"section\" data-e-type=\"section\">\n\t\t\t\t\t\t<div class=\"elementor-container elementor-column-gap-extended\">\n\t\t\t\t\t<div class=\"elementor-column elementor-col-33 elementor-inner-column elementor-element elementor-element-d2cdf99\" data-id=\"d2cdf99\" data-element_type=\"column\" data-e-type=\"column\">\n\t\t\t<div class=\"elementor-widget-wrap elementor-element-populated\">\n\t\t\t\t\t\t<div class=\"elementor-element elementor-element-05d5a5f elementor-position-top elementor-widget elementor-widget-image-box\" data-id=\"05d5a5f\" data-element_type=\"widget\" data-e-type=\"widget\" data-widget_type=\"image-box.default\">\n\t\t\t\t<div class=\"elementor-widget-container\">\n\t\t\t\t\t<div class=\"elementor-image-box-wrapper\"><figure class=\"elementor-image-box-img\"><a href=\"http:\/\/www.klotti.de\/\" target=\"_blank\" tabindex=\"-1\"><img loading=\"lazy\" decoding=\"async\" width=\"323\" height=\"316\" src=\"https:\/\/beilstein-mosel.de\/wp-content\/uploads\/2021\/09\/klotten.jpg\" class=\"attachment-full size-full wp-image-6328\" alt=\"\" \/><\/a><\/figure><div class=\"elementor-image-box-content\"><p class=\"elementor-image-box-description\"><a href=\"http:\/\/www.klotti.de\/\" target=\"_blank\" rel=\"noopener\"> Wild- und Freizeitpark Klotten\/Cochem<\/a><\/p><\/div><\/div>\t\t\t\t<\/div>\n\t\t\t\t<\/div>\n\t\t\t\t\t<\/div>\n\t\t<\/div>\n\t\t\t\t<div class=\"elementor-column elementor-col-33 elementor-inner-column elementor-element elementor-element-f13ca44\" data-id=\"f13ca44\" data-element_type=\"column\" data-e-type=\"column\">\n\t\t\t<div class=\"elementor-widget-wrap elementor-element-populated\">\n\t\t\t\t\t\t<div class=\"elementor-element elementor-element-586ef55 elementor-position-top elementor-widget elementor-widget-image-box\" data-id=\"586ef55\" data-element_type=\"widget\" data-e-type=\"widget\" data-widget_type=\"image-box.default\">\n\t\t\t\t<div class=\"elementor-widget-container\">\n\t\t\t\t\t<div class=\"elementor-image-box-wrapper\"><figure class=\"elementor-image-box-img\"><a href=\"http:\/\/www.trier.de\/\" target=\"_blank\" tabindex=\"-1\"><img loading=\"lazy\" decoding=\"async\" width=\"323\" height=\"316\" src=\"https:\/\/beilstein-mosel.de\/wp-content\/uploads\/2021\/09\/trier.png\" class=\"attachment-large size-large wp-image-6330\" alt=\"\" \/><\/a><\/figure><div class=\"elementor-image-box-content\"><p class=\"elementor-image-box-description\"><a href=\"http:\/\/www.trier.de\/\" target=\"_blank\" rel=\"noopener\">Die alte R\u00f6merstadt Trier, mit Porta Nigra, Kaiserthermen und Dom<\/a><\/p><\/div><\/div>\t\t\t\t<\/div>\n\t\t\t\t<\/div>\n\t\t\t\t\t<\/div>\n\t\t<\/div>\n\t\t\t\t<div class=\"elementor-column elementor-col-33 elementor-inner-column elementor-element elementor-element-e4346c9\" data-id=\"e4346c9\" data-element_type=\"column\" data-e-type=\"column\">\n\t\t\t<div class=\"elementor-widget-wrap elementor-element-populated\">\n\t\t\t\t\t\t<div class=\"elementor-element elementor-element-a618583 elementor-position-top elementor-widget elementor-widget-image-box\" data-id=\"a618583\" data-element_type=\"widget\" data-e-type=\"widget\" data-widget_type=\"image-box.default\">\n\t\t\t\t<div class=\"elementor-widget-container\">\n\t\t\t\t\t<div class=\"elementor-image-box-wrapper\"><figure class=\"elementor-image-box-img\"><a href=\"http:\/\/www.koblenz.de\/\" target=\"_blank\" tabindex=\"-1\"><img loading=\"lazy\" decoding=\"async\" width=\"323\" height=\"316\" src=\"https:\/\/beilstein-mosel.de\/wp-content\/uploads\/2021\/09\/koblenz.png\" class=\"attachment-large size-large wp-image-6331\" alt=\"\" \/><\/a><\/figure><div class=\"elementor-image-box-content\"><p class=\"elementor-image-box-description\"><a href=\"http:\/\/www.koblenz.de\/\" target=\"_blank\" rel=\"noopener\"> Koblenz mit dem \"Deutschen Eck\" und der Festung Ehrenbreitstein<\/a><\/p><\/div><\/div>\t\t\t\t<\/div>\n\t\t\t\t<\/div>\n\t\t\t\t\t<\/div>\n\t\t<\/div>\n\t\t\t\t\t<\/div>\n\t\t<\/section>\n\t\t\t\t<section class=\"elementor-section elementor-inner-section elementor-element elementor-element-f4ae3ce elementor-section-boxed elementor-section-gap-beside-yes elementor-section-height-default elementor-section-height-default elementor-section-column-vertical-align-stretch\" data-id=\"f4ae3ce\" data-element_type=\"section\" data-e-type=\"section\">\n\t\t\t\t\t\t<div class=\"elementor-container elementor-column-gap-extended\">\n\t\t\t\t\t<div class=\"elementor-column elementor-col-33 elementor-inner-column elementor-element elementor-element-fba3b7d\" data-id=\"fba3b7d\" data-element_type=\"column\" data-e-type=\"column\">\n\t\t\t<div class=\"elementor-widget-wrap\">\n\t\t\t\t\t\t\t<\/div>\n\t\t<\/div>\n\t\t\t\t<div class=\"elementor-column elementor-col-33 elementor-inner-column elementor-element elementor-element-1c662a7\" data-id=\"1c662a7\" data-element_type=\"column\" data-e-type=\"column\">\n\t\t\t<div class=\"elementor-widget-wrap elementor-element-populated\">\n\t\t\t\t\t\t<div class=\"elementor-element elementor-element-42388b0 elementor-position-top elementor-widget elementor-widget-image-box\" data-id=\"42388b0\" data-element_type=\"widget\" data-e-type=\"widget\" data-widget_type=\"image-box.default\">\n\t\t\t\t<div class=\"elementor-widget-container\">\n\t\t\t\t\t<div class=\"elementor-image-box-wrapper\"><figure class=\"elementor-image-box-img\"><a href=\"http:\/\/www.cochemer-sesselbahn.de\/\" target=\"_blank\" tabindex=\"-1\"><img loading=\"lazy\" decoding=\"async\" width=\"323\" height=\"316\" src=\"https:\/\/beilstein-mosel.de\/wp-content\/uploads\/2021\/09\/sesselbahn.png\" class=\"attachment-large size-large wp-image-6332\" alt=\"\" \/><\/a><\/figure><div class=\"elementor-image-box-content\"><p class=\"elementor-image-box-description\"><a href=\"http:\/\/www.cochemer-sesselbahn.de\/\" target=\"_blank\" rel=\"noopener\">Cochemer Sesselbahn<\/a><\/p><\/div><\/div>\t\t\t\t<\/div>\n\t\t\t\t<\/div>\n\t\t\t\t\t<\/div>\n\t\t<\/div>\n\t\t\t\t<div class=\"elementor-column elementor-col-33 elementor-inner-column elementor-element elementor-element-d331431\" data-id=\"d331431\" data-element_type=\"column\" data-e-type=\"column\">\n\t\t\t<div class=\"elementor-widget-wrap\">\n\t\t\t\t\t\t\t<\/div>\n\t\t<\/div>\n\t\t\t\t\t<\/div>\n\t\t<\/section>\n\t\t\t\t\t<\/div>\n\t\t<\/div>\n\t\t\t\t\t<\/div>\n\t\t<\/section>\n\t\t\t\t<\/div>\n\t\t        <\/div>\n        <\/div><div id=\"htmove-advance-tab-86dccd9f\" class=\"htmove-tab-pane\">        <div class=\"htmove-tab-body\">\n            \t\t<div data-elementor-type=\"section\" data-elementor-id=\"6248\" class=\"elementor elementor-6248\" data-elementor-post-type=\"elementor_library\">\n\t\t\t\t\t<section class=\"elementor-section elementor-top-section elementor-element elementor-element-053b3d8 elementor-section-content-middle elementor-reverse-mobile elementor-reverse-tablet elementor-section-boxed elementor-section-gap-beside-yes elementor-section-height-default elementor-section-height-default elementor-section-column-vertical-align-stretch\" data-id=\"053b3d8\" data-element_type=\"section\" data-e-type=\"section\">\n\t\t\t\t\t\t<div class=\"elementor-container elementor-column-gap-extended\">\n\t\t\t\t\t<div class=\"elementor-column elementor-col-50 elementor-top-column elementor-element elementor-element-bce898e\" data-id=\"bce898e\" data-element_type=\"column\" data-e-type=\"column\">\n\t\t\t<div class=\"elementor-widget-wrap elementor-element-populated\">\n\t\t\t\t\t\t<div class=\"elementor-element elementor-element-a8fb502 elementor-widget elementor-widget-heading\" data-id=\"a8fb502\" data-element_type=\"widget\" data-e-type=\"widget\" data-widget_type=\"heading.default\">\n\t\t\t\t<div class=\"elementor-widget-container\">\n\t\t\t\t\t<h3 class=\"elementor-heading-title elementor-size-default\">Sie k\u00f6nnen jederzeit unsere Ladestation nutzen\n<\/h3>\t\t\t\t<\/div>\n\t\t\t\t<\/div>\n\t\t\t\t<div class=\"elementor-element elementor-element-f6965bc elementor-widget elementor-widget-text-editor\" data-id=\"f6965bc\" data-element_type=\"widget\" data-e-type=\"widget\" data-widget_type=\"text-editor.default\">\n\t\t\t\t<div class=\"elementor-widget-container\">\n\t\t\t\t\t\t\t\t\t<p>The innogy eBox professional is an ideal choice for fleets, workplaces and public car parks. With mobile and LAN connectivity you can be confident that your chargers are always online. Drivers can start and manage their charging sessions with an RFID card or an app. The eBox professional can be managed remotely when connected to the innogy IT cloud software (eOperate).<\/p><p>The eBox professional has all the same features as the eBox Smart, plus additionally:<\/p><p>&#8211; mobile data &amp; LAN connectivity<br \/>&#8211; RFID card\/App authentication to start charging session<\/p>\t\t\t\t\t\t\t\t<\/div>\n\t\t\t\t<\/div>\n\t\t\t\t<div class=\"elementor-element elementor-element-497ba42 elementor-widget elementor-widget-button\" data-id=\"497ba42\" data-element_type=\"widget\" data-e-type=\"widget\" data-widget_type=\"button.default\">\n\t\t\t\t<div class=\"elementor-widget-container\">\n\t\t\t\t\t\t\t\t\t<div class=\"elementor-button-wrapper\">\n\t\t\t\t\t<a class=\"elementor-button elementor-button-link elementor-size-sm\" href=\"https:\/\/goo.gl\/maps\/sVvnoJCc5cLpZYpp8\" target=\"_blank\">\n\t\t\t\t\t\t<span class=\"elementor-button-content-wrapper\">\n\t\t\t\t\t\t\t\t\t<span class=\"elementor-button-text\">Weiterlesen<\/span>\n\t\t\t\t\t<\/span>\n\t\t\t\t\t<\/a>\n\t\t\t\t<\/div>\n\t\t\t\t\t\t\t\t<\/div>\n\t\t\t\t<\/div>\n\t\t\t\t\t<\/div>\n\t\t<\/div>\n\t\t\t\t<div class=\"elementor-column elementor-col-50 elementor-top-column elementor-element elementor-element-fe234e8\" data-id=\"fe234e8\" data-element_type=\"column\" data-e-type=\"column\">\n\t\t\t<div class=\"elementor-widget-wrap elementor-element-populated\">\n\t\t\t\t\t\t<div class=\"elementor-element elementor-element-2b79f93 elementor-widget elementor-widget-image\" data-id=\"2b79f93\" data-element_type=\"widget\" data-e-type=\"widget\" loading=\"lazy\" data-widget_type=\"image.default\">\n\t\t\t\t<div class=\"elementor-widget-container\">\n\t\t\t\t\t\t\t\t\t\t\t\t\t\t\t<img loading=\"lazy\" decoding=\"async\" width=\"640\" height=\"426\" src=\"https:\/\/beilstein-mosel.de\/wp-content\/uploads\/2021\/09\/electric-car-734574_640.jpg\" class=\"attachment-full size-full wp-image-6236\" alt=\"\" srcset=\"https:\/\/beilstein-mosel.de\/wp-content\/uploads\/2021\/09\/electric-car-734574_640.jpg 640w, https:\/\/beilstein-mosel.de\/wp-content\/uploads\/2021\/09\/electric-car-734574_640-600x399.jpg 600w, https:\/\/beilstein-mosel.de\/wp-content\/uploads\/2021\/09\/electric-car-734574_640-300x200.jpg 300w, https:\/\/beilstein-mosel.de\/wp-content\/uploads\/2021\/09\/electric-car-734574_640-391x260.jpg 391w, https:\/\/beilstein-mosel.de\/wp-content\/uploads\/2021\/09\/electric-car-734574_640-18x12.jpg 18w\" sizes=\"(max-width: 640px) 100vw, 640px\" \/>\t\t\t\t\t\t\t\t\t\t\t\t\t\t\t<\/div>\n\t\t\t\t<\/div>\n\t\t\t\t\t<\/div>\n\t\t<\/div>\n\t\t\t\t\t<\/div>\n\t\t<\/section>\n\t\t\t\t<\/div>\n\t\t        <\/div>\n        <\/div>                <\/div>\n\n            <\/div>\n        \t\t\t\t<\/div>\n\t\t\t\t<\/div>\n\t\t\t\t<\/div>\n\t\t\t\t\t<\/div>\n\t\t\t\t<\/section>\n\t\t\t\t<\/div>\n\t\t","protected":false},"excerpt":{"rendered":"<p>Freizeit Radfahren Wandern Stadtf\u00fchrungen Schiffsausfl\u00fcge Burgen Schwimmen Ausfl\u00fcge Ladestation Das Fahrrad ein beliebtes Verkehrsmittel an der Mosel. Damit kommen Sie \u00fcberall hin. Ein gut ausgebautes wie ausgeschildertes Radwegenetz sorgt f\u00fcr eine erstklassige Erkundung der Mosellandschaft. Das ist Erholung pur.Kein Fahrrad dabei? Kein Problem! der ortsans\u00e4ssige Fahrrad \u2013 Verleiher r\u00fcckt gerne einen fahrbaren Untersatz f\u00fcr Sie [&hellip;]<\/p>\n","protected":false},"author":1,"featured_media":0,"parent":0,"menu_order":0,"comment_status":"closed","ping_status":"closed","template":"elementor_header_footer","meta":{"_monsterinsights_skip_tracking":false,"_monsterinsights_sitenote_active":false,"_monsterinsights_sitenote_note":"","_monsterinsights_sitenote_category":0,"footnotes":""},"class_list":["post-5813","page","type-page","status-publish","hentry"],"_links":{"self":[{"href":"http:\/\/beilstein-mosel.de\/en\/wp-json\/wp\/v2\/pages\/5813","targetHints":{"allow":["GET"]}}],"collection":[{"href":"http:\/\/beilstein-mosel.de\/en\/wp-json\/wp\/v2\/pages"}],"about":[{"href":"http:\/\/beilstein-mosel.de\/en\/wp-json\/wp\/v2\/types\/page"}],"author":[{"embeddable":true,"href":"http:\/\/beilstein-mosel.de\/en\/wp-json\/wp\/v2\/users\/1"}],"replies":[{"embeddable":true,"href":"http:\/\/beilstein-mosel.de\/en\/wp-json\/wp\/v2\/comments?post=5813"}],"version-history":[{"count":19,"href":"http:\/\/beilstein-mosel.de\/en\/wp-json\/wp\/v2\/pages\/5813\/revisions"}],"predecessor-version":[{"id":7058,"href":"http:\/\/beilstein-mosel.de\/en\/wp-json\/wp\/v2\/pages\/5813\/revisions\/7058"}],"wp:attachment":[{"href":"http:\/\/beilstein-mosel.de\/en\/wp-json\/wp\/v2\/media?parent=5813"}],"curies":[{"name":"wp","href":"https:\/\/api.w.org\/{rel}","templated":true}]}}